{"id":35087,"date":"2023-03-08T09:01:33","date_gmt":"2023-03-08T13:01:33","guid":{"rendered":"http:\/\/fundacionclec.org\/actividades-2023\/"},"modified":"2024-01-31T12:03:47","modified_gmt":"2024-01-31T16:03:47","slug":"anos-anteriores","status":"publish","type":"page","link":"https:\/\/fundacionclec.org\/pt-br\/anos-anteriores\/","title":{"rendered":"Atividades 2023"},"content":{"rendered":"<div class=\"wpb-content-wrapper\"><p>[vc_row][vc_column]\r\n\r\n\t<div class=\"sh-heading sh-heading-style1\" id=\"heading-u9eja6nhmT\">\r\n\t\t<h1 class=\"sh-heading-content size-xxxxl\">\r\n\t\t\t<\/span>\n<span style=\"text-align: center;\">ATIVIDADES 2023<\/span>\n<span>\t\t<\/h1>\r\n\t<\/div>\r\n\r\n            <style type=\"text\/css\">\r\n                #heading-u9eja6nhmT {margin: 0px 0px 35px 0px;}#heading-u9eja6nhmT .sh-heading-content strong,#heading-u9eja6nhmT .sh-heading-additional-text strong {font-weight: 200!important;}#heading-u9eja6nhmT .sh-heading-content {font-weight: 400!important;color: #224098;}            <\/style>\r\n        [\/vc_column][\/vc_row][vc_row css_animation=&#8221;fadeIn&#8221; overflow=&#8221;default&#8221; css=&#8221;.vc_custom_1678286742926{margin-bottom: 20px !important;border-top-width: 2px !important;border-right-width: 2px !important;border-bottom-width: 2px !important;border-left-width: 2px !important;background-color: #ffffff !important;border-left-color: #e00000 !important;border-left-style: solid !important;border-right-color: #e00000 !important;border-right-style: solid !important;border-top-color: #e00000 !important;border-top-style: solid !important;border-bottom-color: #e00000 !important;border-bottom-style: solid !important;}&#8221; max_width=&#8221;80%&#8221;][vc_column width=&#8221;1\/4&#8243;][vc_custom_heading text=&#8221;Mar\u00e7o&#8221; font_container=&#8221;tag:h3|font_size:40px|text_align:left|color:%23e00000&#8243; use_theme_fonts=&#8221;yes&#8221; css_animation=&#8221;rotateInDownLeft&#8221; css=&#8221;.vc_custom_1678949751824{margin-left: 20px !important;}&#8221;][\/vc_column][vc_column width=&#8221;3\/4&#8243;]\r\n\r\n\t<div class=\"sh-heading sh-heading-style1\" id=\"heading-jK3uzCfDQA\">\r\n\t\t<h6 class=\"sh-heading-content size-s\">\r\n\t\t\t16 e 17 de mar\u00e7o\t\t<\/h6>\r\n\t<\/div>\r\n\r\n            <style type=\"text\/css\">\r\n                #heading-jK3uzCfDQA .sh-heading-content {font-weight: 700!important;color: #e00000;}            <\/style>\r\n        \r\n\r\n\t<div class=\"sh-heading sh-heading-style1\" id=\"heading-fCPLGX93VM\">\r\n\t\t<h5 class=\"sh-heading-content size-m\">\r\n\t\t\t<\/span>\n<span style=\"text-align: left;\">VI Congresso Internacional de Ensino de Chin\u00eas<\/span>\n<span>\t\t<\/h5>\r\n\t<\/div>\r\n\r\n            <style type=\"text\/css\">\r\n                #heading-fCPLGX93VM .sh-heading-content {font-weight: 700!important;color: #e00000;}            <\/style>\r\n        [vc_single_image image=&#8221;35501&#8243; img_size=&#8221;&#8221; add_caption=&#8221;yes&#8221; onclick=&#8221;custom_link&#8221; img_link_target=&#8221;_blank&#8221; css=&#8221;.vc_custom_1681542410157{margin-top: 20px !important;}&#8221; link=&#8221;https:\/\/www.youtube.com\/watch?v=duFe_8HXkNE&#8221;][vc_single_image image=&#8221;35501&#8243; img_size=&#8221;&#8221; add_caption=&#8221;yes&#8221; onclick=&#8221;custom_link&#8221; img_link_target=&#8221;_blank&#8221; css=&#8221;.vc_custom_1681542419356{margin-top: 20px !important;}&#8221; link=&#8221;https:\/\/www.youtube.com\/watch?v=zYlJrkCGNDk&#8221;][vc_single_image image=&#8221;35501&#8243; img_size=&#8221;&#8221; add_caption=&#8221;yes&#8221; onclick=&#8221;custom_link&#8221; img_link_target=&#8221;_blank&#8221; css=&#8221;.vc_custom_1681542427623{margin-top: 20px !important;}&#8221; link=&#8221;https:\/\/www.youtube.com\/watch?v=dkLLMKY5xjM&#8221;][vc_separator color=&#8221;custom&#8221; align=&#8221;align_left&#8221; el_width=&#8221;60&#8243; css_animation=&#8221;fadeIn&#8221; accent_color=&#8221;#e00000&#8243;]\r\n\r\n\t<div class=\"sh-heading sh-heading-style1\" id=\"heading-Wf1mjHPc5L\">\r\n\t\t<h6 class=\"sh-heading-content size-s\">\r\n\t\t\tQuarta-feira, 29 de mar\u00e7o, 11:00 am hor\u00e1rio do Chile\t\t<\/h6>\r\n\t<\/div>\r\n\r\n            <style type=\"text\/css\">\r\n                #heading-Wf1mjHPc5L .sh-heading-content {font-weight: 700!important;color: #e00000;}            <\/style>\r\n        \r\n\r\n\t<div class=\"sh-heading sh-heading-style1\" id=\"heading-h3lio2wjXD\">\r\n\t\t<h5 class=\"sh-heading-content size-m\">\r\n\t\t\tSemin\u00e1rio sobre inova\u00e7\u00e3o no ensino da l\u00edngua chinesa online\t\t<\/h5>\r\n\t<\/div>\r\n\r\n            <style type=\"text\/css\">\r\n                #heading-h3lio2wjXD .sh-heading-content {font-weight: 700!important;color: #e00000;}            <\/style>\r\n        [vc_single_image image=&#8221;35501&#8243; img_size=&#8221;&#8221; add_caption=&#8221;yes&#8221; onclick=&#8221;custom_link&#8221; img_link_target=&#8221;_blank&#8221; css=&#8221;.vc_custom_1681542434552{margin-top: 20px !important;}&#8221; link=&#8221;https:\/\/www.youtube.com\/watch?v=ZGIr6JDhpsU&#8221;][\/vc_column][\/vc_row][vc_row css_animation=&#8221;fadeIn&#8221; overflow=&#8221;default&#8221; css=&#8221;.vc_custom_1678286732133{margin-bottom: 20px !important;border-top-width: 2px !important;border-right-width: 2px !important;border-bottom-width: 2px !important;border-left-width: 2px !important;background-color: #ffffff !important;border-left-color: #25225e !important;border-left-style: solid !important;border-right-color: #25225e !important;border-right-style: solid !important;border-top-color: #25225e !important;border-top-style: solid !important;border-bottom-color: #25225e !important;border-bottom-style: solid !important;}&#8221; max_width=&#8221;80%&#8221;][vc_column width=&#8221;1\/4&#8243;][vc_custom_heading text=&#8221;Abril&#8221; font_container=&#8221;tag:h3|font_size:40px|text_align:left|color:%2325225e&#8221; use_theme_fonts=&#8221;yes&#8221; css_animation=&#8221;rotateInDownLeft&#8221; css=&#8221;.vc_custom_1678289498300{margin-left: 20px !important;}&#8221;][\/vc_column][vc_column width=&#8221;3\/4&#8243;]\r\n\r\n\t<div class=\"sh-heading sh-heading-style1\" id=\"heading-D0UcwF7Kbh\">\r\n\t\t<h6 class=\"sh-heading-content size-s\">\r\n\t\t\tQuarta-feira, 12 de abril, 11:00 am hor\u00e1rio Chile\t\t<\/h6>\r\n\t<\/div>\r\n\r\n            <style type=\"text\/css\">\r\n                #heading-D0UcwF7Kbh .sh-heading-content {font-weight: 700!important;color: #25225e;}            <\/style>\r\n        \r\n\r\n\t<div class=\"sh-heading sh-heading-style1\" id=\"heading-MqJCDLQcfo\">\r\n\t\t<h5 class=\"sh-heading-content size-m\">\r\n\t\t\tEletromobilidade + Chin\u00eas\t\t<\/h5>\r\n\t<\/div>\r\n\r\n            <style type=\"text\/css\">\r\n                #heading-MqJCDLQcfo .sh-heading-content {font-weight: 700!important;color: #25225e;}            <\/style>\r\n        [vc_single_image image=&#8221;35501&#8243; img_size=&#8221;&#8221; add_caption=&#8221;yes&#8221; onclick=&#8221;custom_link&#8221; img_link_target=&#8221;_blank&#8221; css=&#8221;.vc_custom_1681725870408{margin-top: 20px !important;}&#8221; link=&#8221;https:\/\/youtu.be\/fkZefi_MAso&#8221;][vc_separator color=&#8221;custom&#8221; align=&#8221;align_left&#8221; el_width=&#8221;60&#8243; css_animation=&#8221;fadeIn&#8221; accent_color=&#8221;#25225e&#8221;]\r\n\r\n\t<div class=\"sh-heading sh-heading-style1\" id=\"heading-wWtCRQKJsB\">\r\n\t\t<h6 class=\"sh-heading-content size-s\">\r\n\t\t\tQuarta-feira, 26 de abril, 10:00 am hor\u00e1rio do Chile\t\t<\/h6>\r\n\t<\/div>\r\n\r\n            <style type=\"text\/css\">\r\n                #heading-wWtCRQKJsB .sh-heading-content {font-weight: 700!important;color: #25225e;}            <\/style>\r\n        \r\n\r\n\t<div class=\"sh-heading sh-heading-style1\" id=\"heading-pxVXAwGM6u\">\r\n\t\t<h5 class=\"sh-heading-content size-m\">\r\n\t\t\tDia Internacional da L\u00edngua Chinesa.<\/span>\n<span>Evento Especial do Dia Internacional da China: Meu Sonho Chin\u00eas.\t\t<\/h5>\r\n\t<\/div>\r\n\r\n            <style type=\"text\/css\">\r\n                #heading-pxVXAwGM6u .sh-heading-content {font-weight: 700!important;color: #25225e;}            <\/style>\r\n        [vc_single_image image=&#8221;35501&#8243; img_size=&#8221;&#8221; add_caption=&#8221;yes&#8221; onclick=&#8221;custom_link&#8221; img_link_target=&#8221;_blank&#8221; css=&#8221;.vc_custom_1683004130033{margin-top: 20px !important;}&#8221; link=&#8221;https:\/\/youtu.be\/Ts28sB2adBI&#8221;][\/vc_column][\/vc_row][vc_row css_animation=&#8221;fadeIn&#8221; overflow=&#8221;default&#8221; css=&#8221;.vc_custom_1678286742926{margin-bottom: 20px !important;border-top-width: 2px !important;border-right-width: 2px !important;border-bottom-width: 2px !important;border-left-width: 2px !important;background-color: #ffffff !important;border-left-color: #e00000 !important;border-left-style: solid !important;border-right-color: #e00000 !important;border-right-style: solid !important;border-top-color: #e00000 !important;border-top-style: solid !important;border-bottom-color: #e00000 !important;border-bottom-style: solid !important;}&#8221; max_width=&#8221;80%&#8221;][vc_column width=&#8221;1\/4&#8243;][vc_custom_heading text=&#8221;Maio&#8221; font_container=&#8221;tag:h3|font_size:40px|text_align:left|color:%23e00000&#8243; use_theme_fonts=&#8221;yes&#8221; css_animation=&#8221;rotateInDownLeft&#8221; css=&#8221;.vc_custom_1678949943238{margin-left: 20px !important;}&#8221;][\/vc_column][vc_column width=&#8221;3\/4&#8243;]\r\n\r\n\t<div class=\"sh-heading sh-heading-style1\" id=\"heading-3VzxNhcWKl\">\r\n\t\t<h6 class=\"sh-heading-content size-s\">\r\n\t\t\tSexta-feira 26 de maio, 10:00 am hor\u00e1rio do Chile\t\t<\/h6>\r\n\t<\/div>\r\n\r\n            <style type=\"text\/css\">\r\n                #heading-3VzxNhcWKl .sh-heading-content {font-weight: 700!important;color: #e00000;}            <\/style>\r\n        \r\n\r\n\t<div class=\"sh-heading sh-heading-style1\" id=\"heading-6D0Cz2gPsX\">\r\n\t\t<h5 class=\"sh-heading-content size-m\">\r\n\t\t\tWorkshop &#8220;Padr\u00f5es internacionais de n\u00edvel de ensino da l\u00edngua chinesa&#8221;\t\t<\/h5>\r\n\t<\/div>\r\n\r\n            <style type=\"text\/css\">\r\n                #heading-6D0Cz2gPsX .sh-heading-content {font-weight: 700!important;color: #e00000;}            <\/style>\r\n        [vc_single_image image=&#8221;35501&#8243; img_size=&#8221;&#8221; onclick=&#8221;custom_link&#8221; img_link_target=&#8221;_blank&#8221; link=&#8221;https:\/\/youtu.be\/F1bqX-ofAvI&#8221; css=&#8221;.vc_custom_1685687448367{margin-top: 20px !important;}&#8221;][vc_separator color=&#8221;custom&#8221; align=&#8221;align_left&#8221; el_width=&#8221;60&#8243; css_animation=&#8221;fadeIn&#8221; accent_color=&#8221;#e00000&#8243;]\r\n\r\n\t<div class=\"sh-heading sh-heading-style1\" id=\"heading-xaLoK4q2gr\">\r\n\t\t<h6 class=\"sh-heading-content size-s\">\r\n\t\t\tQuarta-feira, 31 de maio 10:00 am hor\u00e1rio do Chile\t\t<\/h6>\r\n\t<\/div>\r\n\r\n            <style type=\"text\/css\">\r\n                #heading-xaLoK4q2gr .sh-heading-content {font-weight: 700!important;color: #e00000;}            <\/style>\r\n        \r\n\r\n\t<div class=\"sh-heading sh-heading-style1\" id=\"heading-IqZCk25Fpo\">\r\n\t\t<h5 class=\"sh-heading-content size-m\">\r\n\t\t\tTelecomunica\u00e7\u00f5es + Chin\u00eas\t\t<\/h5>\r\n\t<\/div>\r\n\r\n            <style type=\"text\/css\">\r\n                #heading-IqZCk25Fpo .sh-heading-content {font-weight: 700!important;color: #e00000;}            <\/style>\r\n        [vc_single_image image=&#8221;35501&#8243; img_size=&#8221;&#8221; add_caption=&#8221;yes&#8221; onclick=&#8221;custom_link&#8221; img_link_target=&#8221;_blank&#8221; link=&#8221;https:\/\/www.youtube.com\/watch?v=Jiyi-vV6rnU&#8221; css=&#8221;.vc_custom_1685687476472{margin-top: 20px !important;}&#8221;][\/vc_column][\/vc_row][vc_row css_animation=&#8221;fadeIn&#8221; overflow=&#8221;default&#8221; css=&#8221;.vc_custom_1678286732133{margin-bottom: 20px !important;border-top-width: 2px !important;border-right-width: 2px !important;border-bottom-width: 2px !important;border-left-width: 2px !important;background-color: #ffffff !important;border-left-color: #25225e !important;border-left-style: solid !important;border-right-color: #25225e !important;border-right-style: solid !important;border-top-color: #25225e !important;border-top-style: solid !important;border-bottom-color: #25225e !important;border-bottom-style: solid !important;}&#8221; max_width=&#8221;80%&#8221;][vc_column width=&#8221;1\/4&#8243;][vc_custom_heading text=&#8221;Junho&#8221; font_container=&#8221;tag:h3|font_size:40px|text_align:left|color:%2325225e&#8221; use_theme_fonts=&#8221;yes&#8221; css_animation=&#8221;rotateInDownLeft&#8221; css=&#8221;.vc_custom_1678950065870{margin-left: 20px !important;}&#8221;][\/vc_column][vc_column width=&#8221;3\/4&#8243;]\r\n\r\n\t<div class=\"sh-heading sh-heading-style1\" id=\"heading-hs53McHmF1\">\r\n\t\t<h6 class=\"sh-heading-content size-s\">\r\n\t\t\tQuarta-feira, 28 de junho, 10:00 hor\u00e1rio do Chile\t\t<\/h6>\r\n\t<\/div>\r\n\r\n            <style type=\"text\/css\">\r\n                #heading-hs53McHmF1 .sh-heading-content {font-weight: 700!important;color: #25225e;}            <\/style>\r\n        \r\n\r\n\t<div class=\"sh-heading sh-heading-style1\" id=\"heading-umfbhLaB0K\">\r\n\t\t<h5 class=\"sh-heading-content size-m\">\r\n\t\t\tSemin\u00e1rio de Cultura Chinesa: Moda contempor\u00e2nea\t\t<\/h5>\r\n\t<\/div>\r\n\r\n            <style type=\"text\/css\">\r\n                #heading-umfbhLaB0K {margin: 0px 0px 35px 0px;}#heading-umfbhLaB0K .sh-heading-content {font-weight: 700!important;color: #25225e;}            <\/style>\r\n        [vc_single_image image=&#8221;35501&#8243; img_size=&#8221;&#8221; add_caption=&#8221;yes&#8221; onclick=&#8221;custom_link&#8221; img_link_target=&#8221;_blank&#8221; css=&#8221;.vc_custom_1688997615479{margin-top: 20px !important;}&#8221; link=&#8221;https:\/\/youtu.be\/mKFXQmbQVZA&#8221;][\/vc_column][\/vc_row][vc_row css_animation=&#8221;fadeIn&#8221; overflow=&#8221;default&#8221; css=&#8221;.vc_custom_1678286742926{margin-bottom: 20px !important;border-top-width: 2px !important;border-right-width: 2px !important;border-bottom-width: 2px !important;border-left-width: 2px !important;background-color: #ffffff !important;border-left-color: #e00000 !important;border-left-style: solid !important;border-right-color: #e00000 !important;border-right-style: solid !important;border-top-color: #e00000 !important;border-top-style: solid !important;border-bottom-color: #e00000 !important;border-bottom-style: solid !important;}&#8221; max_width=&#8221;80%&#8221;][vc_column width=&#8221;1\/4&#8243;][vc_custom_heading text=&#8221;Julho&#8221; font_container=&#8221;tag:h3|font_size:40px|text_align:left|color:%23e00000&#8243; use_theme_fonts=&#8221;yes&#8221; css_animation=&#8221;rotateInDownLeft&#8221; css=&#8221;.vc_custom_1678950126586{margin-left: 20px !important;}&#8221;][\/vc_column][vc_column width=&#8221;3\/4&#8243;]\r\n\r\n\t<div class=\"sh-heading sh-heading-style1\" id=\"heading-oNCchXajFQ\">\r\n\t\t<h6 class=\"sh-heading-content size-s\">\r\n\t\t\t26 de julho\u00a0 21: 30 hor\u00e1rio do Chile GMT-4\t\t<\/h6>\r\n\t<\/div>\r\n\r\n            <style type=\"text\/css\">\r\n                #heading-oNCchXajFQ .sh-heading-content {font-weight: 700!important;color: #e00000;}            <\/style>\r\n        \r\n\r\n\t<div class=\"sh-heading sh-heading-style1\" id=\"heading-fsxPBky7bp\">\r\n\t\t<h5 class=\"sh-heading-content size-m\">\r\n\t\t\tCiclo de Palestras: Oportunidades de estudar na China\t\t<\/h5>\r\n\t<\/div>\r\n\r\n            <style type=\"text\/css\">\r\n                #heading-fsxPBky7bp {margin: 0px 0px 35px 0px;}#heading-fsxPBky7bp .sh-heading-content {font-weight: 700!important;color: #e00000;}            <\/style>\r\n        [vc_single_image image=&#8221;35501&#8243; img_size=&#8221;&#8221; add_caption=&#8221;yes&#8221; onclick=&#8221;custom_link&#8221; img_link_target=&#8221;_blank&#8221; link=&#8221;https:\/\/youtu.be\/v6JwAzHSuuY&#8221; css=&#8221;.vc_custom_1691384084877{margin-top: 20px !important;}&#8221;][\/vc_column][\/vc_row][vc_row css_animation=&#8221;fadeIn&#8221; overflow=&#8221;default&#8221; css=&#8221;.vc_custom_1678286732133{margin-bottom: 20px !important;border-top-width: 2px !important;border-right-width: 2px !important;border-bottom-width: 2px !important;border-left-width: 2px !important;background-color: #ffffff !important;border-left-color: #25225e !important;border-left-style: solid !important;border-right-color: #25225e !important;border-right-style: solid !important;border-top-color: #25225e !important;border-top-style: solid !important;border-bottom-color: #25225e !important;border-bottom-style: solid !important;}&#8221; max_width=&#8221;80%&#8221;][vc_column width=&#8221;1\/4&#8243;][vc_custom_heading text=&#8221;Agosto&#8221; font_container=&#8221;tag:h3|font_size:40px|text_align:left|color:%2325225e&#8221; use_theme_fonts=&#8221;yes&#8221; css_animation=&#8221;rotateInDownLeft&#8221; css=&#8221;.vc_custom_1678289462972{margin-left: 20px !important;}&#8221;][\/vc_column][vc_column width=&#8221;3\/4&#8243;]\r\n\r\n\t<div class=\"sh-heading sh-heading-style1\" id=\"heading-PI1ijVgzGc\">\r\n\t\t<h6 class=\"sh-heading-content size-s\">\r\n\t\t\t30 de Agosto, 10:00 hora do Chile GMT-4\t\t<\/h6>\r\n\t<\/div>\r\n\r\n            <style type=\"text\/css\">\r\n                #heading-PI1ijVgzGc .sh-heading-content {font-weight: 700!important;color: #25225e;}            <\/style>\r\n        \r\n\r\n\t<div class=\"sh-heading sh-heading-style1\" id=\"heading-BdnwlmA13U\">\r\n\t\t<h5 class=\"sh-heading-content size-m\">\r\n\t\t\tConversa de Cinema Chin\u00eas: di\u00e1logos com a Am\u00e9rica Latina\t\t<\/h5>\r\n\t<\/div>\r\n\r\n            <style type=\"text\/css\">\r\n                #heading-BdnwlmA13U {margin: 0px 0px 35px 0px;}#heading-BdnwlmA13U .sh-heading-content {font-weight: 700!important;color: #25225e;}            <\/style>\r\n        [vc_single_image image=&#8221;35501&#8243; img_size=&#8221;&#8221; add_caption=&#8221;yes&#8221; onclick=&#8221;custom_link&#8221; img_link_target=&#8221;_blank&#8221; link=&#8221;https:\/\/youtu.be\/JhK8yaQHC5E&#8221; css=&#8221;.vc_custom_1694410689781{margin-top: 20px !important;}&#8221;][\/vc_column][\/vc_row][vc_row css_animation=&#8221;fadeIn&#8221; overflow=&#8221;default&#8221; css=&#8221;.vc_custom_1678286742926{margin-bottom: 20px !important;border-top-width: 2px !important;border-right-width: 2px !important;border-bottom-width: 2px !important;border-left-width: 2px !important;background-color: #ffffff !important;border-left-color: #e00000 !important;border-left-style: solid !important;border-right-color: #e00000 !important;border-right-style: solid !important;border-top-color: #e00000 !important;border-top-style: solid !important;border-bottom-color: #e00000 !important;border-bottom-style: solid !important;}&#8221; max_width=&#8221;80%&#8221;][vc_column width=&#8221;1\/4&#8243;][vc_custom_heading text=&#8221;Setembro&#8221; font_container=&#8221;tag:h3|font_size:40px|text_align:left|color:%23e00000&#8243; use_theme_fonts=&#8221;yes&#8221; css_animation=&#8221;rotateInDownLeft&#8221; css=&#8221;.vc_custom_1678950165939{margin-left: 20px !important;}&#8221; el_class=&#8221;sept-act&#8221;][\/vc_column][vc_column width=&#8221;3\/4&#8243;]\r\n\r\n\t<div class=\"sh-heading sh-heading-style1\" id=\"heading-tCDQIFZ7Yf\">\r\n\t\t<h5 class=\"sh-heading-content size-m\">\r\n\t\t\tConcurso de L\u00edngua Chinesa para a Am\u00e9rica Latina e o Caribe\t\t<\/h5>\r\n\t<\/div>\r\n\r\n            <style type=\"text\/css\">\r\n                #heading-tCDQIFZ7Yf {margin: 0px 0px 20px 0px;}#heading-tCDQIFZ7Yf .sh-heading-content {font-weight: 700!important;color: #e00000;}            <\/style>\r\n        \r\n\r\n\t<div class=\"sh-heading sh-heading-style1\" id=\"heading-5IACm1uKOf\">\r\n\t\t<h5 class=\"sh-heading-content size-s\">\r\n\t\t\t<a href=\"https:\/\/fundacionclec.org\/pt-br\/anuncio-concurso-de-lingua-chinesa-para-a-america-latina-e-o-caribe\/\"><u>Regras da competi\u00e7\u00e3o<\/u><\/a>\t\t<\/h5>\r\n\t<\/div>\r\n\r\n            <style type=\"text\/css\">\r\n                #heading-5IACm1uKOf {margin: 0px 0px 25px 0px;}#heading-5IACm1uKOf .sh-heading-content strong,#heading-5IACm1uKOf .sh-heading-additional-text strong {font-weight: 300!important;}#heading-5IACm1uKOf .sh-heading-content {font-weight: 300!important;color: #e00000;}            <\/style>\r\n        [vc_separator color=&#8221;custom&#8221; align=&#8221;align_left&#8221; el_width=&#8221;60&#8243; css_animation=&#8221;fadeIn&#8221; accent_color=&#8221;#e00000&#8243;]\r\n\r\n\t<div class=\"sh-heading sh-heading-style1\" id=\"heading-Oga5pKHt6r\">\r\n\t\t<h5 class=\"sh-heading-content size-m\">\r\n\t\t\t2023 Treinamento Online para Professores de L\u00edngua Chinesa em Am\u00e9rica Latina e Caribe\t\t<\/h5>\r\n\t<\/div>\r\n\r\n            <style type=\"text\/css\">\r\n                #heading-Oga5pKHt6r {margin: 0px 0px 20px 0px;}#heading-Oga5pKHt6r .sh-heading-content {font-weight: 700!important;color: #e00000;}            <\/style>\r\n        [vc_single_image image=&#8221;35501&#8243; img_size=&#8221;&#8221; add_caption=&#8221;yes&#8221; onclick=&#8221;custom_link&#8221; img_link_target=&#8221;_blank&#8221; link=&#8221;https:\/\/www.youtube.com\/playlist?list=PL3a6tW-dtvc0ehAjPkPeCed5cmNHIy9Yi&#8221; css=&#8221;.vc_custom_1696230757348{margin-top: 20px !important;}&#8221;][vc_separator color=&#8221;custom&#8221; align=&#8221;align_left&#8221; el_width=&#8221;60&#8243; css_animation=&#8221;fadeIn&#8221; accent_color=&#8221;#e00000&#8243;]\r\n\r\n\t<div class=\"sh-heading sh-heading-style1\" id=\"heading-Lsc1vxqZYF\">\r\n\t\t<h6 class=\"sh-heading-content size-s\">\r\n\t\t\t7 \u00a0de setembro, 8:30, hor\u00e1rio da Cidade do M\u00e9xico\t\t<\/h6>\r\n\t<\/div>\r\n\r\n            <style type=\"text\/css\">\r\n                #heading-Lsc1vxqZYF .sh-heading-content {font-weight: 700!important;color: #e00000;}            <\/style>\r\n        \r\n\r\n\t<div class=\"sh-heading sh-heading-style1\" id=\"heading-WImoU7kFZL\">\r\n\t\t<h5 class=\"sh-heading-content size-m\">\r\n\t\t\tImport\u00e2ncia da L\u00edngua Chinesa: Papel dos Institutos Conf\u00facio no ensino no M\u00e9xico e na Am\u00e9rica Latina\t\t<\/h5>\r\n\t<\/div>\r\n\r\n            <style type=\"text\/css\">\r\n                #heading-WImoU7kFZL {margin: 0px 0px 35px 0px;}#heading-WImoU7kFZL .sh-heading-content {font-weight: 700!important;color: #e00000;}            <\/style>\r\n        [vc_single_image image=&#8221;35501&#8243; img_size=&#8221;&#8221; add_caption=&#8221;yes&#8221; onclick=&#8221;custom_link&#8221; img_link_target=&#8221;_blank&#8221; link=&#8221;https:\/\/www.facebook.com\/pueaaunammx\/videos\/171813262608275\/?extid=CL-UNK-UNK-UNK-AN_GK0T-GK1C&amp;mibextid=TFl8gu&#8221; css=&#8221;.vc_custom_1694411340367{margin-top: 20px !important;}&#8221;][\/vc_column][\/vc_row][vc_row css_animation=&#8221;fadeIn&#8221; overflow=&#8221;default&#8221; css=&#8221;.vc_custom_1678286732133{margin-bottom: 20px !important;border-top-width: 2px !important;border-right-width: 2px !important;border-bottom-width: 2px !important;border-left-width: 2px !important;background-color: #ffffff !important;border-left-color: #25225e !important;border-left-style: solid !important;border-right-color: #25225e !important;border-right-style: solid !important;border-top-color: #25225e !important;border-top-style: solid !important;border-bottom-color: #25225e !important;border-bottom-style: solid !important;}&#8221; max_width=&#8221;80%&#8221;][vc_column width=&#8221;1\/4&#8243;][vc_custom_heading text=&#8221;Outubro&#8221; font_container=&#8221;tag:h3|font_size:40px|text_align:left|color:%2325225e&#8221; use_theme_fonts=&#8221;yes&#8221; css_animation=&#8221;rotateInDownLeft&#8221; css=&#8221;.vc_custom_1678950271221{margin-left: 20px !important;}&#8221;][\/vc_column][vc_column width=&#8221;3\/4&#8243;]\r\n\r\n\t<div class=\"sh-heading sh-heading-style1\" id=\"heading-H5KjG6VqQJ\">\r\n\t\t<h6 class=\"sh-heading-content size-s\">\r\n\t\t\tQuarta-feira, 11 de outubro, 10h00, hor\u00e1rio do Chile\t\t<\/h6>\r\n\t<\/div>\r\n\r\n            <style type=\"text\/css\">\r\n                #heading-H5KjG6VqQJ .sh-heading-content {font-weight: 700!important;color: #25225e;}            <\/style>\r\n        \r\n\r\n\t<div class=\"sh-heading sh-heading-style1\" id=\"heading-WZ0Btkm4Jh\">\r\n\t\t<h5 class=\"sh-heading-content size-m\">\r\n\t\t\tAn\u00fancio Vencedores do Concurso de L\u00edngua Chinesa para a Am\u00e9rica Latina e o Caribe\t\t<\/h5>\r\n\t<\/div>\r\n\r\n            <style type=\"text\/css\">\r\n                #heading-WZ0Btkm4Jh {margin: 0px 0px 25px 0px;}#heading-WZ0Btkm4Jh .sh-heading-content {font-weight: 700!important;color: #25225e;}            <\/style>\r\n        [vc_single_image image=&#8221;35501&#8243; img_size=&#8221;&#8221; add_caption=&#8221;yes&#8221; onclick=&#8221;custom_link&#8221; img_link_target=&#8221;_blank&#8221; css=&#8221;.vc_custom_1697271126016{margin-top: 20px !important;}&#8221; link=&#8221;https:\/\/www.youtube.com\/watch?v=dKziDSAm9dE&#8221;][\/vc_column][\/vc_row][vc_row css_animation=&#8221;fadeIn&#8221; overflow=&#8221;default&#8221; css=&#8221;.vc_custom_1678286742926{margin-bottom: 20px !important;border-top-width: 2px !important;border-right-width: 2px !important;border-bottom-width: 2px !important;border-left-width: 2px !important;background-color: #ffffff !important;border-left-color: #e00000 !important;border-left-style: solid !important;border-right-color: #e00000 !important;border-right-style: solid !important;border-top-color: #e00000 !important;border-top-style: solid !important;border-bottom-color: #e00000 !important;border-bottom-style: solid !important;}&#8221; max_width=&#8221;80%&#8221;][vc_column width=&#8221;1\/4&#8243;][vc_custom_heading text=&#8221;Novembro&#8221; font_container=&#8221;tag:h3|font_size:40px|text_align:left|color:%23e00000&#8243; use_theme_fonts=&#8221;yes&#8221; css_animation=&#8221;rotateInDownLeft&#8221; css=&#8221;.vc_custom_1678950311555{margin-left: 20px !important;}&#8221; el_class=&#8221;sept-act&#8221;][\/vc_column][vc_column width=&#8221;3\/4&#8243;]\r\n\r\n\t<div class=\"sh-heading sh-heading-style1\" id=\"heading-F1LtMfz5va\">\r\n\t\t<h6 class=\"sh-heading-content size-s\">\r\n\t\t\tTer\u00e7a, quinta e sexta-feira, entre 7 e 23 de novembro, na Am\u00e9rica Latina e no Caribe.<br \/>\n\t\t<\/h6>\r\n\t<\/div>\r\n\r\n            <style type=\"text\/css\">\r\n                #heading-F1LtMfz5va .sh-heading-content {font-weight: 700!important;color: #e00000;}            <\/style>\r\n        \r\n\r\n\t<div class=\"sh-heading sh-heading-style1\" id=\"heading-nvCwGkPMtQ\">\r\n\t\t<h5 class=\"sh-heading-content size-m\">\r\n\t\t\tChin\u00eas + cultura tur\u00edstica &#8211; Workshop Online para Am\u00e9rica Latina e Caribe\t\t<\/h5>\r\n\t<\/div>\r\n\r\n            <style type=\"text\/css\">\r\n                #heading-nvCwGkPMtQ {margin: 0px 0px 35px 0px;}#heading-nvCwGkPMtQ .sh-heading-content {font-weight: 700!important;color: #e00000;}            <\/style>\r\n        [vc_single_image image=&#8221;35501&#8243; img_size=&#8221;&#8221; add_caption=&#8221;yes&#8221; onclick=&#8221;custom_link&#8221; img_link_target=&#8221;_blank&#8221; css=&#8221;.vc_custom_1701066843288{margin-top: 20px !important;}&#8221; link=&#8221;https:\/\/www.youtube.com\/playlist?list=PL3a6tW-dtvc2t0DIlBQHYG7amLLVbJC8o&#8221;][vc_separator color=&#8221;custom&#8221; align=&#8221;align_left&#8221; el_width=&#8221;60&#8243; css_animation=&#8221;fadeIn&#8221; accent_color=&#8221;#25225e&#8221;]\r\n\r\n\t<div class=\"sh-heading sh-heading-style1\" id=\"heading-G8vyD2jb14\">\r\n\t\t<h5 class=\"sh-heading-content size-m\">\r\n\t\t\tIV Confer\u00eancia Internacional China e Am\u00e9rica Latina:<\/span>\n<span>&#8220;Abordagens Multidisciplinares&#8221; (CEPAL)\t\t<\/h5>\r\n\t<\/div>\r\n\r\n            <style type=\"text\/css\">\r\n                #heading-G8vyD2jb14 {margin: 0px 0px 25px 0px;}#heading-G8vyD2jb14 .sh-heading-content {font-weight: 700!important;color: #e00000;}            <\/style>\r\n        [\/vc_column][\/vc_row][vc_row css_animation=&#8221;fadeIn&#8221; overflow=&#8221;default&#8221; css=&#8221;.vc_custom_1678286732133{margin-bottom: 20px !important;border-top-width: 2px !important;border-right-width: 2px !important;border-bottom-width: 2px !important;border-left-width: 2px !important;background-color: #ffffff !important;border-left-color: #25225e !important;border-left-style: solid !important;border-right-color: #25225e !important;border-right-style: solid !important;border-top-color: #25225e !important;border-top-style: solid !important;border-bottom-color: #25225e !important;border-bottom-style: solid !important;}&#8221; max_width=&#8221;80%&#8221;][vc_column width=&#8221;1\/4&#8243;][vc_custom_heading text=&#8221;Dezembro&#8221; font_container=&#8221;tag:h3|font_size:40px|text_align:left|color:%2325225e&#8221; use_theme_fonts=&#8221;yes&#8221; css_animation=&#8221;rotateInDownLeft&#8221; css=&#8221;.vc_custom_1678950318550{margin-left: 20px !important;}&#8221;][\/vc_column][vc_column width=&#8221;3\/4&#8243;]\r\n\r\n\t<div class=\"sh-heading sh-heading-style1\" id=\"heading-ai7f1RJjkd\">\r\n\t\t<h6 class=\"sh-heading-content size-s\">\r\n\t\t\t14\u00a0dezembro 12:00 GMT-3\t\t<\/h6>\r\n\t<\/div>\r\n\r\n            <style type=\"text\/css\">\r\n                #heading-ai7f1RJjkd {margin: 0px 0px 0px 0px;}#heading-ai7f1RJjkd .sh-heading-content {font-weight: 700!important;color: #25225e;}            <\/style>\r\n        \r\n\r\n\t<div class=\"sh-heading sh-heading-style1\" id=\"heading-Bu8zMEgNiJ\">\r\n\t\t<h5 class=\"sh-heading-content size-m\">\r\n\t\t\tChin\u00eas + Design multim\u00eddia\t\t<\/h5>\r\n\t<\/div>\r\n\r\n            <style type=\"text\/css\">\r\n                #heading-Bu8zMEgNiJ {margin: 0px 0px 35px 0px;}#heading-Bu8zMEgNiJ .sh-heading-content {font-weight: 700!important;color: #25225e;}            <\/style>\r\n        [vc_single_image image=&#8221;35460&#8243; img_size=&#8221;&#8221; add_caption=&#8221;yes&#8221; onclick=&#8221;custom_link&#8221; img_link_target=&#8221;_blank&#8221; css=&#8221;.vc_custom_1706717025226{margin-top: 20px !important;}&#8221; link=&#8221;https:\/\/www.youtube.com\/watch?v=kzwnDdDsJ4Q&#8221;][\/vc_column][\/vc_row]<\/p>\n<\/div>","protected":false},"excerpt":{"rendered":"<p>[vc_row][vc_column] ATIVIDADES 2023 [\/vc_column][\/vc_row][vc_row css_animation=&#8221;fadeIn&#8221; overflow=&#8221;default&#8221; css=&#8221;.vc_custom_1678286742926{margin-bottom: 20px !important;border-top-width: 2px !important;border-right-width: 2px !important;border-bottom-width: 2px !important;border-left-width: 2px !important;background-color: #ffffff !important;border-left-color: #e00000 !important;border-left-style: solid !important;border-right-color: #e00000 !important;border-right-style: solid !important;border-top-color: #e00000 !important;border-top-style: solid !important;border-bottom-color: #e00000 !important;border-bottom-style: solid !important;}&#8221; max_width=&#8221;80%&#8221;][vc_column width=&#8221;1\/4&#8243;][vc_custom_heading text=&#8221;Mar\u00e7o&#8221; font_container=&#8221;tag:h3|font_size:40px|text_align:left|color:%23e00000&#8243; use_theme_fonts=&#8221;yes&#8221; css_animation=&#8221;rotateInDownLeft&#8221; css=&#8221;.vc_custom_1678949751824{margin-left: 20px !important;}&#8221;][\/vc_column][vc_column width=&#8221;3\/4&#8243;]&#8230;<\/p>\n","protected":false},"author":1,"featured_media":0,"parent":0,"menu_order":0,"comment_status":"closed","ping_status":"closed","template":"","meta":{"inline_featured_image":false,"_exactmetrics_skip_tracking":false,"_exactmetrics_sitenote_active":false,"_exactmetrics_sitenote_note":"","_exactmetrics_sitenote_category":0,"footnotes":""},"class_list":["post-35087","page","type-page","status-publish","hentry"],"amp_enabled":true,"_links":{"self":[{"href":"https:\/\/fundacionclec.org\/pt-br\/wp-json\/wp\/v2\/pages\/35087","targetHints":{"allow":["GET"]}}],"collection":[{"href":"https:\/\/fundacionclec.org\/pt-br\/wp-json\/wp\/v2\/pages"}],"about":[{"href":"https:\/\/fundacionclec.org\/pt-br\/wp-json\/wp\/v2\/types\/page"}],"author":[{"embeddable":true,"href":"https:\/\/fundacionclec.org\/pt-br\/wp-json\/wp\/v2\/users\/1"}],"replies":[{"embeddable":true,"href":"https:\/\/fundacionclec.org\/pt-br\/wp-json\/wp\/v2\/comments?post=35087"}],"version-history":[{"count":51,"href":"https:\/\/fundacionclec.org\/pt-br\/wp-json\/wp\/v2\/pages\/35087\/revisions"}],"predecessor-version":[{"id":38104,"href":"https:\/\/fundacionclec.org\/pt-br\/wp-json\/wp\/v2\/pages\/35087\/revisions\/38104"}],"wp:attachment":[{"href":"https:\/\/fundacionclec.org\/pt-br\/wp-json\/wp\/v2\/media?parent=35087"}],"curies":[{"name":"wp","href":"https:\/\/api.w.org\/{rel}","templated":true}]}}