{"id":35331,"date":"2020-05-30T23:15:49","date_gmt":"2020-05-31T03:15:49","guid":{"rendered":"https:\/\/fundacionclec.org\/noticias\/"},"modified":"2023-04-24T10:52:53","modified_gmt":"2023-04-24T14:52:53","slug":"noticias","status":"publish","type":"page","link":"https:\/\/fundacionclec.org\/en\/noticias\/","title":{"rendered":"Noticias"},"content":{"rendered":"<div class=\"wpb-content-wrapper\"><p>[vc_row][vc_column][vc_column_text css=&#8221;.vc_custom_1682347974827{margin-top: 50px !important;margin-bottom: 30px !important;}&#8221;]<\/p>\n<h1 style=\"text-align: center;\">News<\/h1>\n<p>[\/vc_column_text]\r\n\r\n\r\n\r\n<div class=\"sh-recent-posts\" id=\"recent-posts-K6ievbWuhP\" data-id=\"3\">\r\n\r\n\t\t\r\n\t<div class=\"sh-group blog-list blog-style-masonry\">\r\n\t\t\r\n\t<article id=\"post-42291\" class=\"post-item post-42291 post type-post status-publish format-standard has-post-thumbnail hentry category-news\" itemscope=\"itemscope\" itemtype=\"http:\/\/schema.org\/Article\">\r\n\t\t<div class=\"post-container\">\r\n\t\t\t\r\n\t\t\t<div class=\"post-meta-thumb\">\r\n\t\t\t\t\t\t\t\t\r\n\t\t\t\t\r\n\t\t\t\t\t<div class=\"ratio-container\" style=\"padding-top: 100%;\">\r\n\t\t\t\t\t\t<div class=\"ratio-content\">\r\n\t\t\t\t\t\t\t<img class=\"sh-image-url lazy\" data-src=\"https:\/\/fundacionclec.org\/wp-content\/uploads\/2026\/04\/CLEC_HSK-cover-img.jpg\" alt=\"\" \/>\r\n\t\t\t\t\t\t<\/div>\r\n\t\t\t\t\t<\/div>\r\n\r\n\t\t\t\t\r\n\t\t\t\t\r\n        <div class=\"sh-overlay-style1\">\r\n            <div class=\"sh-table-full\">\r\n                                    <a href=\"https:\/\/fundacionclec.org\/en\/the-global-trial-phase-of-the-hsk-3-0-exam-has-begun\/\" class=\"sh-overlay-item sh-table-cell\" title=\"Open the article - The global trial phase of the HSK 3.0 exam has begun!\">\r\n                        <div class=\"sh-overlay-item-container\">\r\n                            <i class=\"icon-link\"><\/i>\r\n                        <\/div>\r\n                    <\/a>\r\n                \r\n                                    <a href=\"https:\/\/fundacionclec.org\/wp-content\/uploads\/2026\/04\/CLEC_HSK-cover-img.jpg\" class=\"sh-overlay-item sh-table-cell\" data-rel=\"lightcase\">\r\n                        <div class=\"sh-overlay-item-container\">\r\n                            <i class=\"icon-magnifier-add\"><\/i>\r\n                        <\/div>\r\n                    <\/a>\r\n                            <\/div>\r\n        <\/div>\r\n\r\n    \t\t\t<\/div>\r\n\r\n\t\t\t<div class=\"post-content-container\">\r\n\t\t\t\t<a href=\"https:\/\/fundacionclec.org\/en\/the-global-trial-phase-of-the-hsk-3-0-exam-has-begun\/\" class=\"post-title\">\r\n\t\t\t\t\t<h2 itemprop=\"headline\">\r\n\t\t\t\t\t\t\t\t\t\t\t\tThe global trial phase of the HSK 3.0 exam has begun!\t\t\t\t\t<\/h2>\r\n\t\t\t\t<\/a>\r\n\r\n\t\t\t\t<div class=\"post-meta post-meta-one\">\r\n\t\t\t\t\t\r\n        \r\n            <span class=\"post-meta-author\">\r\n                by                                    <a href=\"https:\/\/fundacionclec.org\/en\/author\/crical\/\" class=\"bypostauthor\" itemprop=\"url\" rel=\"author\">\r\n                        CLEC                    <\/a>\r\n                            <\/span>\r\n\r\n        \r\n        \r\n        \r\n    \t\t\t\t<\/div>\r\n\r\n\t\t\t\t<div class=\"post-content\" itemprop=\"text\">\r\n\t\t\t\t\t<p>The information provided above is for reference purposes only. For more details, please visit the official website: www.chinesetest.cn In order to meet the international needs of Chinese language learners and continuously optimize the HSK exam content, the trial phase of HSK 3.0 began on January&#8230;<\/p>\n\t\t\t\t<\/div>\r\n\r\n\t\t\t\t<div class=\"post-meta post-meta-two\">\r\n\t\t\t\t\t\r\n        <div class=\"sh-columns post-meta-comments\">\r\n            <span class=\"post-meta-categories\">\r\n                <i class=\"icon-tag\"><\/i>\r\n                <a href=\"https:\/\/fundacionclec.org\/en\/category\/news\/\" rel=\"category tag\">News<\/a>            <\/span>\r\n\r\n                            <div><\/div>\r\n                    <\/div>\r\n\r\n    \t\t\t\t<\/div>\r\n\t\t\t<\/div>\r\n\r\n\t\t<\/div>\r\n\t<\/article>\r\n\r\n\r\n\r\n\t<article id=\"post-42222\" class=\"post-item post-42222 post type-post status-publish format-standard has-post-thumbnail hentry category-cap-en category-news\" itemscope=\"itemscope\" itemtype=\"http:\/\/schema.org\/Article\">\r\n\t\t<div class=\"post-container\">\r\n\t\t\t\r\n\t\t\t<div class=\"post-meta-thumb\">\r\n\t\t\t\t\t\t\t\t\r\n\t\t\t\t\r\n\t\t\t\t\t<div class=\"ratio-container\" style=\"padding-top: 100%;\">\r\n\t\t\t\t\t\t<div class=\"ratio-content\">\r\n\t\t\t\t\t\t\t<img class=\"sh-image-url lazy\" data-src=\"https:\/\/fundacionclec.org\/wp-content\/uploads\/2025\/12\/poster-1-cover.jpg\" alt=\"\" \/>\r\n\t\t\t\t\t\t<\/div>\r\n\t\t\t\t\t<\/div>\r\n\r\n\t\t\t\t\r\n\t\t\t\t\r\n        <div class=\"sh-overlay-style1\">\r\n            <div class=\"sh-table-full\">\r\n                                    <a href=\"https:\/\/fundacionclec.org\/en\/7th-international-conference-on-chinese-language-teaching-ciech\/\" class=\"sh-overlay-item sh-table-cell\" title=\"Open the article - 7th International Conference on Chinese Language Teaching (CIECh)\">\r\n                        <div class=\"sh-overlay-item-container\">\r\n                            <i class=\"icon-link\"><\/i>\r\n                        <\/div>\r\n                    <\/a>\r\n                \r\n                                    <a href=\"https:\/\/fundacionclec.org\/wp-content\/uploads\/2025\/12\/poster-1-cover.jpg\" class=\"sh-overlay-item sh-table-cell\" data-rel=\"lightcase\">\r\n                        <div class=\"sh-overlay-item-container\">\r\n                            <i class=\"icon-magnifier-add\"><\/i>\r\n                        <\/div>\r\n                    <\/a>\r\n                            <\/div>\r\n        <\/div>\r\n\r\n    \t\t\t<\/div>\r\n\r\n\t\t\t<div class=\"post-content-container\">\r\n\t\t\t\t<a href=\"https:\/\/fundacionclec.org\/en\/7th-international-conference-on-chinese-language-teaching-ciech\/\" class=\"post-title\">\r\n\t\t\t\t\t<h2 itemprop=\"headline\">\r\n\t\t\t\t\t\t\t\t\t\t\t\t7th International Conference on Chinese Language Teaching (CIECh)\t\t\t\t\t<\/h2>\r\n\t\t\t\t<\/a>\r\n\r\n\t\t\t\t<div class=\"post-meta post-meta-one\">\r\n\t\t\t\t\t\r\n        \r\n            <span class=\"post-meta-author\">\r\n                by                                    <a href=\"https:\/\/fundacionclec.org\/en\/author\/crical\/\" class=\"bypostauthor\" itemprop=\"url\" rel=\"author\">\r\n                        CLEC                    <\/a>\r\n                            <\/span>\r\n\r\n        \r\n        \r\n        \r\n    \t\t\t\t<\/div>\r\n\r\n\t\t\t\t<div class=\"post-content\" itemprop=\"text\">\r\n\t\t\t\t\t<p>Second Call for Papers Dear colleagues, We are pleased to greet you and share the Second Call for Proposals for the 7th International Conference on Chinese Language Teaching (CIECh). Our updated website\u2014where you may register and consult past and current information\u2014is available at: https:\/\/sites.google.com\/enallt.unam.mx\/congreso-int-ensenanza-chino Proposals&#8230;<\/p>\n\t\t\t\t<\/div>\r\n\r\n\t\t\t\t<div class=\"post-meta post-meta-two\">\r\n\t\t\t\t\t\r\n        <div class=\"sh-columns post-meta-comments\">\r\n            <span class=\"post-meta-categories\">\r\n                <i class=\"icon-tag\"><\/i>\r\n                <a href=\"https:\/\/fundacionclec.org\/en\/category\/cap-en\/\" rel=\"category tag\">cap-en<\/a>, <a href=\"https:\/\/fundacionclec.org\/en\/category\/news\/\" rel=\"category tag\">News<\/a>            <\/span>\r\n\r\n                            <div><\/div>\r\n                    <\/div>\r\n\r\n    \t\t\t\t<\/div>\r\n\t\t\t<\/div>\r\n\r\n\t\t<\/div>\r\n\t<\/article>\r\n\r\n\r\n\r\n\t<article id=\"post-42128\" class=\"post-item post-42128 post type-post status-publish format-standard has-post-thumbnail hentry category-cap-en category-news category-noticias-en\" itemscope=\"itemscope\" itemtype=\"http:\/\/schema.org\/Article\">\r\n\t\t<div class=\"post-container\">\r\n\t\t\t\r\n\t\t\t<div class=\"post-meta-thumb\">\r\n\t\t\t\t\t\t\t\t\r\n\t\t\t\t\r\n\t\t\t\t\t<div class=\"ratio-container\" style=\"padding-top: 125%;\">\r\n\t\t\t\t\t\t<div class=\"ratio-content\">\r\n\t\t\t\t\t\t\t<img class=\"sh-image-url lazy\" data-src=\"https:\/\/fundacionclec.org\/wp-content\/uploads\/2023\/01\/clec.jpg\" alt=\"\" \/>\r\n\t\t\t\t\t\t<\/div>\r\n\t\t\t\t\t<\/div>\r\n\r\n\t\t\t\t\r\n\t\t\t\t\r\n        <div class=\"sh-overlay-style1\">\r\n            <div class=\"sh-table-full\">\r\n                                    <a href=\"https:\/\/fundacionclec.org\/en\/vii-international-congress-on-chinese-teaching\/\" class=\"sh-overlay-item sh-table-cell\" title=\"Open the article - VII International Congress on Chinese Teaching\">\r\n                        <div class=\"sh-overlay-item-container\">\r\n                            <i class=\"icon-link\"><\/i>\r\n                        <\/div>\r\n                    <\/a>\r\n                \r\n                                    <a href=\"https:\/\/fundacionclec.org\/wp-content\/uploads\/2023\/01\/clec.jpg\" class=\"sh-overlay-item sh-table-cell\" data-rel=\"lightcase\">\r\n                        <div class=\"sh-overlay-item-container\">\r\n                            <i class=\"icon-magnifier-add\"><\/i>\r\n                        <\/div>\r\n                    <\/a>\r\n                            <\/div>\r\n        <\/div>\r\n\r\n    \t\t\t<\/div>\r\n\r\n\t\t\t<div class=\"post-content-container\">\r\n\t\t\t\t<a href=\"https:\/\/fundacionclec.org\/en\/vii-international-congress-on-chinese-teaching\/\" class=\"post-title\">\r\n\t\t\t\t\t<h2 itemprop=\"headline\">\r\n\t\t\t\t\t\t\t\t\t\t\t\tVII International Congress on Chinese Teaching\t\t\t\t\t<\/h2>\r\n\t\t\t\t<\/a>\r\n\r\n\t\t\t\t<div class=\"post-meta post-meta-one\">\r\n\t\t\t\t\t\r\n        \r\n            <span class=\"post-meta-author\">\r\n                by                                    <a href=\"https:\/\/fundacionclec.org\/en\/author\/crical\/\" class=\"bypostauthor\" itemprop=\"url\" rel=\"author\">\r\n                        CLEC                    <\/a>\r\n                            <\/span>\r\n\r\n        \r\n        \r\n        \r\n    \t\t\t\t<\/div>\r\n\r\n\t\t\t\t<div class=\"post-content\" itemprop=\"text\">\r\n\t\t\t\t\t<p>First call Gentlemen: We are pleased to greet you and send you the&nbsp;First Call&nbsp;of the &#8220;VII International Congress of Chinese Teaching (CIECh)&#8220;. The aim of this Congress is to provide a platform for exchange and cooperation around the teaching and research of the Chinese language&#8230;.<\/p>\n\t\t\t\t<\/div>\r\n\r\n\t\t\t\t<div class=\"post-meta post-meta-two\">\r\n\t\t\t\t\t\r\n        <div class=\"sh-columns post-meta-comments\">\r\n            <span class=\"post-meta-categories\">\r\n                <i class=\"icon-tag\"><\/i>\r\n                <a href=\"https:\/\/fundacionclec.org\/en\/category\/cap-en\/\" rel=\"category tag\">cap-en<\/a>, <a href=\"https:\/\/fundacionclec.org\/en\/category\/news\/\" rel=\"category tag\">News<\/a>, <a href=\"https:\/\/fundacionclec.org\/en\/category\/noticias-en\/\" rel=\"category tag\">Noticias<\/a>            <\/span>\r\n\r\n                            <div><\/div>\r\n                    <\/div>\r\n\r\n    \t\t\t\t<\/div>\r\n\t\t\t<\/div>\r\n\r\n\t\t<\/div>\r\n\t<\/article>\r\n\r\n\r\n\r\n\t<article id=\"post-42020\" class=\"post-item post-42020 post type-post status-publish format-standard has-post-thumbnail hentry category-news\" itemscope=\"itemscope\" itemtype=\"http:\/\/schema.org\/Article\">\r\n\t\t<div class=\"post-container\">\r\n\t\t\t\r\n\t\t\t<div class=\"post-meta-thumb\">\r\n\t\t\t\t\t\t\t\t\r\n\t\t\t\t\r\n\t\t\t\t\t<div class=\"ratio-container\" style=\"padding-top: 100%;\">\r\n\t\t\t\t\t\t<div class=\"ratio-content\">\r\n\t\t\t\t\t\t\t<img class=\"sh-image-url lazy\" data-src=\"https:\/\/fundacionclec.org\/wp-content\/uploads\/2025\/09\/premioo-cover-img.jpg\" alt=\"\" \/>\r\n\t\t\t\t\t\t<\/div>\r\n\t\t\t\t\t<\/div>\r\n\r\n\t\t\t\t\r\n\t\t\t\t\r\n        <div class=\"sh-overlay-style1\">\r\n            <div class=\"sh-table-full\">\r\n                                    <a href=\"https:\/\/fundacionclec.org\/en\/model-class-contest-for-local-mandarin-chinese-teachers-latamc-2025\/\" class=\"sh-overlay-item sh-table-cell\" title=\"Open the article - Model Class Contest for Local Mandarin Chinese Teachers \u2013 LATAM+C 2025\">\r\n                        <div class=\"sh-overlay-item-container\">\r\n                            <i class=\"icon-link\"><\/i>\r\n                        <\/div>\r\n                    <\/a>\r\n                \r\n                                    <a href=\"https:\/\/fundacionclec.org\/wp-content\/uploads\/2025\/09\/premioo-cover-img.jpg\" class=\"sh-overlay-item sh-table-cell\" data-rel=\"lightcase\">\r\n                        <div class=\"sh-overlay-item-container\">\r\n                            <i class=\"icon-magnifier-add\"><\/i>\r\n                        <\/div>\r\n                    <\/a>\r\n                            <\/div>\r\n        <\/div>\r\n\r\n    \t\t\t<\/div>\r\n\r\n\t\t\t<div class=\"post-content-container\">\r\n\t\t\t\t<a href=\"https:\/\/fundacionclec.org\/en\/model-class-contest-for-local-mandarin-chinese-teachers-latamc-2025\/\" class=\"post-title\">\r\n\t\t\t\t\t<h2 itemprop=\"headline\">\r\n\t\t\t\t\t\t\t\t\t\t\t\tModel Class Contest for Local Mandarin Chinese Teachers \u2013 LATAM+C 2025\t\t\t\t\t<\/h2>\r\n\t\t\t\t<\/a>\r\n\r\n\t\t\t\t<div class=\"post-meta post-meta-one\">\r\n\t\t\t\t\t\r\n        \r\n            <span class=\"post-meta-author\">\r\n                by                                    <a href=\"https:\/\/fundacionclec.org\/en\/author\/crical\/\" class=\"bypostauthor\" itemprop=\"url\" rel=\"author\">\r\n                        CLEC                    <\/a>\r\n                            <\/span>\r\n\r\n        \r\n        \r\n        \r\n    \t\t\t\t<\/div>\r\n\r\n\t\t\t\t<div class=\"post-content\" itemprop=\"text\">\r\n\t\t\t\t\t<p>As part of the&nbsp;Chinese Language Teacher Training for Latin America and the Caribbean, the winners of the&nbsp;Model Class Contest for Local Mandarin Chinese Teachers \u2013 LATAM+C 2025, organized by the CLEC Foundation \u2013 Regional Office for Latin America and the Caribbean, were announced. The awarded&#8230;<\/p>\n\t\t\t\t<\/div>\r\n\r\n\t\t\t\t<div class=\"post-meta post-meta-two\">\r\n\t\t\t\t\t\r\n        <div class=\"sh-columns post-meta-comments\">\r\n            <span class=\"post-meta-categories\">\r\n                <i class=\"icon-tag\"><\/i>\r\n                <a href=\"https:\/\/fundacionclec.org\/en\/category\/news\/\" rel=\"category tag\">News<\/a>            <\/span>\r\n\r\n                            <div><\/div>\r\n                    <\/div>\r\n\r\n    \t\t\t\t<\/div>\r\n\t\t\t<\/div>\r\n\r\n\t\t<\/div>\r\n\t<\/article>\r\n\r\n\r\n\r\n\t<article id=\"post-41828\" class=\"post-item post-41828 post type-post status-publish format-standard has-post-thumbnail hentry category-cap-en category-news category-noticia-en\" itemscope=\"itemscope\" itemtype=\"http:\/\/schema.org\/Article\">\r\n\t\t<div class=\"post-container\">\r\n\t\t\t\r\n\t\t\t<div class=\"post-meta-thumb\">\r\n\t\t\t\t\t\t\t\t\r\n\t\t\t\t\r\n\t\t\t\t\t<div class=\"ratio-container\" style=\"padding-top: 100%;\">\r\n\t\t\t\t\t\t<div class=\"ratio-content\">\r\n\t\t\t\t\t\t\t<img class=\"sh-image-url lazy\" data-src=\"https:\/\/fundacionclec.org\/wp-content\/uploads\/2025\/07\/cover-img.jpg\" alt=\"\" \/>\r\n\t\t\t\t\t\t<\/div>\r\n\t\t\t\t\t<\/div>\r\n\r\n\t\t\t\t\r\n\t\t\t\t\r\n        <div class=\"sh-overlay-style1\">\r\n            <div class=\"sh-table-full\">\r\n                                    <a href=\"https:\/\/fundacionclec.org\/en\/training-of-chinese-language-teachers-for-latin-america-and-the-caribbean\/\" class=\"sh-overlay-item sh-table-cell\" title=\"Open the article - Training of Chinese Language teachers for Latin America and the Caribbean\">\r\n                        <div class=\"sh-overlay-item-container\">\r\n                            <i class=\"icon-link\"><\/i>\r\n                        <\/div>\r\n                    <\/a>\r\n                \r\n                                    <a href=\"https:\/\/fundacionclec.org\/wp-content\/uploads\/2025\/07\/cover-img.jpg\" class=\"sh-overlay-item sh-table-cell\" data-rel=\"lightcase\">\r\n                        <div class=\"sh-overlay-item-container\">\r\n                            <i class=\"icon-magnifier-add\"><\/i>\r\n                        <\/div>\r\n                    <\/a>\r\n                            <\/div>\r\n        <\/div>\r\n\r\n    \t\t\t<\/div>\r\n\r\n\t\t\t<div class=\"post-content-container\">\r\n\t\t\t\t<a href=\"https:\/\/fundacionclec.org\/en\/training-of-chinese-language-teachers-for-latin-america-and-the-caribbean\/\" class=\"post-title\">\r\n\t\t\t\t\t<h2 itemprop=\"headline\">\r\n\t\t\t\t\t\t\t\t\t\t\t\tTraining of Chinese Language teachers for Latin America and the Caribbean\t\t\t\t\t<\/h2>\r\n\t\t\t\t<\/a>\r\n\r\n\t\t\t\t<div class=\"post-meta post-meta-one\">\r\n\t\t\t\t\t\r\n        \r\n            <span class=\"post-meta-author\">\r\n                by                                    <a href=\"https:\/\/fundacionclec.org\/en\/author\/crical\/\" class=\"bypostauthor\" itemprop=\"url\" rel=\"author\">\r\n                        CLEC                    <\/a>\r\n                            <\/span>\r\n\r\n        \r\n        \r\n        \r\n    \t\t\t\t<\/div>\r\n\r\n\t\t\t\t<div class=\"post-content\" itemprop=\"text\">\r\n\t\t\t\t\t<p>Training of Chinese Language teachers for Latin America and the Caribbean Dates: September 4 and 5, 2025 Hybrid format: Online (Zoom Webinar) and in-person (Santiago, Chile) Free registration prior registration:&nbsp;https:\/\/us06web.zoom.us\/webinar\/register\/WN_Sow68fanS5a5imjou7bJPw Training venue:&nbsp;Auditorium, Universidad Santo Tom\u00e1sAddress:&nbsp;Ej\u00e9rcito Libertador 146, Floor -1, Building C, Santiago Program&nbsp;(subject to change)&#8230;<\/p>\n\t\t\t\t<\/div>\r\n\r\n\t\t\t\t<div class=\"post-meta post-meta-two\">\r\n\t\t\t\t\t\r\n        <div class=\"sh-columns post-meta-comments\">\r\n            <span class=\"post-meta-categories\">\r\n                <i class=\"icon-tag\"><\/i>\r\n                <a href=\"https:\/\/fundacionclec.org\/en\/category\/cap-en\/\" rel=\"category tag\">cap-en<\/a>, <a href=\"https:\/\/fundacionclec.org\/en\/category\/news\/\" rel=\"category tag\">News<\/a>, <a href=\"https:\/\/fundacionclec.org\/en\/category\/noticia-en\/\" rel=\"category tag\">Noticia<\/a>            <\/span>\r\n\r\n                            <div><\/div>\r\n                    <\/div>\r\n\r\n    \t\t\t\t<\/div>\r\n\t\t\t<\/div>\r\n\r\n\t\t<\/div>\r\n\t<\/article>\r\n\r\n\r\n\r\n\t<article id=\"post-41767\" class=\"post-item post-41767 post type-post status-publish format-standard has-post-thumbnail hentry category-news\" itemscope=\"itemscope\" itemtype=\"http:\/\/schema.org\/Article\">\r\n\t\t<div class=\"post-container\">\r\n\t\t\t\r\n\t\t\t<div class=\"post-meta-thumb\">\r\n\t\t\t\t\t\t\t\t\r\n\t\t\t\t\r\n\t\t\t\t\t<div class=\"ratio-container\" style=\"padding-top: 100%;\">\r\n\t\t\t\t\t\t<div class=\"ratio-content\">\r\n\t\t\t\t\t\t\t<img class=\"sh-image-url lazy\" data-src=\"https:\/\/fundacionclec.org\/wp-content\/uploads\/2025\/07\/cover-img0107.jpg\" alt=\"\" \/>\r\n\t\t\t\t\t\t<\/div>\r\n\t\t\t\t\t<\/div>\r\n\r\n\t\t\t\t\r\n\t\t\t\t\r\n        <div class=\"sh-overlay-style1\">\r\n            <div class=\"sh-table-full\">\r\n                                    <a href=\"https:\/\/fundacionclec.org\/en\/the-confucius-institute-in-barbados-boosts-growing-popularity-of-chinese-in-local-private-schools\/\" class=\"sh-overlay-item sh-table-cell\" title=\"Open the article - The Confucius Institute in Barbados Boosts growing popularity of Chinese in Local Private Schools\">\r\n                        <div class=\"sh-overlay-item-container\">\r\n                            <i class=\"icon-link\"><\/i>\r\n                        <\/div>\r\n                    <\/a>\r\n                \r\n                                    <a href=\"https:\/\/fundacionclec.org\/wp-content\/uploads\/2025\/07\/cover-img0107.jpg\" class=\"sh-overlay-item sh-table-cell\" data-rel=\"lightcase\">\r\n                        <div class=\"sh-overlay-item-container\">\r\n                            <i class=\"icon-magnifier-add\"><\/i>\r\n                        <\/div>\r\n                    <\/a>\r\n                            <\/div>\r\n        <\/div>\r\n\r\n    \t\t\t<\/div>\r\n\r\n\t\t\t<div class=\"post-content-container\">\r\n\t\t\t\t<a href=\"https:\/\/fundacionclec.org\/en\/the-confucius-institute-in-barbados-boosts-growing-popularity-of-chinese-in-local-private-schools\/\" class=\"post-title\">\r\n\t\t\t\t\t<h2 itemprop=\"headline\">\r\n\t\t\t\t\t\t\t\t\t\t\t\tThe Confucius Institute in Barbados Boosts growing popularity of Chinese in Local Private Schools\t\t\t\t\t<\/h2>\r\n\t\t\t\t<\/a>\r\n\r\n\t\t\t\t<div class=\"post-meta post-meta-one\">\r\n\t\t\t\t\t\r\n        \r\n            <span class=\"post-meta-author\">\r\n                by                                    <a href=\"https:\/\/fundacionclec.org\/en\/author\/crical\/\" class=\"bypostauthor\" itemprop=\"url\" rel=\"author\">\r\n                        CLEC                    <\/a>\r\n                            <\/span>\r\n\r\n        \r\n        \r\n        \r\n    \t\t\t\t<\/div>\r\n\r\n\t\t\t\t<div class=\"post-content\" itemprop=\"text\">\r\n\t\t\t\t\t<p>From June 24 to 28,2025, Confucius Institute at the University of the West Indies, Cave Hill Campus (hereinafter referred to as CI) actively participated in the language day events held at Providence School and Wills Primary School. The institute showcased Chinese culture, classical music, and&#8230;<\/p>\n\t\t\t\t<\/div>\r\n\r\n\t\t\t\t<div class=\"post-meta post-meta-two\">\r\n\t\t\t\t\t\r\n        <div class=\"sh-columns post-meta-comments\">\r\n            <span class=\"post-meta-categories\">\r\n                <i class=\"icon-tag\"><\/i>\r\n                <a href=\"https:\/\/fundacionclec.org\/en\/category\/news\/\" rel=\"category tag\">News<\/a>            <\/span>\r\n\r\n                            <div><\/div>\r\n                    <\/div>\r\n\r\n    \t\t\t\t<\/div>\r\n\t\t\t<\/div>\r\n\r\n\t\t<\/div>\r\n\t<\/article>\r\n\r\n\r\n\r\n\t<article id=\"post-41721\" class=\"post-item post-41721 post type-post status-publish format-standard has-post-thumbnail hentry category-news category-noticia-en\" itemscope=\"itemscope\" itemtype=\"http:\/\/schema.org\/Article\">\r\n\t\t<div class=\"post-container\">\r\n\t\t\t\r\n\t\t\t<div class=\"post-meta-thumb\">\r\n\t\t\t\t\t\t\t\t\r\n\t\t\t\t\r\n\t\t\t\t\t<div class=\"ratio-container\" style=\"padding-top: 100%;\">\r\n\t\t\t\t\t\t<div class=\"ratio-content\">\r\n\t\t\t\t\t\t\t<img class=\"sh-image-url lazy\" data-src=\"https:\/\/fundacionclec.org\/wp-content\/uploads\/2025\/07\/cover-Chino-Salud-en-Adulto-Mayor.jpg\" alt=\"\" \/>\r\n\t\t\t\t\t\t<\/div>\r\n\t\t\t\t\t<\/div>\r\n\r\n\t\t\t\t\r\n\t\t\t\t\r\n        <div class=\"sh-overlay-style1\">\r\n            <div class=\"sh-table-full\">\r\n                                    <a href=\"https:\/\/fundacionclec.org\/en\/chinese-elderly-health\/\" class=\"sh-overlay-item sh-table-cell\" title=\"Open the article - Chinese+ Elderly Health\u00a0\u00a0\">\r\n                        <div class=\"sh-overlay-item-container\">\r\n                            <i class=\"icon-link\"><\/i>\r\n                        <\/div>\r\n                    <\/a>\r\n                \r\n                                    <a href=\"https:\/\/fundacionclec.org\/wp-content\/uploads\/2025\/07\/cover-Chino-Salud-en-Adulto-Mayor.jpg\" class=\"sh-overlay-item sh-table-cell\" data-rel=\"lightcase\">\r\n                        <div class=\"sh-overlay-item-container\">\r\n                            <i class=\"icon-magnifier-add\"><\/i>\r\n                        <\/div>\r\n                    <\/a>\r\n                            <\/div>\r\n        <\/div>\r\n\r\n    \t\t\t<\/div>\r\n\r\n\t\t\t<div class=\"post-content-container\">\r\n\t\t\t\t<a href=\"https:\/\/fundacionclec.org\/en\/chinese-elderly-health\/\" class=\"post-title\">\r\n\t\t\t\t\t<h2 itemprop=\"headline\">\r\n\t\t\t\t\t\t\t\t\t\t\t\tChinese+ Elderly Health\u00a0\u00a0\t\t\t\t\t<\/h2>\r\n\t\t\t\t<\/a>\r\n\r\n\t\t\t\t<div class=\"post-meta post-meta-one\">\r\n\t\t\t\t\t\r\n        \r\n            <span class=\"post-meta-author\">\r\n                by                                    <a href=\"https:\/\/fundacionclec.org\/en\/author\/crical\/\" class=\"bypostauthor\" itemprop=\"url\" rel=\"author\">\r\n                        CLEC                    <\/a>\r\n                            <\/span>\r\n\r\n        \r\n        \r\n        \r\n    \t\t\t\t<\/div>\r\n\r\n\t\t\t\t<div class=\"post-content\" itemprop=\"text\">\r\n\t\t\t\t\t<p>\ue163 July 30\u23f011:00 am (GMT-4)\ud83d\udd17 https:\/\/us06web.zoom.us\/webinar\/register\/WN_5WNNsOqjQumhITriV1aH5w 11:00 \u2013 11:05. Welcome remarks11:05 \u2013 11:20. Mengling Cheng &#8220;Mapping Aging in China: Health, Society &amp; Technology in the Shanghai Family Cohort&#8221;. East China University of Science and Technology.11:20 \u2013 11:40 Andrea Sol\u00eds Aguirre. \u201cChallenges for Healthy Ageing.\u201d Dean&#8230;<\/p>\n\t\t\t\t<\/div>\r\n\r\n\t\t\t\t<div class=\"post-meta post-meta-two\">\r\n\t\t\t\t\t\r\n        <div class=\"sh-columns post-meta-comments\">\r\n            <span class=\"post-meta-categories\">\r\n                <i class=\"icon-tag\"><\/i>\r\n                <a href=\"https:\/\/fundacionclec.org\/en\/category\/news\/\" rel=\"category tag\">News<\/a>, <a href=\"https:\/\/fundacionclec.org\/en\/category\/noticia-en\/\" rel=\"category tag\">Noticia<\/a>            <\/span>\r\n\r\n                            <div><\/div>\r\n                    <\/div>\r\n\r\n    \t\t\t\t<\/div>\r\n\t\t\t<\/div>\r\n\r\n\t\t<\/div>\r\n\t<\/article>\r\n\r\n\r\n\r\n\t<article id=\"post-41698\" class=\"post-item post-41698 post type-post status-publish format-standard has-post-thumbnail hentry category-cap-en category-news category-noticias-en\" itemscope=\"itemscope\" itemtype=\"http:\/\/schema.org\/Article\">\r\n\t\t<div class=\"post-container\">\r\n\t\t\t\r\n\t\t\t<div class=\"post-meta-thumb\">\r\n\t\t\t\t\t\t\t\t\r\n\t\t\t\t\r\n\t\t\t\t\t<div class=\"ratio-container\" style=\"padding-top: 100%;\">\r\n\t\t\t\t\t\t<div class=\"ratio-content\">\r\n\t\t\t\t\t\t\t<img class=\"sh-image-url lazy\" data-src=\"https:\/\/fundacionclec.org\/wp-content\/uploads\/2025\/07\/CI-CLEC_Capacitacion_Docentes_Voluntarios_02.jpg\" alt=\"\" \/>\r\n\t\t\t\t\t\t<\/div>\r\n\t\t\t\t\t<\/div>\r\n\r\n\t\t\t\t\r\n\t\t\t\t\r\n        <div class=\"sh-overlay-style1\">\r\n            <div class=\"sh-table-full\">\r\n                                    <a href=\"https:\/\/fundacionclec.org\/en\/training-for-volunteer-teachers-in-latin-america-and-the-caribbean\/\" class=\"sh-overlay-item sh-table-cell\" title=\"Open the article - Training for Volunteer Teachers in Latin America and the Caribbean\">\r\n                        <div class=\"sh-overlay-item-container\">\r\n                            <i class=\"icon-link\"><\/i>\r\n                        <\/div>\r\n                    <\/a>\r\n                \r\n                                    <a href=\"https:\/\/fundacionclec.org\/wp-content\/uploads\/2025\/07\/CI-CLEC_Capacitacion_Docentes_Voluntarios_02.jpg\" class=\"sh-overlay-item sh-table-cell\" data-rel=\"lightcase\">\r\n                        <div class=\"sh-overlay-item-container\">\r\n                            <i class=\"icon-magnifier-add\"><\/i>\r\n                        <\/div>\r\n                    <\/a>\r\n                            <\/div>\r\n        <\/div>\r\n\r\n    \t\t\t<\/div>\r\n\r\n\t\t\t<div class=\"post-content-container\">\r\n\t\t\t\t<a href=\"https:\/\/fundacionclec.org\/en\/training-for-volunteer-teachers-in-latin-america-and-the-caribbean\/\" class=\"post-title\">\r\n\t\t\t\t\t<h2 itemprop=\"headline\">\r\n\t\t\t\t\t\t\t\t\t\t\t\tTraining for Volunteer Teachers in Latin America and the Caribbean\t\t\t\t\t<\/h2>\r\n\t\t\t\t<\/a>\r\n\r\n\t\t\t\t<div class=\"post-meta post-meta-one\">\r\n\t\t\t\t\t\r\n        \r\n            <span class=\"post-meta-author\">\r\n                by                                    <a href=\"https:\/\/fundacionclec.org\/en\/author\/crical\/\" class=\"bypostauthor\" itemprop=\"url\" rel=\"author\">\r\n                        CLEC                    <\/a>\r\n                            <\/span>\r\n\r\n        \r\n        \r\n        \r\n    \t\t\t\t<\/div>\r\n\r\n\t\t\t\t<div class=\"post-content\" itemprop=\"text\">\r\n\t\t\t\t\t<p>\u53d7\u8bed\u5408\u4e2d\u5fc3\u59d4\u6258\uff0c\u62c9\u7f8e\u4e2d\u5fc3\u5c06\u4e3e\u529e\u00a02025\u00a0\u5e74\u62c9\u7f8e\u5730\u533a\u56fd\u9645\u4e2d\u6587\u6559\u80b2\u5fd7\u613f\u8005\u7ebf\u4e0a\u5c97\u4e2d\u57f9\u8bad\uff0c\u8bbe\u516d\u8282\u4e3b\u9898\u8bfe\u7a0b\uff0c\u6db5\u76d6\u6559\u5b66\u65b9\u6cd5\u3001\u6587\u5316\u4f20\u64ad\u3001\u6559\u5b66\u7ba1\u7406\u7b49\u5185\u5bb9\u3002\u8981\u6c42\u62c9\u7f8e\u5730\u533a\u5fd7\u613f\u8005\u5168\u5458\u53c2\u52a0\u3002\u200b<\/p>\n\t\t\t\t<\/div>\r\n\r\n\t\t\t\t<div class=\"post-meta post-meta-two\">\r\n\t\t\t\t\t\r\n        <div class=\"sh-columns post-meta-comments\">\r\n            <span class=\"post-meta-categories\">\r\n                <i class=\"icon-tag\"><\/i>\r\n                <a href=\"https:\/\/fundacionclec.org\/en\/category\/cap-en\/\" rel=\"category tag\">cap-en<\/a>, <a href=\"https:\/\/fundacionclec.org\/en\/category\/news\/\" rel=\"category tag\">News<\/a>, <a href=\"https:\/\/fundacionclec.org\/en\/category\/noticias-en\/\" rel=\"category tag\">Noticias<\/a>            <\/span>\r\n\r\n                            <div><\/div>\r\n                    <\/div>\r\n\r\n    \t\t\t\t<\/div>\r\n\t\t\t<\/div>\r\n\r\n\t\t<\/div>\r\n\t<\/article>\r\n\r\n\r\n\r\n\t<article id=\"post-41648\" class=\"post-item post-41648 post type-post status-publish format-standard has-post-thumbnail hentry category-cap-en category-news category-noticias-en\" itemscope=\"itemscope\" itemtype=\"http:\/\/schema.org\/Article\">\r\n\t\t<div class=\"post-container\">\r\n\t\t\t\r\n\t\t\t<div class=\"post-meta-thumb\">\r\n\t\t\t\t\t\t\t\t\r\n\t\t\t\t\r\n\t\t\t\t\t<div class=\"ratio-container\" style=\"padding-top: 100%;\">\r\n\t\t\t\t\t\t<div class=\"ratio-content\">\r\n\t\t\t\t\t\t\t<img class=\"sh-image-url lazy\" data-src=\"https:\/\/fundacionclec.org\/wp-content\/uploads\/2025\/06\/cover-img-0602.jpg\" alt=\"\" \/>\r\n\t\t\t\t\t\t<\/div>\r\n\t\t\t\t\t<\/div>\r\n\r\n\t\t\t\t\r\n\t\t\t\t\r\n        <div class=\"sh-overlay-style1\">\r\n            <div class=\"sh-table-full\">\r\n                                    <a href=\"https:\/\/fundacionclec.org\/en\/learn-chinese-by-singing-study-camp-in-china-2025\/\" class=\"sh-overlay-item sh-table-cell\" title=\"Open the article - \u201cLearn Chinese by Singing\u201d\u00a0\u00a0Study Camp in China 2025\">\r\n                        <div class=\"sh-overlay-item-container\">\r\n                            <i class=\"icon-link\"><\/i>\r\n                        <\/div>\r\n                    <\/a>\r\n                \r\n                                    <a href=\"https:\/\/fundacionclec.org\/wp-content\/uploads\/2025\/06\/cover-img-0602.jpg\" class=\"sh-overlay-item sh-table-cell\" data-rel=\"lightcase\">\r\n                        <div class=\"sh-overlay-item-container\">\r\n                            <i class=\"icon-magnifier-add\"><\/i>\r\n                        <\/div>\r\n                    <\/a>\r\n                            <\/div>\r\n        <\/div>\r\n\r\n    \t\t\t<\/div>\r\n\r\n\t\t\t<div class=\"post-content-container\">\r\n\t\t\t\t<a href=\"https:\/\/fundacionclec.org\/en\/learn-chinese-by-singing-study-camp-in-china-2025\/\" class=\"post-title\">\r\n\t\t\t\t\t<h2 itemprop=\"headline\">\r\n\t\t\t\t\t\t\t\t\t\t\t\t\u201cLearn Chinese by Singing\u201d\u00a0\u00a0Study Camp in China 2025\t\t\t\t\t<\/h2>\r\n\t\t\t\t<\/a>\r\n\r\n\t\t\t\t<div class=\"post-meta post-meta-one\">\r\n\t\t\t\t\t\r\n        \r\n            <span class=\"post-meta-author\">\r\n                by                                    <a href=\"https:\/\/fundacionclec.org\/en\/author\/crical\/\" class=\"bypostauthor\" itemprop=\"url\" rel=\"author\">\r\n                        CLEC                    <\/a>\r\n                            <\/span>\r\n\r\n        \r\n        \r\n        \r\n    \t\t\t\t<\/div>\r\n\r\n\t\t\t\t<div class=\"post-content\" itemprop=\"text\">\r\n\t\t\t\t\t<p>The CLEC Foundation, Regional Office for Latin America and the Caribbean, invites members of its community to apply for the&nbsp;\u201cLearn Chinese by Singing\u201d 2025 Study Camp in China, to be held in&nbsp;Chengdu (China)&nbsp;for&nbsp;10 days in August. Program details: \u2022&nbsp;Places available:&nbsp;5 for Latin America and the&#8230;<\/p>\n\t\t\t\t<\/div>\r\n\r\n\t\t\t\t<div class=\"post-meta post-meta-two\">\r\n\t\t\t\t\t\r\n        <div class=\"sh-columns post-meta-comments\">\r\n            <span class=\"post-meta-categories\">\r\n                <i class=\"icon-tag\"><\/i>\r\n                <a href=\"https:\/\/fundacionclec.org\/en\/category\/cap-en\/\" rel=\"category tag\">cap-en<\/a>, <a href=\"https:\/\/fundacionclec.org\/en\/category\/news\/\" rel=\"category tag\">News<\/a>, <a href=\"https:\/\/fundacionclec.org\/en\/category\/noticias-en\/\" rel=\"category tag\">Noticias<\/a>            <\/span>\r\n\r\n                            <div><\/div>\r\n                    <\/div>\r\n\r\n    \t\t\t\t<\/div>\r\n\t\t\t<\/div>\r\n\r\n\t\t<\/div>\r\n\t<\/article>\r\n\r\n\r\n\r\n\t<article id=\"post-41352\" class=\"post-item post-41352 post type-post status-publish format-standard has-post-thumbnail hentry category-cap-en category-news category-noticias-en\" itemscope=\"itemscope\" itemtype=\"http:\/\/schema.org\/Article\">\r\n\t\t<div class=\"post-container\">\r\n\t\t\t\r\n\t\t\t<div class=\"post-meta-thumb\">\r\n\t\t\t\t\t\t\t\t\r\n\t\t\t\t\r\n\t\t\t\t\t<div class=\"ratio-container\" style=\"padding-top: 100%;\">\r\n\t\t\t\t\t\t<div class=\"ratio-content\">\r\n\t\t\t\t\t\t\t<img class=\"sh-image-url lazy\" data-src=\"https:\/\/fundacionclec.org\/wp-content\/uploads\/2025\/04\/grafica-sola-1024x1024.jpg\" alt=\"\" \/>\r\n\t\t\t\t\t\t<\/div>\r\n\t\t\t\t\t<\/div>\r\n\r\n\t\t\t\t\r\n\t\t\t\t\r\n        <div class=\"sh-overlay-style1\">\r\n            <div class=\"sh-table-full\">\r\n                                    <a href=\"https:\/\/fundacionclec.org\/en\/contest-for-local-mandarin-chinese-teachers-latin-america-and-the-caribbean\/\" class=\"sh-overlay-item sh-table-cell\" title=\"Open the article - Model Class Contest for Local Mandarin Chinese Teachers &#8211; LATAM+C\">\r\n                        <div class=\"sh-overlay-item-container\">\r\n                            <i class=\"icon-link\"><\/i>\r\n                        <\/div>\r\n                    <\/a>\r\n                \r\n                                    <a href=\"https:\/\/fundacionclec.org\/wp-content\/uploads\/2025\/04\/grafica-sola-1024x1024.jpg\" class=\"sh-overlay-item sh-table-cell\" data-rel=\"lightcase\">\r\n                        <div class=\"sh-overlay-item-container\">\r\n                            <i class=\"icon-magnifier-add\"><\/i>\r\n                        <\/div>\r\n                    <\/a>\r\n                            <\/div>\r\n        <\/div>\r\n\r\n    \t\t\t<\/div>\r\n\r\n\t\t\t<div class=\"post-content-container\">\r\n\t\t\t\t<a href=\"https:\/\/fundacionclec.org\/en\/contest-for-local-mandarin-chinese-teachers-latin-america-and-the-caribbean\/\" class=\"post-title\">\r\n\t\t\t\t\t<h2 itemprop=\"headline\">\r\n\t\t\t\t\t\t\t\t\t\t\t\tModel Class Contest for Local Mandarin Chinese Teachers &#8211; LATAM+C\t\t\t\t\t<\/h2>\r\n\t\t\t\t<\/a>\r\n\r\n\t\t\t\t<div class=\"post-meta post-meta-one\">\r\n\t\t\t\t\t\r\n        \r\n            <span class=\"post-meta-author\">\r\n                by                                    <a href=\"https:\/\/fundacionclec.org\/en\/author\/crical\/\" class=\"bypostauthor\" itemprop=\"url\" rel=\"author\">\r\n                        CLEC                    <\/a>\r\n                            <\/span>\r\n\r\n        \r\n        \r\n        \r\n    \t\t\t\t<\/div>\r\n\r\n\t\t\t\t<div class=\"post-content\" itemprop=\"text\">\r\n\t\t\t\t\t<p>Updated: May 2 1. PARTICIPANTS Local Chinese language teachers may apply who: Are currently teaching at an educational institution (e.g., school, university, language center, etc.) in Latin America or the Caribbean. Have at least one year of teaching experience. Attach a letter of recommendation from&#8230;<\/p>\n\t\t\t\t<\/div>\r\n\r\n\t\t\t\t<div class=\"post-meta post-meta-two\">\r\n\t\t\t\t\t\r\n        <div class=\"sh-columns post-meta-comments\">\r\n            <span class=\"post-meta-categories\">\r\n                <i class=\"icon-tag\"><\/i>\r\n                <a href=\"https:\/\/fundacionclec.org\/en\/category\/cap-en\/\" rel=\"category tag\">cap-en<\/a>, <a href=\"https:\/\/fundacionclec.org\/en\/category\/news\/\" rel=\"category tag\">News<\/a>, <a href=\"https:\/\/fundacionclec.org\/en\/category\/noticias-en\/\" rel=\"category tag\">Noticias<\/a>            <\/span>\r\n\r\n                            <div><\/div>\r\n                    <\/div>\r\n\r\n    \t\t\t\t<\/div>\r\n\t\t\t<\/div>\r\n\r\n\t\t<\/div>\r\n\t<\/article>\r\n\r\n\r\n\r\n\t<article id=\"post-41261\" class=\"post-item post-41261 post type-post status-publish format-standard has-post-thumbnail hentry category-news\" itemscope=\"itemscope\" itemtype=\"http:\/\/schema.org\/Article\">\r\n\t\t<div class=\"post-container\">\r\n\t\t\t\r\n\t\t\t<div class=\"post-meta-thumb\">\r\n\t\t\t\t\t\t\t\t\r\n\t\t\t\t\r\n\t\t\t\t\t<div class=\"ratio-container\" style=\"padding-top: 100%;\">\r\n\t\t\t\t\t\t<div class=\"ratio-content\">\r\n\t\t\t\t\t\t\t<img class=\"sh-image-url lazy\" data-src=\"https:\/\/fundacionclec.org\/wp-content\/uploads\/2025\/03\/CLEC_Chino_mas_Deporte_cover.jpg\" alt=\"\" \/>\r\n\t\t\t\t\t\t<\/div>\r\n\t\t\t\t\t<\/div>\r\n\r\n\t\t\t\t\r\n\t\t\t\t\r\n        <div class=\"sh-overlay-style1\">\r\n            <div class=\"sh-table-full\">\r\n                                    <a href=\"https:\/\/fundacionclec.org\/en\/chinese-sports-%e4%b8%ad%e6%96%87%e4%bd%93%e8%82%b2\/\" class=\"sh-overlay-item sh-table-cell\" title=\"Open the article - \u00a0Chinese+ sports |\u00a0\u4e2d\u6587+\u4f53\u80b2\">\r\n                        <div class=\"sh-overlay-item-container\">\r\n                            <i class=\"icon-link\"><\/i>\r\n                        <\/div>\r\n                    <\/a>\r\n                \r\n                                    <a href=\"https:\/\/fundacionclec.org\/wp-content\/uploads\/2025\/03\/CLEC_Chino_mas_Deporte_cover.jpg\" class=\"sh-overlay-item sh-table-cell\" data-rel=\"lightcase\">\r\n                        <div class=\"sh-overlay-item-container\">\r\n                            <i class=\"icon-magnifier-add\"><\/i>\r\n                        <\/div>\r\n                    <\/a>\r\n                            <\/div>\r\n        <\/div>\r\n\r\n    \t\t\t<\/div>\r\n\r\n\t\t\t<div class=\"post-content-container\">\r\n\t\t\t\t<a href=\"https:\/\/fundacionclec.org\/en\/chinese-sports-%e4%b8%ad%e6%96%87%e4%bd%93%e8%82%b2\/\" class=\"post-title\">\r\n\t\t\t\t\t<h2 itemprop=\"headline\">\r\n\t\t\t\t\t\t\t\t\t\t\t\t\u00a0Chinese+ sports |\u00a0\u4e2d\u6587+\u4f53\u80b2\t\t\t\t\t<\/h2>\r\n\t\t\t\t<\/a>\r\n\r\n\t\t\t\t<div class=\"post-meta post-meta-one\">\r\n\t\t\t\t\t\r\n        \r\n            <span class=\"post-meta-author\">\r\n                by                                    <a href=\"https:\/\/fundacionclec.org\/en\/author\/crical\/\" class=\"bypostauthor\" itemprop=\"url\" rel=\"author\">\r\n                        CLEC                    <\/a>\r\n                            <\/span>\r\n\r\n        \r\n        \r\n        \r\n    \t\t\t\t<\/div>\r\n\r\n\t\t\t\t<div class=\"post-content\" itemprop=\"text\">\r\n\t\t\t\t\t<p>April 2nd 11:00 (GMT-3) Registration:&nbsp;https:\/\/us06web.zoom.us\/webinar\/register\/WN_BN3jYZm6TH2rVeUY0npRZQ Program 11:00&nbsp;Welcome remarks 11:10&nbsp;Panelist 1 Wudong&nbsp;\u6b66\u51ac&nbsp;\u2013 \u201cThe Way of the Body: The Charm of Chinese Martial Arts\u201d. PhD and PhD supervisor at Beijing Sport University. Director of the Institute of Traditional Chinese Sports. 11:25&nbsp;Panelist 2 Marcelo Cort\u00e9s \u2013&nbsp;\u201cA Look at&#8230;<\/p>\n\t\t\t\t<\/div>\r\n\r\n\t\t\t\t<div class=\"post-meta post-meta-two\">\r\n\t\t\t\t\t\r\n        <div class=\"sh-columns post-meta-comments\">\r\n            <span class=\"post-meta-categories\">\r\n                <i class=\"icon-tag\"><\/i>\r\n                <a href=\"https:\/\/fundacionclec.org\/en\/category\/news\/\" rel=\"category tag\">News<\/a>            <\/span>\r\n\r\n                            <div><\/div>\r\n                    <\/div>\r\n\r\n    \t\t\t\t<\/div>\r\n\t\t\t<\/div>\r\n\r\n\t\t<\/div>\r\n\t<\/article>\r\n\r\n\r\n\r\n\t<article id=\"post-40735\" class=\"post-item post-40735 post type-post status-publish format-standard has-post-thumbnail hentry category-news\" itemscope=\"itemscope\" itemtype=\"http:\/\/schema.org\/Article\">\r\n\t\t<div class=\"post-container\">\r\n\t\t\t\r\n\t\t\t<div class=\"post-meta-thumb\">\r\n\t\t\t\t\t\t\t\t\r\n\t\t\t\t\r\n\t\t\t\t\t<div class=\"ratio-container\" style=\"padding-top: 100%;\">\r\n\t\t\t\t\t\t<div class=\"ratio-content\">\r\n\t\t\t\t\t\t\t<img class=\"sh-image-url lazy\" data-src=\"https:\/\/fundacionclec.org\/wp-content\/uploads\/2024\/12\/1203cover-img.jpg\" alt=\"\" \/>\r\n\t\t\t\t\t\t<\/div>\r\n\t\t\t\t\t<\/div>\r\n\r\n\t\t\t\t\r\n\t\t\t\t\r\n        <div class=\"sh-overlay-style1\">\r\n            <div class=\"sh-table-full\">\r\n                                    <a href=\"https:\/\/fundacionclec.org\/en\/end-of-year-ceremony-for-chinese-teachers-in-public-schools-in-chile\/\" class=\"sh-overlay-item sh-table-cell\" title=\"Open the article - End-of-year ceremony for Chinese Teachers in Public Schools in Chile\">\r\n                        <div class=\"sh-overlay-item-container\">\r\n                            <i class=\"icon-link\"><\/i>\r\n                        <\/div>\r\n                    <\/a>\r\n                \r\n                                    <a href=\"https:\/\/fundacionclec.org\/wp-content\/uploads\/2024\/12\/1203cover-img.jpg\" class=\"sh-overlay-item sh-table-cell\" data-rel=\"lightcase\">\r\n                        <div class=\"sh-overlay-item-container\">\r\n                            <i class=\"icon-magnifier-add\"><\/i>\r\n                        <\/div>\r\n                    <\/a>\r\n                            <\/div>\r\n        <\/div>\r\n\r\n    \t\t\t<\/div>\r\n\r\n\t\t\t<div class=\"post-content-container\">\r\n\t\t\t\t<a href=\"https:\/\/fundacionclec.org\/en\/end-of-year-ceremony-for-chinese-teachers-in-public-schools-in-chile\/\" class=\"post-title\">\r\n\t\t\t\t\t<h2 itemprop=\"headline\">\r\n\t\t\t\t\t\t\t\t\t\t\t\tEnd-of-year ceremony for Chinese Teachers in Public Schools in Chile\t\t\t\t\t<\/h2>\r\n\t\t\t\t<\/a>\r\n\r\n\t\t\t\t<div class=\"post-meta post-meta-one\">\r\n\t\t\t\t\t\r\n        \r\n            <span class=\"post-meta-author\">\r\n                by                                    <a href=\"https:\/\/fundacionclec.org\/en\/author\/crical\/\" class=\"bypostauthor\" itemprop=\"url\" rel=\"author\">\r\n                        CLEC                    <\/a>\r\n                            <\/span>\r\n\r\n        \r\n        \r\n        \r\n    \t\t\t\t<\/div>\r\n\r\n\t\t\t\t<div class=\"post-content\" itemprop=\"text\">\r\n\t\t\t\t\t<p>The closing ceremony of the work carried out by eleven Chinese teachers in public schools in the regions of Valpara\u00edso, \u00d1uble, Biob\u00edo, Araucan\u00eda and Los R\u00edos was held with great success. This significant event, organized with the support of the CLEC Foundation, Regional Office for&#8230;<\/p>\n\t\t\t\t<\/div>\r\n\r\n\t\t\t\t<div class=\"post-meta post-meta-two\">\r\n\t\t\t\t\t\r\n        <div class=\"sh-columns post-meta-comments\">\r\n            <span class=\"post-meta-categories\">\r\n                <i class=\"icon-tag\"><\/i>\r\n                <a href=\"https:\/\/fundacionclec.org\/en\/category\/news\/\" rel=\"category tag\">News<\/a>            <\/span>\r\n\r\n                            <div><\/div>\r\n                    <\/div>\r\n\r\n    \t\t\t\t<\/div>\r\n\t\t\t<\/div>\r\n\r\n\t\t<\/div>\r\n\t<\/article>\r\n\r\n\r\n\r\n\t<article id=\"post-38681\" class=\"post-item post-38681 post type-post status-publish format-standard has-post-thumbnail hentry category-cap-en category-news category-noticias-en\" itemscope=\"itemscope\" itemtype=\"http:\/\/schema.org\/Article\">\r\n\t\t<div class=\"post-container\">\r\n\t\t\t\r\n\t\t\t<div class=\"post-meta-thumb\">\r\n\t\t\t\t\t\t\t\t\r\n\t\t\t\t\r\n\t\t\t\t\t<div class=\"ratio-container\" style=\"padding-top: 100%;\">\r\n\t\t\t\t\t\t<div class=\"ratio-content\">\r\n\t\t\t\t\t\t\t<img class=\"sh-image-url lazy\" data-src=\"https:\/\/fundacionclec.org\/wp-content\/uploads\/2024\/05\/CLEC_Congreso_EN.jpg\" alt=\"\" \/>\r\n\t\t\t\t\t\t<\/div>\r\n\t\t\t\t\t<\/div>\r\n\r\n\t\t\t\t\r\n\t\t\t\t\r\n        <div class=\"sh-overlay-style1\">\r\n            <div class=\"sh-table-full\">\r\n                                    <a href=\"https:\/\/fundacionclec.org\/en\/international-congress-on-chinese-language-teaching-in-latin-america-and-the-caribbean\/\" class=\"sh-overlay-item sh-table-cell\" title=\"Open the article - International Congress on Chinese Language Teaching in Latin America and the Caribbean\">\r\n                        <div class=\"sh-overlay-item-container\">\r\n                            <i class=\"icon-link\"><\/i>\r\n                        <\/div>\r\n                    <\/a>\r\n                \r\n                                    <a href=\"https:\/\/fundacionclec.org\/wp-content\/uploads\/2024\/05\/CLEC_Congreso_EN.jpg\" class=\"sh-overlay-item sh-table-cell\" data-rel=\"lightcase\">\r\n                        <div class=\"sh-overlay-item-container\">\r\n                            <i class=\"icon-magnifier-add\"><\/i>\r\n                        <\/div>\r\n                    <\/a>\r\n                            <\/div>\r\n        <\/div>\r\n\r\n    \t\t\t<\/div>\r\n\r\n\t\t\t<div class=\"post-content-container\">\r\n\t\t\t\t<a href=\"https:\/\/fundacionclec.org\/en\/international-congress-on-chinese-language-teaching-in-latin-america-and-the-caribbean\/\" class=\"post-title\">\r\n\t\t\t\t\t<h2 itemprop=\"headline\">\r\n\t\t\t\t\t\t\t\t\t\t\t\tInternational Congress on Chinese Language Teaching in Latin America and the Caribbean\t\t\t\t\t<\/h2>\r\n\t\t\t\t<\/a>\r\n\r\n\t\t\t\t<div class=\"post-meta post-meta-one\">\r\n\t\t\t\t\t\r\n        \r\n            <span class=\"post-meta-author\">\r\n                by                                    <a href=\"https:\/\/fundacionclec.org\/en\/author\/crical\/\" class=\"bypostauthor\" itemprop=\"url\" rel=\"author\">\r\n                        CLEC                    <\/a>\r\n                            <\/span>\r\n\r\n        \r\n        \r\n        \r\n    \t\t\t\t<\/div>\r\n\r\n\t\t\t\t<div class=\"post-content\" itemprop=\"text\">\r\n\t\t\t\t\t<p>Location: Hotel Diego de Almagro Providencia (Pio X 2530, Providencia, Santiago, Chile) and Virtual v\u00eda ZoomHybrid format: Mandatory registration for the online and in-person event https:\/\/us06web.zoom.us\/webinar\/register\/WN_ZLKmb34YRNGrOvg1NhnuTg Informations: https:\/\/fundacionclec.org\/en\/international-congress-on-chinese-language-teaching-in-latin-america-and-the-caribbean\/ Program Download Program Thursday, September 5th, 2024 08:30 &#8211; 09:00 Registration and Accreditation 09:00 &#8211; 10:00 Opening&#8230;<\/p>\n\t\t\t\t<\/div>\r\n\r\n\t\t\t\t<div class=\"post-meta post-meta-two\">\r\n\t\t\t\t\t\r\n        <div class=\"sh-columns post-meta-comments\">\r\n            <span class=\"post-meta-categories\">\r\n                <i class=\"icon-tag\"><\/i>\r\n                <a href=\"https:\/\/fundacionclec.org\/en\/category\/cap-en\/\" rel=\"category tag\">cap-en<\/a>, <a href=\"https:\/\/fundacionclec.org\/en\/category\/news\/\" rel=\"category tag\">News<\/a>, <a href=\"https:\/\/fundacionclec.org\/en\/category\/noticias-en\/\" rel=\"category tag\">Noticias<\/a>            <\/span>\r\n\r\n                            <div><\/div>\r\n                    <\/div>\r\n\r\n    \t\t\t\t<\/div>\r\n\t\t\t<\/div>\r\n\r\n\t\t<\/div>\r\n\t<\/article>\r\n\r\n\r\n\r\n\t<article id=\"post-39403\" class=\"post-item post-39403 post type-post status-publish format-standard has-post-thumbnail hentry category-news\" itemscope=\"itemscope\" itemtype=\"http:\/\/schema.org\/Article\">\r\n\t\t<div class=\"post-container\">\r\n\t\t\t\r\n\t\t\t<div class=\"post-meta-thumb\">\r\n\t\t\t\t\t\t\t\t\r\n\t\t\t\t\r\n\t\t\t\t\t<div class=\"ratio-container\" style=\"padding-top: 100%;\">\r\n\t\t\t\t\t\t<div class=\"ratio-content\">\r\n\t\t\t\t\t\t\t<img class=\"sh-image-url lazy\" data-src=\"https:\/\/fundacionclec.org\/wp-content\/uploads\/2024\/07\/0207-cover-img.jpg\" alt=\"\" \/>\r\n\t\t\t\t\t\t<\/div>\r\n\t\t\t\t\t<\/div>\r\n\r\n\t\t\t\t\r\n\t\t\t\t\r\n        <div class=\"sh-overlay-style1\">\r\n            <div class=\"sh-table-full\">\r\n                                    <a href=\"https:\/\/fundacionclec.org\/en\/i-introduction\/\" class=\"sh-overlay-item sh-table-cell\" title=\"Open the article - Second \u201cChina-LAC: Close Friendship Obliterates the Distance\u201d Short Video Contest\">\r\n                        <div class=\"sh-overlay-item-container\">\r\n                            <i class=\"icon-link\"><\/i>\r\n                        <\/div>\r\n                    <\/a>\r\n                \r\n                                    <a href=\"https:\/\/fundacionclec.org\/wp-content\/uploads\/2024\/07\/0207-cover-img.jpg\" class=\"sh-overlay-item sh-table-cell\" data-rel=\"lightcase\">\r\n                        <div class=\"sh-overlay-item-container\">\r\n                            <i class=\"icon-magnifier-add\"><\/i>\r\n                        <\/div>\r\n                    <\/a>\r\n                            <\/div>\r\n        <\/div>\r\n\r\n    \t\t\t<\/div>\r\n\r\n\t\t\t<div class=\"post-content-container\">\r\n\t\t\t\t<a href=\"https:\/\/fundacionclec.org\/en\/i-introduction\/\" class=\"post-title\">\r\n\t\t\t\t\t<h2 itemprop=\"headline\">\r\n\t\t\t\t\t\t\t\t\t\t\t\tSecond \u201cChina-LAC: Close Friendship Obliterates the Distance\u201d Short Video Contest\t\t\t\t\t<\/h2>\r\n\t\t\t\t<\/a>\r\n\r\n\t\t\t\t<div class=\"post-meta post-meta-one\">\r\n\t\t\t\t\t\r\n        \r\n            <span class=\"post-meta-author\">\r\n                by                                    <a href=\"https:\/\/fundacionclec.org\/en\/author\/crical\/\" class=\"bypostauthor\" itemprop=\"url\" rel=\"author\">\r\n                        CLEC                    <\/a>\r\n                            <\/span>\r\n\r\n        \r\n        \r\n        \r\n    \t\t\t\t<\/div>\r\n\r\n\t\t\t\t<div class=\"post-content\" itemprop=\"text\">\r\n\t\t\t\t\t<p>I. Introduction In commemoration of the 10th anniversary of the proposal of the \u201cChina-LAC community with a shared future\u201d, the Second \u201cChina-LAC: Close Friendship Obliterates the Distance\u201d Short Video Contest, sponsored by the China Public Diplomacy Association and undertaken by the Global Times Online, is&#8230;<\/p>\n\t\t\t\t<\/div>\r\n\r\n\t\t\t\t<div class=\"post-meta post-meta-two\">\r\n\t\t\t\t\t\r\n        <div class=\"sh-columns post-meta-comments\">\r\n            <span class=\"post-meta-categories\">\r\n                <i class=\"icon-tag\"><\/i>\r\n                <a href=\"https:\/\/fundacionclec.org\/en\/category\/news\/\" rel=\"category tag\">News<\/a>            <\/span>\r\n\r\n                            <div><\/div>\r\n                    <\/div>\r\n\r\n    \t\t\t\t<\/div>\r\n\t\t\t<\/div>\r\n\r\n\t\t<\/div>\r\n\t<\/article>\r\n\r\n\r\n\r\n\t<article id=\"post-39335\" class=\"post-item post-39335 post type-post status-publish format-standard has-post-thumbnail hentry category-cap-en category-news\" itemscope=\"itemscope\" itemtype=\"http:\/\/schema.org\/Article\">\r\n\t\t<div class=\"post-container\">\r\n\t\t\t\r\n\t\t\t<div class=\"post-meta-thumb\">\r\n\t\t\t\t\t\t\t\t\r\n\t\t\t\t\r\n\t\t\t\t\t<div class=\"ratio-container\" style=\"padding-top: 100%;\">\r\n\t\t\t\t\t\t<div class=\"ratio-content\">\r\n\t\t\t\t\t\t\t<img class=\"sh-image-url lazy\" data-src=\"https:\/\/fundacionclec.org\/wp-content\/uploads\/2024\/06\/CLEC_Desarrollo_Sustentable.jpg\" alt=\"\" \/>\r\n\t\t\t\t\t\t<\/div>\r\n\t\t\t\t\t<\/div>\r\n\r\n\t\t\t\t\r\n\t\t\t\t\r\n        <div class=\"sh-overlay-style1\">\r\n            <div class=\"sh-table-full\">\r\n                                    <a href=\"https:\/\/fundacionclec.org\/en\/chinese-sustainable-development\/\" class=\"sh-overlay-item sh-table-cell\" title=\"Open the article - Chinese + sustainable development\">\r\n                        <div class=\"sh-overlay-item-container\">\r\n                            <i class=\"icon-link\"><\/i>\r\n                        <\/div>\r\n                    <\/a>\r\n                \r\n                                    <a href=\"https:\/\/fundacionclec.org\/wp-content\/uploads\/2024\/06\/CLEC_Desarrollo_Sustentable.jpg\" class=\"sh-overlay-item sh-table-cell\" data-rel=\"lightcase\">\r\n                        <div class=\"sh-overlay-item-container\">\r\n                            <i class=\"icon-magnifier-add\"><\/i>\r\n                        <\/div>\r\n                    <\/a>\r\n                            <\/div>\r\n        <\/div>\r\n\r\n    \t\t\t<\/div>\r\n\r\n\t\t\t<div class=\"post-content-container\">\r\n\t\t\t\t<a href=\"https:\/\/fundacionclec.org\/en\/chinese-sustainable-development\/\" class=\"post-title\">\r\n\t\t\t\t\t<h2 itemprop=\"headline\">\r\n\t\t\t\t\t\t\t\t\t\t\t\tChinese + sustainable development\t\t\t\t\t<\/h2>\r\n\t\t\t\t<\/a>\r\n\r\n\t\t\t\t<div class=\"post-meta post-meta-one\">\r\n\t\t\t\t\t\r\n        \r\n            <span class=\"post-meta-author\">\r\n                by                                    <a href=\"https:\/\/fundacionclec.org\/en\/author\/crical\/\" class=\"bypostauthor\" itemprop=\"url\" rel=\"author\">\r\n                        CLEC                    <\/a>\r\n                            <\/span>\r\n\r\n        \r\n        \r\n        \r\n    \t\t\t\t<\/div>\r\n\r\n\t\t\t\t<div class=\"post-content\" itemprop=\"text\">\r\n\t\t\t\t\t\t\t\t\t<\/div>\r\n\r\n\t\t\t\t<div class=\"post-meta post-meta-two\">\r\n\t\t\t\t\t\r\n        <div class=\"sh-columns post-meta-comments\">\r\n            <span class=\"post-meta-categories\">\r\n                <i class=\"icon-tag\"><\/i>\r\n                <a href=\"https:\/\/fundacionclec.org\/en\/category\/cap-en\/\" rel=\"category tag\">cap-en<\/a>, <a href=\"https:\/\/fundacionclec.org\/en\/category\/news\/\" rel=\"category tag\">News<\/a>            <\/span>\r\n\r\n                            <div><\/div>\r\n                    <\/div>\r\n\r\n    \t\t\t\t<\/div>\r\n\t\t\t<\/div>\r\n\r\n\t\t<\/div>\r\n\t<\/article>\r\n\r\n\r\n\r\n\t<article id=\"post-38788\" class=\"post-item post-38788 post type-post status-publish format-standard has-post-thumbnail hentry category-news\" itemscope=\"itemscope\" itemtype=\"http:\/\/schema.org\/Article\">\r\n\t\t<div class=\"post-container\">\r\n\t\t\t\r\n\t\t\t<div class=\"post-meta-thumb\">\r\n\t\t\t\t\t\t\t\t\r\n\t\t\t\t\r\n\t\t\t\t\t<div class=\"ratio-container\" style=\"padding-top: 100%;\">\r\n\t\t\t\t\t\t<div class=\"ratio-content\">\r\n\t\t\t\t\t\t\t<img class=\"sh-image-url lazy\" data-src=\"https:\/\/fundacionclec.org\/wp-content\/uploads\/2024\/04\/0404cover-img.jpg\" alt=\"\" \/>\r\n\t\t\t\t\t\t<\/div>\r\n\t\t\t\t\t<\/div>\r\n\r\n\t\t\t\t\r\n\t\t\t\t\r\n        <div class=\"sh-overlay-style1\">\r\n            <div class=\"sh-table-full\">\r\n                                    <a href=\"https:\/\/fundacionclec.org\/en\/chinese-language-day-at-the-united-nations\/\" class=\"sh-overlay-item sh-table-cell\" title=\"Open the article - Chinese Language Day at the United Nations\">\r\n                        <div class=\"sh-overlay-item-container\">\r\n                            <i class=\"icon-link\"><\/i>\r\n                        <\/div>\r\n                    <\/a>\r\n                \r\n                                    <a href=\"https:\/\/fundacionclec.org\/wp-content\/uploads\/2024\/04\/0404cover-img.jpg\" class=\"sh-overlay-item sh-table-cell\" data-rel=\"lightcase\">\r\n                        <div class=\"sh-overlay-item-container\">\r\n                            <i class=\"icon-magnifier-add\"><\/i>\r\n                        <\/div>\r\n                    <\/a>\r\n                            <\/div>\r\n        <\/div>\r\n\r\n    \t\t\t<\/div>\r\n\r\n\t\t\t<div class=\"post-content-container\">\r\n\t\t\t\t<a href=\"https:\/\/fundacionclec.org\/en\/chinese-language-day-at-the-united-nations\/\" class=\"post-title\">\r\n\t\t\t\t\t<h2 itemprop=\"headline\">\r\n\t\t\t\t\t\t\t\t\t\t\t\tChinese Language Day at the United Nations\t\t\t\t\t<\/h2>\r\n\t\t\t\t<\/a>\r\n\r\n\t\t\t\t<div class=\"post-meta post-meta-one\">\r\n\t\t\t\t\t\r\n        \r\n            <span class=\"post-meta-author\">\r\n                by                                    <a href=\"https:\/\/fundacionclec.org\/en\/author\/crical\/\" class=\"bypostauthor\" itemprop=\"url\" rel=\"author\">\r\n                        CLEC                    <\/a>\r\n                            <\/span>\r\n\r\n        \r\n        \r\n        \r\n    \t\t\t\t<\/div>\r\n\r\n\t\t\t\t<div class=\"post-content\" itemprop=\"text\">\r\n\t\t\t\t\t<p>April 20, the day of Chinese Language Day at the United Nations, has a fascinating historical and cultural background that dates to the beginnings of Chinese civilization. This date was officially designated as Chinese Language Day at the United Nations on February 19, 2010.&nbsp; The&#8230;<\/p>\n\t\t\t\t<\/div>\r\n\r\n\t\t\t\t<div class=\"post-meta post-meta-two\">\r\n\t\t\t\t\t\r\n        <div class=\"sh-columns post-meta-comments\">\r\n            <span class=\"post-meta-categories\">\r\n                <i class=\"icon-tag\"><\/i>\r\n                <a href=\"https:\/\/fundacionclec.org\/en\/category\/news\/\" rel=\"category tag\">News<\/a>            <\/span>\r\n\r\n                            <div><\/div>\r\n                    <\/div>\r\n\r\n    \t\t\t\t<\/div>\r\n\t\t\t<\/div>\r\n\r\n\t\t<\/div>\r\n\t<\/article>\r\n\r\n\r\n\r\n\t<article id=\"post-38701\" class=\"post-item post-38701 post type-post status-publish format-standard has-post-thumbnail hentry category-cap-en category-news\" itemscope=\"itemscope\" itemtype=\"http:\/\/schema.org\/Article\">\r\n\t\t<div class=\"post-container\">\r\n\t\t\t\r\n\t\t\t<div class=\"post-meta-thumb\">\r\n\t\t\t\t\t\t\t\t\r\n\t\t\t\t\r\n\t\t\t\t\t<div class=\"ratio-container\" style=\"padding-top: 100%;\">\r\n\t\t\t\t\t\t<div class=\"ratio-content\">\r\n\t\t\t\t\t\t\t<img class=\"sh-image-url lazy\" data-src=\"https:\/\/fundacionclec.org\/wp-content\/uploads\/2024\/04\/cover-img-mineria.jpg\" alt=\"\" \/>\r\n\t\t\t\t\t\t<\/div>\r\n\t\t\t\t\t<\/div>\r\n\r\n\t\t\t\t\r\n\t\t\t\t\r\n        <div class=\"sh-overlay-style1\">\r\n            <div class=\"sh-table-full\">\r\n                                    <a href=\"https:\/\/fundacionclec.org\/en\/chino-mineria\/\" class=\"sh-overlay-item sh-table-cell\" title=\"Open the article - CHINESE + MINING\">\r\n                        <div class=\"sh-overlay-item-container\">\r\n                            <i class=\"icon-link\"><\/i>\r\n                        <\/div>\r\n                    <\/a>\r\n                \r\n                                    <a href=\"https:\/\/fundacionclec.org\/wp-content\/uploads\/2024\/04\/cover-img-mineria.jpg\" class=\"sh-overlay-item sh-table-cell\" data-rel=\"lightcase\">\r\n                        <div class=\"sh-overlay-item-container\">\r\n                            <i class=\"icon-magnifier-add\"><\/i>\r\n                        <\/div>\r\n                    <\/a>\r\n                            <\/div>\r\n        <\/div>\r\n\r\n    \t\t\t<\/div>\r\n\r\n\t\t\t<div class=\"post-content-container\">\r\n\t\t\t\t<a href=\"https:\/\/fundacionclec.org\/en\/chino-mineria\/\" class=\"post-title\">\r\n\t\t\t\t\t<h2 itemprop=\"headline\">\r\n\t\t\t\t\t\t\t\t\t\t\t\tCHINESE + MINING\t\t\t\t\t<\/h2>\r\n\t\t\t\t<\/a>\r\n\r\n\t\t\t\t<div class=\"post-meta post-meta-one\">\r\n\t\t\t\t\t\r\n        \r\n            <span class=\"post-meta-author\">\r\n                by                                    <a href=\"https:\/\/fundacionclec.org\/en\/author\/crical\/\" class=\"bypostauthor\" itemprop=\"url\" rel=\"author\">\r\n                        CLEC                    <\/a>\r\n                            <\/span>\r\n\r\n        \r\n        \r\n        \r\n    \t\t\t\t<\/div>\r\n\r\n\t\t\t\t<div class=\"post-content\" itemprop=\"text\">\r\n\t\t\t\t\t\t\t\t\t<\/div>\r\n\r\n\t\t\t\t<div class=\"post-meta post-meta-two\">\r\n\t\t\t\t\t\r\n        <div class=\"sh-columns post-meta-comments\">\r\n            <span class=\"post-meta-categories\">\r\n                <i class=\"icon-tag\"><\/i>\r\n                <a href=\"https:\/\/fundacionclec.org\/en\/category\/cap-en\/\" rel=\"category tag\">cap-en<\/a>, <a href=\"https:\/\/fundacionclec.org\/en\/category\/news\/\" rel=\"category tag\">News<\/a>            <\/span>\r\n\r\n                            <div><\/div>\r\n                    <\/div>\r\n\r\n    \t\t\t\t<\/div>\r\n\t\t\t<\/div>\r\n\r\n\t\t<\/div>\r\n\t<\/article>\r\n\r\n\r\n\r\n\t<article id=\"post-37263\" class=\"post-item post-37263 post type-post status-publish format-standard has-post-thumbnail hentry category-cap-en category-news category-noticias-en\" itemscope=\"itemscope\" itemtype=\"http:\/\/schema.org\/Article\">\r\n\t\t<div class=\"post-container\">\r\n\t\t\t\r\n\t\t\t<div class=\"post-meta-thumb\">\r\n\t\t\t\t\t\t\t\t\r\n\t\t\t\t\r\n\t\t\t\t\t<div class=\"ratio-container\" style=\"padding-top: 100%;\">\r\n\t\t\t\t\t\t<div class=\"ratio-content\">\r\n\t\t\t\t\t\t\t<img class=\"sh-image-url lazy\" data-src=\"https:\/\/fundacionclec.org\/wp-content\/uploads\/2023\/10\/cover-img-en.jpg\" alt=\"\" \/>\r\n\t\t\t\t\t\t<\/div>\r\n\t\t\t\t\t<\/div>\r\n\r\n\t\t\t\t\r\n\t\t\t\t\r\n        <div class=\"sh-overlay-style1\">\r\n            <div class=\"sh-table-full\">\r\n                                    <a href=\"https:\/\/fundacionclec.org\/en\/notice-about-online-workshop-for-latin-america-and-the-caribbean-chinese-tourist-culture\/\" class=\"sh-overlay-item sh-table-cell\" title=\"Open the article - Online Workshop for Latin America and the Caribbean: &#8220;Chinese + Tourist Culture&#8221;\">\r\n                        <div class=\"sh-overlay-item-container\">\r\n                            <i class=\"icon-link\"><\/i>\r\n                        <\/div>\r\n                    <\/a>\r\n                \r\n                                    <a href=\"https:\/\/fundacionclec.org\/wp-content\/uploads\/2023\/10\/cover-img-en.jpg\" class=\"sh-overlay-item sh-table-cell\" data-rel=\"lightcase\">\r\n                        <div class=\"sh-overlay-item-container\">\r\n                            <i class=\"icon-magnifier-add\"><\/i>\r\n                        <\/div>\r\n                    <\/a>\r\n                            <\/div>\r\n        <\/div>\r\n\r\n    \t\t\t<\/div>\r\n\r\n\t\t\t<div class=\"post-content-container\">\r\n\t\t\t\t<a href=\"https:\/\/fundacionclec.org\/en\/notice-about-online-workshop-for-latin-america-and-the-caribbean-chinese-tourist-culture\/\" class=\"post-title\">\r\n\t\t\t\t\t<h2 itemprop=\"headline\">\r\n\t\t\t\t\t\t\t\t\t\t\t\tOnline Workshop for Latin America and the Caribbean: &#8220;Chinese + Tourist Culture&#8221;\t\t\t\t\t<\/h2>\r\n\t\t\t\t<\/a>\r\n\r\n\t\t\t\t<div class=\"post-meta post-meta-one\">\r\n\t\t\t\t\t\r\n        \r\n            <span class=\"post-meta-author\">\r\n                by                                    <a href=\"https:\/\/fundacionclec.org\/en\/author\/crical\/\" class=\"bypostauthor\" itemprop=\"url\" rel=\"author\">\r\n                        CLEC                    <\/a>\r\n                            <\/span>\r\n\r\n        \r\n        \r\n        \r\n    \t\t\t\t<\/div>\r\n\r\n\t\t\t\t<div class=\"post-content\" itemprop=\"text\">\r\n\t\t\t\t\t<p>In order to increase enthusiasm and interest in Chinese language and culture in the region and strengthen knowledge and understanding of Chinese and Chinese tourism culture, the CLEC Foundation \u2013 Regional Office for Latin America and the Caribbean, in cooperation with Beijing University of Language&#8230;<\/p>\n\t\t\t\t<\/div>\r\n\r\n\t\t\t\t<div class=\"post-meta post-meta-two\">\r\n\t\t\t\t\t\r\n        <div class=\"sh-columns post-meta-comments\">\r\n            <span class=\"post-meta-categories\">\r\n                <i class=\"icon-tag\"><\/i>\r\n                <a href=\"https:\/\/fundacionclec.org\/en\/category\/cap-en\/\" rel=\"category tag\">cap-en<\/a>, <a href=\"https:\/\/fundacionclec.org\/en\/category\/news\/\" rel=\"category tag\">News<\/a>, <a href=\"https:\/\/fundacionclec.org\/en\/category\/noticias-en\/\" rel=\"category tag\">Noticias<\/a>            <\/span>\r\n\r\n                            <div><\/div>\r\n                    <\/div>\r\n\r\n    \t\t\t\t<\/div>\r\n\t\t\t<\/div>\r\n\r\n\t\t<\/div>\r\n\t<\/article>\r\n\r\n\r\n\r\n\t<article id=\"post-36976\" class=\"post-item post-36976 post type-post status-publish format-standard has-post-thumbnail hentry category-cap-en category-news category-noticias\" itemscope=\"itemscope\" itemtype=\"http:\/\/schema.org\/Article\">\r\n\t\t<div class=\"post-container\">\r\n\t\t\t\r\n\t\t\t<div class=\"post-meta-thumb\">\r\n\t\t\t\t\t\t\t\t\r\n\t\t\t\t\r\n\t\t\t\t\t<div class=\"ratio-container\" style=\"padding-top: 100%;\">\r\n\t\t\t\t\t\t<div class=\"ratio-content\">\r\n\t\t\t\t\t\t\t<img class=\"sh-image-url lazy\" data-src=\"https:\/\/fundacionclec.org\/wp-content\/uploads\/2023\/08\/Capacitacion-en-Linea-cover.jpg\" alt=\"\" \/>\r\n\t\t\t\t\t\t<\/div>\r\n\t\t\t\t\t<\/div>\r\n\r\n\t\t\t\t\r\n\t\t\t\t\r\n        <div class=\"sh-overlay-style1\">\r\n            <div class=\"sh-table-full\">\r\n                                    <a href=\"https:\/\/fundacionclec.org\/en\/2023-online-training-for-chinese-language-teachers-in-latin-america-and-the-caribbean\/\" class=\"sh-overlay-item sh-table-cell\" title=\"Open the article - 2023 Online Training for Chinese Language Teachers\u00a0in Latin America and the Caribbean\u00a0\">\r\n                        <div class=\"sh-overlay-item-container\">\r\n                            <i class=\"icon-link\"><\/i>\r\n                        <\/div>\r\n                    <\/a>\r\n                \r\n                                    <a href=\"https:\/\/fundacionclec.org\/wp-content\/uploads\/2023\/08\/Capacitacion-en-Linea-cover.jpg\" class=\"sh-overlay-item sh-table-cell\" data-rel=\"lightcase\">\r\n                        <div class=\"sh-overlay-item-container\">\r\n                            <i class=\"icon-magnifier-add\"><\/i>\r\n                        <\/div>\r\n                    <\/a>\r\n                            <\/div>\r\n        <\/div>\r\n\r\n    \t\t\t<\/div>\r\n\r\n\t\t\t<div class=\"post-content-container\">\r\n\t\t\t\t<a href=\"https:\/\/fundacionclec.org\/en\/2023-online-training-for-chinese-language-teachers-in-latin-america-and-the-caribbean\/\" class=\"post-title\">\r\n\t\t\t\t\t<h2 itemprop=\"headline\">\r\n\t\t\t\t\t\t\t\t\t\t\t\t2023 Online Training for Chinese Language Teachers\u00a0in Latin America and the Caribbean\u00a0\t\t\t\t\t<\/h2>\r\n\t\t\t\t<\/a>\r\n\r\n\t\t\t\t<div class=\"post-meta post-meta-one\">\r\n\t\t\t\t\t\r\n        \r\n            <span class=\"post-meta-author\">\r\n                by                                    <a href=\"https:\/\/fundacionclec.org\/en\/author\/crical\/\" class=\"bypostauthor\" itemprop=\"url\" rel=\"author\">\r\n                        CLEC                    <\/a>\r\n                            <\/span>\r\n\r\n        \r\n        \r\n        \r\n    \t\t\t\t<\/div>\r\n\r\n\t\t\t\t<div class=\"post-content\" itemprop=\"text\">\r\n\t\t\t\t\t<p>Dear directors of Chinese teaching institutions and Chinese language teachers in Latin America and the Caribbean: In order to develop the capacity of Chinese language teachers in the region in the theory and pedagogy of Chinese language ontology, the use and exploration of teaching materials,&#8230;<\/p>\n\t\t\t\t<\/div>\r\n\r\n\t\t\t\t<div class=\"post-meta post-meta-two\">\r\n\t\t\t\t\t\r\n        <div class=\"sh-columns post-meta-comments\">\r\n            <span class=\"post-meta-categories\">\r\n                <i class=\"icon-tag\"><\/i>\r\n                <a href=\"https:\/\/fundacionclec.org\/en\/category\/cap-en\/\" rel=\"category tag\">cap-en<\/a>, <a href=\"https:\/\/fundacionclec.org\/en\/category\/news\/\" rel=\"category tag\">News<\/a>, <a href=\"https:\/\/fundacionclec.org\/category\/noticias\/\" rel=\"category tag\">Noticias<\/a>            <\/span>\r\n\r\n                            <div><\/div>\r\n                    <\/div>\r\n\r\n    \t\t\t\t<\/div>\r\n\t\t\t<\/div>\r\n\r\n\t\t<\/div>\r\n\t<\/article>\r\n\r\n\r\n\r\n\t<article id=\"post-36788\" class=\"post-item post-36788 post type-post status-publish format-standard has-post-thumbnail hentry category-cap-en category-news\" itemscope=\"itemscope\" itemtype=\"http:\/\/schema.org\/Article\">\r\n\t\t<div class=\"post-container\">\r\n\t\t\t\r\n\t\t\t<div class=\"post-meta-thumb\">\r\n\t\t\t\t\t\t\t\t\r\n\t\t\t\t\r\n\t\t\t\t\t<div class=\"ratio-container\" style=\"padding-top: 100%;\">\r\n\t\t\t\t\t\t<div class=\"ratio-content\">\r\n\t\t\t\t\t\t\t<img class=\"sh-image-url lazy\" data-src=\"https:\/\/fundacionclec.org\/wp-content\/uploads\/2023\/08\/cover-conversatorio-cine.jpg\" alt=\"\" \/>\r\n\t\t\t\t\t\t<\/div>\r\n\t\t\t\t\t<\/div>\r\n\r\n\t\t\t\t\r\n\t\t\t\t\r\n        <div class=\"sh-overlay-style1\">\r\n            <div class=\"sh-table-full\">\r\n                                    <a href=\"https:\/\/fundacionclec.org\/en\/chinese-cinema-seminar-dialogues-with-latin-america\/\" class=\"sh-overlay-item sh-table-cell\" title=\"Open the article - Chinese Cinema Seminar: dialogues with Latin America\">\r\n                        <div class=\"sh-overlay-item-container\">\r\n                            <i class=\"icon-link\"><\/i>\r\n                        <\/div>\r\n                    <\/a>\r\n                \r\n                                    <a href=\"https:\/\/fundacionclec.org\/wp-content\/uploads\/2023\/08\/cover-conversatorio-cine.jpg\" class=\"sh-overlay-item sh-table-cell\" data-rel=\"lightcase\">\r\n                        <div class=\"sh-overlay-item-container\">\r\n                            <i class=\"icon-magnifier-add\"><\/i>\r\n                        <\/div>\r\n                    <\/a>\r\n                            <\/div>\r\n        <\/div>\r\n\r\n    \t\t\t<\/div>\r\n\r\n\t\t\t<div class=\"post-content-container\">\r\n\t\t\t\t<a href=\"https:\/\/fundacionclec.org\/en\/chinese-cinema-seminar-dialogues-with-latin-america\/\" class=\"post-title\">\r\n\t\t\t\t\t<h2 itemprop=\"headline\">\r\n\t\t\t\t\t\t\t\t\t\t\t\tChinese Cinema Seminar: dialogues with Latin America\t\t\t\t\t<\/h2>\r\n\t\t\t\t<\/a>\r\n\r\n\t\t\t\t<div class=\"post-meta post-meta-one\">\r\n\t\t\t\t\t\r\n        \r\n            <span class=\"post-meta-author\">\r\n                by                                    <a href=\"https:\/\/fundacionclec.org\/en\/author\/crical\/\" class=\"bypostauthor\" itemprop=\"url\" rel=\"author\">\r\n                        CLEC                    <\/a>\r\n                            <\/span>\r\n\r\n        \r\n        \r\n        \r\n    \t\t\t\t<\/div>\r\n\r\n\t\t\t\t<div class=\"post-content\" itemprop=\"text\">\r\n\t\t\t\t\t<p>In this seminar we will specifically address two Chinese films: The Wandering Earth and Blind Massage. Below, we share the links so you can watch acclaimed film critic Dai Jinhua&#8217;s lectures on these movies and the movies. We recommend you see the classes before the&#8230;<\/p>\n\t\t\t\t<\/div>\r\n\r\n\t\t\t\t<div class=\"post-meta post-meta-two\">\r\n\t\t\t\t\t\r\n        <div class=\"sh-columns post-meta-comments\">\r\n            <span class=\"post-meta-categories\">\r\n                <i class=\"icon-tag\"><\/i>\r\n                <a href=\"https:\/\/fundacionclec.org\/en\/category\/cap-en\/\" rel=\"category tag\">cap-en<\/a>, <a href=\"https:\/\/fundacionclec.org\/en\/category\/news\/\" rel=\"category tag\">News<\/a>            <\/span>\r\n\r\n                            <div><\/div>\r\n                    <\/div>\r\n\r\n    \t\t\t\t<\/div>\r\n\t\t\t<\/div>\r\n\r\n\t\t<\/div>\r\n\t<\/article>\r\n\r\n\r\n\r\n\t<article id=\"post-36444\" class=\"post-item post-36444 post type-post status-publish format-standard has-post-thumbnail hentry category-cap-en category-news\" itemscope=\"itemscope\" itemtype=\"http:\/\/schema.org\/Article\">\r\n\t\t<div class=\"post-container\">\r\n\t\t\t\r\n\t\t\t<div class=\"post-meta-thumb\">\r\n\t\t\t\t\t\t\t\t\r\n\t\t\t\t\r\n\t\t\t\t\t<div class=\"ratio-container\" style=\"padding-top: 100%;\">\r\n\t\t\t\t\t\t<div class=\"ratio-content\">\r\n\t\t\t\t\t\t\t<img class=\"sh-image-url lazy\" data-src=\"https:\/\/fundacionclec.org\/wp-content\/uploads\/2023\/06\/cover-img-moda.jpg\" alt=\"\" \/>\r\n\t\t\t\t\t\t<\/div>\r\n\t\t\t\t\t<\/div>\r\n\r\n\t\t\t\t\r\n\t\t\t\t\r\n        <div class=\"sh-overlay-style1\">\r\n            <div class=\"sh-table-full\">\r\n                                    <a href=\"https:\/\/fundacionclec.org\/en\/chinese-culture-seminar-contemporary-fashion\/\" class=\"sh-overlay-item sh-table-cell\" title=\"Open the article - Chinese Culture Seminar: Contemporary fashion\">\r\n                        <div class=\"sh-overlay-item-container\">\r\n                            <i class=\"icon-link\"><\/i>\r\n                        <\/div>\r\n                    <\/a>\r\n                \r\n                                    <a href=\"https:\/\/fundacionclec.org\/wp-content\/uploads\/2023\/06\/cover-img-moda.jpg\" class=\"sh-overlay-item sh-table-cell\" data-rel=\"lightcase\">\r\n                        <div class=\"sh-overlay-item-container\">\r\n                            <i class=\"icon-magnifier-add\"><\/i>\r\n                        <\/div>\r\n                    <\/a>\r\n                            <\/div>\r\n        <\/div>\r\n\r\n    \t\t\t<\/div>\r\n\r\n\t\t\t<div class=\"post-content-container\">\r\n\t\t\t\t<a href=\"https:\/\/fundacionclec.org\/en\/chinese-culture-seminar-contemporary-fashion\/\" class=\"post-title\">\r\n\t\t\t\t\t<h2 itemprop=\"headline\">\r\n\t\t\t\t\t\t\t\t\t\t\t\tChinese Culture Seminar: Contemporary fashion\t\t\t\t\t<\/h2>\r\n\t\t\t\t<\/a>\r\n\r\n\t\t\t\t<div class=\"post-meta post-meta-one\">\r\n\t\t\t\t\t\r\n        \r\n            <span class=\"post-meta-author\">\r\n                by                                    <a href=\"https:\/\/fundacionclec.org\/en\/author\/crical\/\" class=\"bypostauthor\" itemprop=\"url\" rel=\"author\">\r\n                        CLEC                    <\/a>\r\n                            <\/span>\r\n\r\n        \r\n        \r\n        \r\n    \t\t\t\t<\/div>\r\n\r\n\t\t\t\t<div class=\"post-content\" itemprop=\"text\">\r\n\t\t\t\t\t<p>REGISTER FOR OUR WEBINAR https:\/\/us06web.zoom.us\/webinar\/register\/WN__PRNk6ePREOpfY2J1W5mfQ<\/p>\n\t\t\t\t<\/div>\r\n\r\n\t\t\t\t<div class=\"post-meta post-meta-two\">\r\n\t\t\t\t\t\r\n        <div class=\"sh-columns post-meta-comments\">\r\n            <span class=\"post-meta-categories\">\r\n                <i class=\"icon-tag\"><\/i>\r\n                <a href=\"https:\/\/fundacionclec.org\/en\/category\/cap-en\/\" rel=\"category tag\">cap-en<\/a>, <a href=\"https:\/\/fundacionclec.org\/en\/category\/news\/\" rel=\"category tag\">News<\/a>            <\/span>\r\n\r\n                            <div><\/div>\r\n                    <\/div>\r\n\r\n    \t\t\t\t<\/div>\r\n\t\t\t<\/div>\r\n\r\n\t\t<\/div>\r\n\t<\/article>\r\n\r\n\r\n\r\n\t<article id=\"post-36296\" class=\"post-item post-36296 post type-post status-publish format-standard has-post-thumbnail hentry category-cap-en category-news category-noticias-en\" itemscope=\"itemscope\" itemtype=\"http:\/\/schema.org\/Article\">\r\n\t\t<div class=\"post-container\">\r\n\t\t\t\r\n\t\t\t<div class=\"post-meta-thumb\">\r\n\t\t\t\t\t\t\t\t\r\n\t\t\t\t\r\n\t\t\t\t\t<div class=\"ratio-container\" style=\"padding-top: 100%;\">\r\n\t\t\t\t\t\t<div class=\"ratio-content\">\r\n\t\t\t\t\t\t\t<img class=\"sh-image-url lazy\" data-src=\"https:\/\/fundacionclec.org\/wp-content\/uploads\/2023\/05\/CLEC-Telecomunicaciones-Perfiles-ENG.jpg\" alt=\"\" \/>\r\n\t\t\t\t\t\t<\/div>\r\n\t\t\t\t\t<\/div>\r\n\r\n\t\t\t\t\r\n\t\t\t\t\r\n        <div class=\"sh-overlay-style1\">\r\n            <div class=\"sh-table-full\">\r\n                                    <a href=\"https:\/\/fundacionclec.org\/en\/telecommunications-chinese\/\" class=\"sh-overlay-item sh-table-cell\" title=\"Open the article - Telecommunications + Chinese\">\r\n                        <div class=\"sh-overlay-item-container\">\r\n                            <i class=\"icon-link\"><\/i>\r\n                        <\/div>\r\n                    <\/a>\r\n                \r\n                                    <a href=\"https:\/\/fundacionclec.org\/wp-content\/uploads\/2023\/05\/CLEC-Telecomunicaciones-Perfiles-ENG.jpg\" class=\"sh-overlay-item sh-table-cell\" data-rel=\"lightcase\">\r\n                        <div class=\"sh-overlay-item-container\">\r\n                            <i class=\"icon-magnifier-add\"><\/i>\r\n                        <\/div>\r\n                    <\/a>\r\n                            <\/div>\r\n        <\/div>\r\n\r\n    \t\t\t<\/div>\r\n\r\n\t\t\t<div class=\"post-content-container\">\r\n\t\t\t\t<a href=\"https:\/\/fundacionclec.org\/en\/telecommunications-chinese\/\" class=\"post-title\">\r\n\t\t\t\t\t<h2 itemprop=\"headline\">\r\n\t\t\t\t\t\t\t\t\t\t\t\tTelecommunications + Chinese\t\t\t\t\t<\/h2>\r\n\t\t\t\t<\/a>\r\n\r\n\t\t\t\t<div class=\"post-meta post-meta-one\">\r\n\t\t\t\t\t\r\n        \r\n            <span class=\"post-meta-author\">\r\n                by                                    <a href=\"https:\/\/fundacionclec.org\/en\/author\/crical\/\" class=\"bypostauthor\" itemprop=\"url\" rel=\"author\">\r\n                        CLEC                    <\/a>\r\n                            <\/span>\r\n\r\n        \r\n        \r\n        \r\n    \t\t\t\t<\/div>\r\n\r\n\t\t\t\t<div class=\"post-content\" itemprop=\"text\">\r\n\t\t\t\t\t<p>May 31 10:00 am GMT-4 https:\/\/us06web.zoom.us\/webinar\/register\/WN_28A39AbwQPm46aGy13xP-A GMT-5 Per\u00fa Colombia Jamaica Ecuador Panam\u00e1 GMT-4 Venezuela Barbados Cuba Haiti Bahamas Chile GMT-5 Per\u00fa Colombia Jamaica Ecuador Panam\u00e1 GMT-6 M\u00e9xico Costa Rica El Salvador Guatemala Nicaragua&nbsp; GMT+2Espa\u00f1a GMT+8China &nbsp;11:00 &nbsp;10:00 &nbsp;09:00 &nbsp;08:00 &nbsp;16:00 &nbsp;22:00 A certificate of participation&#8230;<\/p>\n\t\t\t\t<\/div>\r\n\r\n\t\t\t\t<div class=\"post-meta post-meta-two\">\r\n\t\t\t\t\t\r\n        <div class=\"sh-columns post-meta-comments\">\r\n            <span class=\"post-meta-categories\">\r\n                <i class=\"icon-tag\"><\/i>\r\n                <a href=\"https:\/\/fundacionclec.org\/en\/category\/cap-en\/\" rel=\"category tag\">cap-en<\/a>, <a href=\"https:\/\/fundacionclec.org\/en\/category\/news\/\" rel=\"category tag\">News<\/a>, <a href=\"https:\/\/fundacionclec.org\/en\/category\/noticias-en\/\" rel=\"category tag\">Noticias<\/a>            <\/span>\r\n\r\n                            <div><\/div>\r\n                    <\/div>\r\n\r\n    \t\t\t\t<\/div>\r\n\t\t\t<\/div>\r\n\r\n\t\t<\/div>\r\n\t<\/article>\r\n\r\n\r\n\r\n\t<article id=\"post-36040\" class=\"post-item post-36040 post type-post status-publish format-standard has-post-thumbnail hentry category-news\" itemscope=\"itemscope\" itemtype=\"http:\/\/schema.org\/Article\">\r\n\t\t<div class=\"post-container\">\r\n\t\t\t\r\n\t\t\t<div class=\"post-meta-thumb\">\r\n\t\t\t\t\t\t\t\t\r\n\t\t\t\t\r\n\t\t\t\t\t<div class=\"ratio-container\" style=\"padding-top: 100%;\">\r\n\t\t\t\t\t\t<div class=\"ratio-content\">\r\n\t\t\t\t\t\t\t<img class=\"sh-image-url lazy\" data-src=\"https:\/\/fundacionclec.org\/wp-content\/uploads\/2023\/05\/cover-0405.jpg\" alt=\"\" \/>\r\n\t\t\t\t\t\t<\/div>\r\n\t\t\t\t\t<\/div>\r\n\r\n\t\t\t\t\r\n\t\t\t\t\r\n        <div class=\"sh-overlay-style1\">\r\n            <div class=\"sh-table-full\">\r\n                                    <a href=\"https:\/\/fundacionclec.org\/en\/delegacion-de-la-universidad-de-anhui-anda-visita-fundacion-clec\/\" class=\"sh-overlay-item sh-table-cell\" title=\"Open the article - Delegation from Anhui University visits CLEC Foundation\">\r\n                        <div class=\"sh-overlay-item-container\">\r\n                            <i class=\"icon-link\"><\/i>\r\n                        <\/div>\r\n                    <\/a>\r\n                \r\n                                    <a href=\"https:\/\/fundacionclec.org\/wp-content\/uploads\/2023\/05\/cover-0405.jpg\" class=\"sh-overlay-item sh-table-cell\" data-rel=\"lightcase\">\r\n                        <div class=\"sh-overlay-item-container\">\r\n                            <i class=\"icon-magnifier-add\"><\/i>\r\n                        <\/div>\r\n                    <\/a>\r\n                            <\/div>\r\n        <\/div>\r\n\r\n    \t\t\t<\/div>\r\n\r\n\t\t\t<div class=\"post-content-container\">\r\n\t\t\t\t<a href=\"https:\/\/fundacionclec.org\/en\/delegacion-de-la-universidad-de-anhui-anda-visita-fundacion-clec\/\" class=\"post-title\">\r\n\t\t\t\t\t<h2 itemprop=\"headline\">\r\n\t\t\t\t\t\t\t\t\t\t\t\tDelegation from Anhui University visits CLEC Foundation\t\t\t\t\t<\/h2>\r\n\t\t\t\t<\/a>\r\n\r\n\t\t\t\t<div class=\"post-meta post-meta-one\">\r\n\t\t\t\t\t\r\n        \r\n            <span class=\"post-meta-author\">\r\n                by                                    <a href=\"https:\/\/fundacionclec.org\/en\/author\/crical\/\" class=\"bypostauthor\" itemprop=\"url\" rel=\"author\">\r\n                        CLEC                    <\/a>\r\n                            <\/span>\r\n\r\n        \r\n        \r\n        \r\n    \t\t\t\t<\/div>\r\n\r\n\t\t\t\t<div class=\"post-content\" itemprop=\"text\">\r\n\t\t\t\t\t<p>The delegation made up of: Cai Jingmin &#8211; Chairman of University Council ANDA; Li Xuejun &#8211; Director of Teaching Affairs Divisions, ANDA; Hu Xuewen &#8211; Director Office of International Cooperation and Exchange, ANDA; Wang Muqing &#8211; Deputy Director of International Cooperation and Exchange, ANDA; Bai&#8230;<\/p>\n\t\t\t\t<\/div>\r\n\r\n\t\t\t\t<div class=\"post-meta post-meta-two\">\r\n\t\t\t\t\t\r\n        <div class=\"sh-columns post-meta-comments\">\r\n            <span class=\"post-meta-categories\">\r\n                <i class=\"icon-tag\"><\/i>\r\n                <a href=\"https:\/\/fundacionclec.org\/en\/category\/news\/\" rel=\"category tag\">News<\/a>            <\/span>\r\n\r\n                            <div><\/div>\r\n                    <\/div>\r\n\r\n    \t\t\t\t<\/div>\r\n\t\t\t<\/div>\r\n\r\n\t\t<\/div>\r\n\t<\/article>\r\n\r\n\r\n\r\n\t<article id=\"post-35995\" class=\"post-item post-35995 post type-post status-publish format-standard has-post-thumbnail hentry category-news\" itemscope=\"itemscope\" itemtype=\"http:\/\/schema.org\/Article\">\r\n\t\t<div class=\"post-container\">\r\n\t\t\t\r\n\t\t\t<div class=\"post-meta-thumb\">\r\n\t\t\t\t\t\t\t\t\r\n\t\t\t\t\r\n\t\t\t\t\t<div class=\"ratio-container\" style=\"padding-top: 100%;\">\r\n\t\t\t\t\t\t<div class=\"ratio-content\">\r\n\t\t\t\t\t\t\t<img class=\"sh-image-url lazy\" data-src=\"https:\/\/fundacionclec.org\/wp-content\/uploads\/2023\/05\/cover51735.jpg\" alt=\"\" \/>\r\n\t\t\t\t\t\t<\/div>\r\n\t\t\t\t\t<\/div>\r\n\r\n\t\t\t\t\r\n\t\t\t\t\r\n        <div class=\"sh-overlay-style1\">\r\n            <div class=\"sh-table-full\">\r\n                                    <a href=\"https:\/\/fundacionclec.org\/en\/my-chinese-dream\/\" class=\"sh-overlay-item sh-table-cell\" title=\"Open the article - &#8220;My Chinese dream&#8221;\">\r\n                        <div class=\"sh-overlay-item-container\">\r\n                            <i class=\"icon-link\"><\/i>\r\n                        <\/div>\r\n                    <\/a>\r\n                \r\n                                    <a href=\"https:\/\/fundacionclec.org\/wp-content\/uploads\/2023\/05\/cover51735.jpg\" class=\"sh-overlay-item sh-table-cell\" data-rel=\"lightcase\">\r\n                        <div class=\"sh-overlay-item-container\">\r\n                            <i class=\"icon-magnifier-add\"><\/i>\r\n                        <\/div>\r\n                    <\/a>\r\n                            <\/div>\r\n        <\/div>\r\n\r\n    \t\t\t<\/div>\r\n\r\n\t\t\t<div class=\"post-content-container\">\r\n\t\t\t\t<a href=\"https:\/\/fundacionclec.org\/en\/my-chinese-dream\/\" class=\"post-title\">\r\n\t\t\t\t\t<h2 itemprop=\"headline\">\r\n\t\t\t\t\t\t\t\t\t\t\t\t&#8220;My Chinese dream&#8221;\t\t\t\t\t<\/h2>\r\n\t\t\t\t<\/a>\r\n\r\n\t\t\t\t<div class=\"post-meta post-meta-one\">\r\n\t\t\t\t\t\r\n        \r\n            <span class=\"post-meta-author\">\r\n                by                                    <a href=\"https:\/\/fundacionclec.org\/en\/author\/crical\/\" class=\"bypostauthor\" itemprop=\"url\" rel=\"author\">\r\n                        CLEC                    <\/a>\r\n                            <\/span>\r\n\r\n        \r\n        \r\n        \r\n    \t\t\t\t<\/div>\r\n\r\n\t\t\t\t<div class=\"post-content\" itemprop=\"text\">\r\n\t\t\t\t\t<p>&#8211;Special activity of &#8220;International Chinese Language Day&#8221; CLEC Foundation \u2013 Regional Office for Latin America and the Caribbean The Regional Office for Latin America and the Caribbean of the CLEC Foundation successfully carried out the special event &#8220;My Chinese Dream&#8221; within the framework of the&#8230;<\/p>\n\t\t\t\t<\/div>\r\n\r\n\t\t\t\t<div class=\"post-meta post-meta-two\">\r\n\t\t\t\t\t\r\n        <div class=\"sh-columns post-meta-comments\">\r\n            <span class=\"post-meta-categories\">\r\n                <i class=\"icon-tag\"><\/i>\r\n                <a href=\"https:\/\/fundacionclec.org\/en\/category\/news\/\" rel=\"category tag\">News<\/a>            <\/span>\r\n\r\n                            <div><\/div>\r\n                    <\/div>\r\n\r\n    \t\t\t\t<\/div>\r\n\t\t\t<\/div>\r\n\r\n\t\t<\/div>\r\n\t<\/article>\r\n\r\n\r\n\r\n\t<article id=\"post-35590\" class=\"post-item post-35590 post type-post status-publish format-standard has-post-thumbnail hentry category-news category-noticias-en\" itemscope=\"itemscope\" itemtype=\"http:\/\/schema.org\/Article\">\r\n\t\t<div class=\"post-container\">\r\n\t\t\t\r\n\t\t\t<div class=\"post-meta-thumb\">\r\n\t\t\t\t\t\t\t\t\r\n\t\t\t\t\r\n\t\t\t\t\t<div class=\"ratio-container\" style=\"padding-top: 151.47928994083%;\">\r\n\t\t\t\t\t\t<div class=\"ratio-content\">\r\n\t\t\t\t\t\t\t<img class=\"sh-image-url lazy\" data-src=\"https:\/\/fundacionclec.org\/wp-content\/uploads\/2023\/04\/image001-2-676x1024.jpg\" alt=\"\" \/>\r\n\t\t\t\t\t\t<\/div>\r\n\t\t\t\t\t<\/div>\r\n\r\n\t\t\t\t\r\n\t\t\t\t\r\n        <div class=\"sh-overlay-style1\">\r\n            <div class=\"sh-table-full\">\r\n                                    <a href=\"https:\/\/fundacionclec.org\/en\/director-de-la-fundacion-clec-participo-en-la-celebracion-del-dia-de-la-lengua-china-organizada-por-la-unesco\/\" class=\"sh-overlay-item sh-table-cell\" title=\"Open the article - Director of the CLEC Foundation participated in the celebration of Chinese Language Day organized by UNESCOD\">\r\n                        <div class=\"sh-overlay-item-container\">\r\n                            <i class=\"icon-link\"><\/i>\r\n                        <\/div>\r\n                    <\/a>\r\n                \r\n                                    <a href=\"https:\/\/fundacionclec.org\/wp-content\/uploads\/2023\/04\/image001-2-676x1024.jpg\" class=\"sh-overlay-item sh-table-cell\" data-rel=\"lightcase\">\r\n                        <div class=\"sh-overlay-item-container\">\r\n                            <i class=\"icon-magnifier-add\"><\/i>\r\n                        <\/div>\r\n                    <\/a>\r\n                            <\/div>\r\n        <\/div>\r\n\r\n    \t\t\t<\/div>\r\n\r\n\t\t\t<div class=\"post-content-container\">\r\n\t\t\t\t<a href=\"https:\/\/fundacionclec.org\/en\/director-de-la-fundacion-clec-participo-en-la-celebracion-del-dia-de-la-lengua-china-organizada-por-la-unesco\/\" class=\"post-title\">\r\n\t\t\t\t\t<h2 itemprop=\"headline\">\r\n\t\t\t\t\t\t\t\t\t\t\t\tDirector of the CLEC Foundation participated in the celebration of Chinese Language Day organized by UNESCOD\t\t\t\t\t<\/h2>\r\n\t\t\t\t<\/a>\r\n\r\n\t\t\t\t<div class=\"post-meta post-meta-one\">\r\n\t\t\t\t\t\r\n        \r\n            <span class=\"post-meta-author\">\r\n                by                                    <a href=\"https:\/\/fundacionclec.org\/en\/author\/crical\/\" class=\"bypostauthor\" itemprop=\"url\" rel=\"author\">\r\n                        CLEC                    <\/a>\r\n                            <\/span>\r\n\r\n        \r\n        \r\n        \r\n    \t\t\t\t<\/div>\r\n\r\n\t\t\t\t<div class=\"post-content\" itemprop=\"text\">\r\n\t\t\t\t\t<p>On the occasion of the celebration of Chinese Language Day at the United Nations, UNESCO at its headquarters in Paris held a specific seminar on April 18 to discuss the characteristics of Mandarin Chinese teaching in the world. Roberto Lafontaine, director of the CLEC Foundation&#8230;<\/p>\n\t\t\t\t<\/div>\r\n\r\n\t\t\t\t<div class=\"post-meta post-meta-two\">\r\n\t\t\t\t\t\r\n        <div class=\"sh-columns post-meta-comments\">\r\n            <span class=\"post-meta-categories\">\r\n                <i class=\"icon-tag\"><\/i>\r\n                <a href=\"https:\/\/fundacionclec.org\/en\/category\/news\/\" rel=\"category tag\">News<\/a>, <a href=\"https:\/\/fundacionclec.org\/en\/category\/noticias-en\/\" rel=\"category tag\">Noticias<\/a>            <\/span>\r\n\r\n                            <div><\/div>\r\n                    <\/div>\r\n\r\n    \t\t\t\t<\/div>\r\n\t\t\t<\/div>\r\n\r\n\t\t<\/div>\r\n\t<\/article>\r\n\r\n\r\n\r\n\t<article id=\"post-35549\" class=\"post-item post-35549 post type-post status-publish format-standard has-post-thumbnail hentry category-cap-en category-news category-noticias-en\" itemscope=\"itemscope\" itemtype=\"http:\/\/schema.org\/Article\">\r\n\t\t<div class=\"post-container\">\r\n\t\t\t\r\n\t\t\t<div class=\"post-meta-thumb\">\r\n\t\t\t\t\t\t\t\t\r\n\t\t\t\t\r\n\t\t\t\t\t<div class=\"ratio-container\" style=\"padding-top: 100%;\">\r\n\t\t\t\t\t\t<div class=\"ratio-content\">\r\n\t\t\t\t\t\t\t<img class=\"sh-image-url lazy\" data-src=\"https:\/\/fundacionclec.org\/wp-content\/uploads\/2023\/04\/CLEC-dia-Internacional-Idioma-Chino-1024x1024.jpg\" alt=\"\" \/>\r\n\t\t\t\t\t\t<\/div>\r\n\t\t\t\t\t<\/div>\r\n\r\n\t\t\t\t\r\n\t\t\t\t\r\n        <div class=\"sh-overlay-style1\">\r\n            <div class=\"sh-table-full\">\r\n                                    <a href=\"https:\/\/fundacionclec.org\/en\/webinar-dia-internacional-del-idioma-chino\/\" class=\"sh-overlay-item sh-table-cell\" title=\"Open the article - Webinar International Chinese Language Day\">\r\n                        <div class=\"sh-overlay-item-container\">\r\n                            <i class=\"icon-link\"><\/i>\r\n                        <\/div>\r\n                    <\/a>\r\n                \r\n                                    <a href=\"https:\/\/fundacionclec.org\/wp-content\/uploads\/2023\/04\/CLEC-dia-Internacional-Idioma-Chino-1024x1024.jpg\" class=\"sh-overlay-item sh-table-cell\" data-rel=\"lightcase\">\r\n                        <div class=\"sh-overlay-item-container\">\r\n                            <i class=\"icon-magnifier-add\"><\/i>\r\n                        <\/div>\r\n                    <\/a>\r\n                            <\/div>\r\n        <\/div>\r\n\r\n    \t\t\t<\/div>\r\n\r\n\t\t\t<div class=\"post-content-container\">\r\n\t\t\t\t<a href=\"https:\/\/fundacionclec.org\/en\/webinar-dia-internacional-del-idioma-chino\/\" class=\"post-title\">\r\n\t\t\t\t\t<h2 itemprop=\"headline\">\r\n\t\t\t\t\t\t\t\t\t\t\t\tWebinar International Chinese Language Day\t\t\t\t\t<\/h2>\r\n\t\t\t\t<\/a>\r\n\r\n\t\t\t\t<div class=\"post-meta post-meta-one\">\r\n\t\t\t\t\t\r\n        \r\n            <span class=\"post-meta-author\">\r\n                by                                    <a href=\"https:\/\/fundacionclec.org\/en\/author\/crical\/\" class=\"bypostauthor\" itemprop=\"url\" rel=\"author\">\r\n                        CLEC                    <\/a>\r\n                            <\/span>\r\n\r\n        \r\n        \r\n        \r\n    \t\t\t\t<\/div>\r\n\r\n\t\t\t\t<div class=\"post-content\" itemprop=\"text\">\r\n\t\t\t\t\t<p>On April 26, within the framework of International Chinese Language Day, the CLEC Foundation Regional Office for Latin America and the Caribbean will organize a webinar so that students and language enthusiasts can share their experiences studying the language and its influence on academics. or&#8230;<\/p>\n\t\t\t\t<\/div>\r\n\r\n\t\t\t\t<div class=\"post-meta post-meta-two\">\r\n\t\t\t\t\t\r\n        <div class=\"sh-columns post-meta-comments\">\r\n            <span class=\"post-meta-categories\">\r\n                <i class=\"icon-tag\"><\/i>\r\n                <a href=\"https:\/\/fundacionclec.org\/en\/category\/cap-en\/\" rel=\"category tag\">cap-en<\/a>, <a href=\"https:\/\/fundacionclec.org\/en\/category\/news\/\" rel=\"category tag\">News<\/a>, <a href=\"https:\/\/fundacionclec.org\/en\/category\/noticias-en\/\" rel=\"category tag\">Noticias<\/a>            <\/span>\r\n\r\n                            <div><\/div>\r\n                    <\/div>\r\n\r\n    \t\t\t\t<\/div>\r\n\t\t\t<\/div>\r\n\r\n\t\t<\/div>\r\n\t<\/article>\r\n\r\n\r\n\r\n\t<article id=\"post-35538\" class=\"post-item post-35538 post type-post status-publish format-standard has-post-thumbnail hentry category-news category-noticias-en\" itemscope=\"itemscope\" itemtype=\"http:\/\/schema.org\/Article\">\r\n\t\t<div class=\"post-container\">\r\n\t\t\t\r\n\t\t\t<div class=\"post-meta-thumb\">\r\n\t\t\t\t\t\t\t\t\r\n\t\t\t\t\r\n\t\t\t\t\t<div class=\"ratio-container\" style=\"padding-top: 120.89728453365%;\">\r\n\t\t\t\t\t\t<div class=\"ratio-content\">\r\n\t\t\t\t\t\t\t<img class=\"sh-image-url lazy\" data-src=\"https:\/\/fundacionclec.org\/wp-content\/uploads\/2023\/04\/1a-847x1024.jpg\" alt=\"\" \/>\r\n\t\t\t\t\t\t<\/div>\r\n\t\t\t\t\t<\/div>\r\n\r\n\t\t\t\t\r\n\t\t\t\t\r\n        <div class=\"sh-overlay-style1\">\r\n            <div class=\"sh-table-full\">\r\n                                    <a href=\"https:\/\/fundacionclec.org\/en\/delegacion-universidad-de-lengua-y-cultura-de-beijing-blcu-visita-fundacion-clec-oficina-regional-para-america-latina-y-el-caribe\/\" class=\"sh-overlay-item sh-table-cell\" title=\"Open the article - Delegation Beijing Language and Culture University (BLCU) visits CLEC Foundation Regional Office for Latin America and the Caribbean\">\r\n                        <div class=\"sh-overlay-item-container\">\r\n                            <i class=\"icon-link\"><\/i>\r\n                        <\/div>\r\n                    <\/a>\r\n                \r\n                                    <a href=\"https:\/\/fundacionclec.org\/wp-content\/uploads\/2023\/04\/1a-847x1024.jpg\" class=\"sh-overlay-item sh-table-cell\" data-rel=\"lightcase\">\r\n                        <div class=\"sh-overlay-item-container\">\r\n                            <i class=\"icon-magnifier-add\"><\/i>\r\n                        <\/div>\r\n                    <\/a>\r\n                            <\/div>\r\n        <\/div>\r\n\r\n    \t\t\t<\/div>\r\n\r\n\t\t\t<div class=\"post-content-container\">\r\n\t\t\t\t<a href=\"https:\/\/fundacionclec.org\/en\/delegacion-universidad-de-lengua-y-cultura-de-beijing-blcu-visita-fundacion-clec-oficina-regional-para-america-latina-y-el-caribe\/\" class=\"post-title\">\r\n\t\t\t\t\t<h2 itemprop=\"headline\">\r\n\t\t\t\t\t\t\t\t\t\t\t\tDelegation Beijing Language and Culture University (BLCU) visits CLEC Foundation Regional Office for Latin America and the Caribbean\t\t\t\t\t<\/h2>\r\n\t\t\t\t<\/a>\r\n\r\n\t\t\t\t<div class=\"post-meta post-meta-one\">\r\n\t\t\t\t\t\r\n        \r\n            <span class=\"post-meta-author\">\r\n                by                                    <a href=\"https:\/\/fundacionclec.org\/en\/author\/crical\/\" class=\"bypostauthor\" itemprop=\"url\" rel=\"author\">\r\n                        CLEC                    <\/a>\r\n                            <\/span>\r\n\r\n        \r\n        \r\n        \r\n    \t\t\t\t<\/div>\r\n\r\n\t\t\t\t<div class=\"post-content\" itemprop=\"text\">\r\n\t\t\t\t\t<p>Earlier this week, the CLEC Foundation Regional Office for Latin America and the Caribbean received a delegation from the Beijing Language and Culture University (BLCU). The visit took place at the CLEC Foundation premises in the city of Santiago. During the visit, a meeting was&#8230;<\/p>\n\t\t\t\t<\/div>\r\n\r\n\t\t\t\t<div class=\"post-meta post-meta-two\">\r\n\t\t\t\t\t\r\n        <div class=\"sh-columns post-meta-comments\">\r\n            <span class=\"post-meta-categories\">\r\n                <i class=\"icon-tag\"><\/i>\r\n                <a href=\"https:\/\/fundacionclec.org\/en\/category\/news\/\" rel=\"category tag\">News<\/a>, <a href=\"https:\/\/fundacionclec.org\/en\/category\/noticias-en\/\" rel=\"category tag\">Noticias<\/a>            <\/span>\r\n\r\n                            <div><\/div>\r\n                    <\/div>\r\n\r\n    \t\t\t\t<\/div>\r\n\t\t\t<\/div>\r\n\r\n\t\t<\/div>\r\n\t<\/article>\r\n\r\n\r\n\r\n\t<article id=\"post-33194\" class=\"post-item post-33194 post type-post status-publish format-standard has-post-thumbnail hentry category-news\" itemscope=\"itemscope\" itemtype=\"http:\/\/schema.org\/Article\">\r\n\t\t<div class=\"post-container\">\r\n\t\t\t\r\n\t\t\t<div class=\"post-meta-thumb\">\r\n\t\t\t\t\t\t\t\t\r\n\t\t\t\t\r\n\t\t\t\t\t<div class=\"ratio-container\" style=\"padding-top: 56.25%;\">\r\n\t\t\t\t\t\t<div class=\"ratio-content\">\r\n\t\t\t\t\t\t\t<img class=\"sh-image-url lazy\" data-src=\"https:\/\/fundacionclec.org\/wp-content\/uploads\/2020\/05\/clec-cover-1024x576.png\" alt=\"\" \/>\r\n\t\t\t\t\t\t<\/div>\r\n\t\t\t\t\t<\/div>\r\n\r\n\t\t\t\t\r\n\t\t\t\t\r\n        <div class=\"sh-overlay-style1\">\r\n            <div class=\"sh-table-full\">\r\n                                    <a href=\"https:\/\/fundacionclec.org\/en\/to-all-the-chinese-language-teachers-in-latin-america-and-the-caribbean\/\" class=\"sh-overlay-item sh-table-cell\" title=\"Open the article - To all the Chinese Language Teachers in Latin America and The Caribbean\">\r\n                        <div class=\"sh-overlay-item-container\">\r\n                            <i class=\"icon-link\"><\/i>\r\n                        <\/div>\r\n                    <\/a>\r\n                \r\n                                    <a href=\"https:\/\/fundacionclec.org\/wp-content\/uploads\/2020\/05\/clec-cover-1024x576.png\" class=\"sh-overlay-item sh-table-cell\" data-rel=\"lightcase\">\r\n                        <div class=\"sh-overlay-item-container\">\r\n                            <i class=\"icon-magnifier-add\"><\/i>\r\n                        <\/div>\r\n                    <\/a>\r\n                            <\/div>\r\n        <\/div>\r\n\r\n    \t\t\t<\/div>\r\n\r\n\t\t\t<div class=\"post-content-container\">\r\n\t\t\t\t<a href=\"https:\/\/fundacionclec.org\/en\/to-all-the-chinese-language-teachers-in-latin-america-and-the-caribbean\/\" class=\"post-title\">\r\n\t\t\t\t\t<h2 itemprop=\"headline\">\r\n\t\t\t\t\t\t\t\t\t\t\t\tTo all the Chinese Language Teachers in Latin America and The Caribbean\t\t\t\t\t<\/h2>\r\n\t\t\t\t<\/a>\r\n\r\n\t\t\t\t<div class=\"post-meta post-meta-one\">\r\n\t\t\t\t\t\r\n        \r\n            <span class=\"post-meta-author\">\r\n                by                                    <a href=\"https:\/\/fundacionclec.org\/en\/author\/crical\/\" class=\"bypostauthor\" itemprop=\"url\" rel=\"author\">\r\n                        CLEC                    <\/a>\r\n                            <\/span>\r\n\r\n        \r\n        \r\n        \r\n    \t\t\t\t<\/div>\r\n\r\n\t\t\t\t<div class=\"post-content\" itemprop=\"text\">\r\n\t\t\t\t\t<p>We are pleased to greet you and present the call for the &#8220;6th International Conference on Chinese Language Teaching &#8220; The aim of this conference is to offer a platform for exchange and cooperation in relation to the teaching and research of the Chinese language&#8230;.<\/p>\n\t\t\t\t<\/div>\r\n\r\n\t\t\t\t<div class=\"post-meta post-meta-two\">\r\n\t\t\t\t\t\r\n        <div class=\"sh-columns post-meta-comments\">\r\n            <span class=\"post-meta-categories\">\r\n                <i class=\"icon-tag\"><\/i>\r\n                <a href=\"https:\/\/fundacionclec.org\/en\/category\/news\/\" rel=\"category tag\">News<\/a>            <\/span>\r\n\r\n                            <div><\/div>\r\n                    <\/div>\r\n\r\n    \t\t\t\t<\/div>\r\n\t\t\t<\/div>\r\n\r\n\t\t<\/div>\r\n\t<\/article>\r\n\r\n\r\n\r\n\t<article id=\"post-33060\" class=\"post-item post-33060 post type-post status-publish format-standard has-post-thumbnail hentry category-cap-en category-news\" itemscope=\"itemscope\" itemtype=\"http:\/\/schema.org\/Article\">\r\n\t\t<div class=\"post-container\">\r\n\t\t\t\r\n\t\t\t<div class=\"post-meta-thumb\">\r\n\t\t\t\t\t\t\t\t\r\n\t\t\t\t\r\n\t\t\t\t\t<div class=\"ratio-container\" style=\"padding-top: 125.03052503053%;\">\r\n\t\t\t\t\t\t<div class=\"ratio-content\">\r\n\t\t\t\t\t\t\t<img class=\"sh-image-url lazy\" data-src=\"https:\/\/fundacionclec.org\/wp-content\/uploads\/2022\/09\/CLEC_Taller_Juvenil_ESP-ENG_-819x1024.jpg\" alt=\"\" \/>\r\n\t\t\t\t\t\t<\/div>\r\n\t\t\t\t\t<\/div>\r\n\r\n\t\t\t\t\r\n\t\t\t\t\r\n        <div class=\"sh-overlay-style1\">\r\n            <div class=\"sh-table-full\">\r\n                                    <a href=\"https:\/\/fundacionclec.org\/en\/2022-sino-latin-american-youth-workshop-student-recruitment-brochure\/\" class=\"sh-overlay-item sh-table-cell\" title=\"Open the article - 2022 Sino-Latin American Youth Workshop Student Recruitment Brochure\">\r\n                        <div class=\"sh-overlay-item-container\">\r\n                            <i class=\"icon-link\"><\/i>\r\n                        <\/div>\r\n                    <\/a>\r\n                \r\n                                    <a href=\"https:\/\/fundacionclec.org\/wp-content\/uploads\/2022\/09\/CLEC_Taller_Juvenil_ESP-ENG_-819x1024.jpg\" class=\"sh-overlay-item sh-table-cell\" data-rel=\"lightcase\">\r\n                        <div class=\"sh-overlay-item-container\">\r\n                            <i class=\"icon-magnifier-add\"><\/i>\r\n                        <\/div>\r\n                    <\/a>\r\n                            <\/div>\r\n        <\/div>\r\n\r\n    \t\t\t<\/div>\r\n\r\n\t\t\t<div class=\"post-content-container\">\r\n\t\t\t\t<a href=\"https:\/\/fundacionclec.org\/en\/2022-sino-latin-american-youth-workshop-student-recruitment-brochure\/\" class=\"post-title\">\r\n\t\t\t\t\t<h2 itemprop=\"headline\">\r\n\t\t\t\t\t\t\t\t\t\t\t\t2022 Sino-Latin American Youth Workshop Student Recruitment Brochure\t\t\t\t\t<\/h2>\r\n\t\t\t\t<\/a>\r\n\r\n\t\t\t\t<div class=\"post-meta post-meta-one\">\r\n\t\t\t\t\t\r\n        \r\n            <span class=\"post-meta-author\">\r\n                by                                    <a href=\"https:\/\/fundacionclec.org\/en\/author\/crical\/\" class=\"bypostauthor\" itemprop=\"url\" rel=\"author\">\r\n                        CLEC                    <\/a>\r\n                            <\/span>\r\n\r\n        \r\n        \r\n        \r\n    \t\t\t\t<\/div>\r\n\r\n\t\t\t\t<div class=\"post-content\" itemprop=\"text\">\r\n\t\t\t\t\t<p>Would you like to discover the most beautiful village in China? Would you like to feel harmony in all living things at the National Botanical Garden? Would you like to visit the 798 Art District, home to the country\u2019s most avant-garde creative industry? Would you&#8230;<\/p>\n\t\t\t\t<\/div>\r\n\r\n\t\t\t\t<div class=\"post-meta post-meta-two\">\r\n\t\t\t\t\t\r\n        <div class=\"sh-columns post-meta-comments\">\r\n            <span class=\"post-meta-categories\">\r\n                <i class=\"icon-tag\"><\/i>\r\n                <a href=\"https:\/\/fundacionclec.org\/en\/category\/cap-en\/\" rel=\"category tag\">cap-en<\/a>, <a href=\"https:\/\/fundacionclec.org\/en\/category\/news\/\" rel=\"category tag\">News<\/a>            <\/span>\r\n\r\n                            <div><\/div>\r\n                    <\/div>\r\n\r\n    \t\t\t\t<\/div>\r\n\t\t\t<\/div>\r\n\r\n\t\t<\/div>\r\n\t<\/article>\r\n\r\n\r\n\r\n\t<article id=\"post-32985\" class=\"post-item post-32985 post type-post status-publish format-standard has-post-thumbnail hentry category-cap-en category-news\" itemscope=\"itemscope\" itemtype=\"http:\/\/schema.org\/Article\">\r\n\t\t<div class=\"post-container\">\r\n\t\t\t\r\n\t\t\t<div class=\"post-meta-thumb\">\r\n\t\t\t\t\t\t\t\t\r\n\t\t\t\t\r\n\t\t\t\t\t<div class=\"ratio-container\" style=\"padding-top: 100%;\">\r\n\t\t\t\t\t\t<div class=\"ratio-content\">\r\n\t\t\t\t\t\t\t<img class=\"sh-image-url lazy\" data-src=\"https:\/\/fundacionclec.org\/wp-content\/uploads\/2022\/08\/Concurso_Talento_2022_1080x1080px_EN-1024x1024.jpg\" alt=\"\" \/>\r\n\t\t\t\t\t\t<\/div>\r\n\t\t\t\t\t<\/div>\r\n\r\n\t\t\t\t\r\n\t\t\t\t\r\n        <div class=\"sh-overlay-style1\">\r\n            <div class=\"sh-table-full\">\r\n                                    <a href=\"https:\/\/fundacionclec.org\/en\/notice-chinese-talent-contest-in-latin-america-and-the-caribbean-2022\/\" class=\"sh-overlay-item sh-table-cell\" title=\"Open the article - Notice Chinese Talent Contest in Latin America and the Caribbean 2022\">\r\n                        <div class=\"sh-overlay-item-container\">\r\n                            <i class=\"icon-link\"><\/i>\r\n                        <\/div>\r\n                    <\/a>\r\n                \r\n                                    <a href=\"https:\/\/fundacionclec.org\/wp-content\/uploads\/2022\/08\/Concurso_Talento_2022_1080x1080px_EN-1024x1024.jpg\" class=\"sh-overlay-item sh-table-cell\" data-rel=\"lightcase\">\r\n                        <div class=\"sh-overlay-item-container\">\r\n                            <i class=\"icon-magnifier-add\"><\/i>\r\n                        <\/div>\r\n                    <\/a>\r\n                            <\/div>\r\n        <\/div>\r\n\r\n    \t\t\t<\/div>\r\n\r\n\t\t\t<div class=\"post-content-container\">\r\n\t\t\t\t<a href=\"https:\/\/fundacionclec.org\/en\/notice-chinese-talent-contest-in-latin-america-and-the-caribbean-2022\/\" class=\"post-title\">\r\n\t\t\t\t\t<h2 itemprop=\"headline\">\r\n\t\t\t\t\t\t\t\t\t\t\t\tNotice Chinese Talent Contest in Latin America and the Caribbean 2022\t\t\t\t\t<\/h2>\r\n\t\t\t\t<\/a>\r\n\r\n\t\t\t\t<div class=\"post-meta post-meta-one\">\r\n\t\t\t\t\t\r\n        \r\n            <span class=\"post-meta-author\">\r\n                by                                    <a href=\"https:\/\/fundacionclec.org\/en\/author\/crical\/\" class=\"bypostauthor\" itemprop=\"url\" rel=\"author\">\r\n                        CLEC                    <\/a>\r\n                            <\/span>\r\n\r\n        \r\n        \r\n        \r\n    \t\t\t\t<\/div>\r\n\r\n\t\t\t\t<div class=\"post-content\" itemprop=\"text\">\r\n\t\t\t\t\t<p>The CLEC Foundation \u2013 Regional Office for Latin America and the Caribbean presents the &#8220;Chinese Talent Contest in Latin America and the Caribbean 2022&#8221;. The objective of this call is to promote the interest and study of Chinese language and culture in the region, in&#8230;<\/p>\n\t\t\t\t<\/div>\r\n\r\n\t\t\t\t<div class=\"post-meta post-meta-two\">\r\n\t\t\t\t\t\r\n        <div class=\"sh-columns post-meta-comments\">\r\n            <span class=\"post-meta-categories\">\r\n                <i class=\"icon-tag\"><\/i>\r\n                <a href=\"https:\/\/fundacionclec.org\/en\/category\/cap-en\/\" rel=\"category tag\">cap-en<\/a>, <a href=\"https:\/\/fundacionclec.org\/en\/category\/news\/\" rel=\"category tag\">News<\/a>            <\/span>\r\n\r\n                            <div><\/div>\r\n                    <\/div>\r\n\r\n    \t\t\t\t<\/div>\r\n\t\t\t<\/div>\r\n\r\n\t\t<\/div>\r\n\t<\/article>\r\n\r\n\r\n\r\n\t<article id=\"post-32867\" class=\"post-item post-32867 post type-post status-publish format-standard has-post-thumbnail hentry category-cap-en category-news\" itemscope=\"itemscope\" itemtype=\"http:\/\/schema.org\/Article\">\r\n\t\t<div class=\"post-container\">\r\n\t\t\t\r\n\t\t\t<div class=\"post-meta-thumb\">\r\n\t\t\t\t\t\t\t\t\r\n\t\t\t\t\r\n\t\t\t\t\t<div class=\"ratio-container\" style=\"padding-top: 100%;\">\r\n\t\t\t\t\t\t<div class=\"ratio-content\">\r\n\t\t\t\t\t\t\t<img class=\"sh-image-url lazy\" data-src=\"https:\/\/fundacionclec.org\/wp-content\/uploads\/2022\/08\/CLEC_Idioma_Agricultura_1080x1080_EN.jpg\" alt=\"\" \/>\r\n\t\t\t\t\t\t<\/div>\r\n\t\t\t\t\t<\/div>\r\n\r\n\t\t\t\t\r\n\t\t\t\t\r\n        <div class=\"sh-overlay-style1\">\r\n            <div class=\"sh-table-full\">\r\n                                    <a href=\"https:\/\/fundacionclec.org\/en\/taller-de-lengua-china-cultura-agricola\/\" class=\"sh-overlay-item sh-table-cell\" title=\"Open the article - Workshop:\u00a0 &#8220;Chinese language + agricultural culture&#8221;\">\r\n                        <div class=\"sh-overlay-item-container\">\r\n                            <i class=\"icon-link\"><\/i>\r\n                        <\/div>\r\n                    <\/a>\r\n                \r\n                                    <a href=\"https:\/\/fundacionclec.org\/wp-content\/uploads\/2022\/08\/CLEC_Idioma_Agricultura_1080x1080_EN.jpg\" class=\"sh-overlay-item sh-table-cell\" data-rel=\"lightcase\">\r\n                        <div class=\"sh-overlay-item-container\">\r\n                            <i class=\"icon-magnifier-add\"><\/i>\r\n                        <\/div>\r\n                    <\/a>\r\n                            <\/div>\r\n        <\/div>\r\n\r\n    \t\t\t<\/div>\r\n\r\n\t\t\t<div class=\"post-content-container\">\r\n\t\t\t\t<a href=\"https:\/\/fundacionclec.org\/en\/taller-de-lengua-china-cultura-agricola\/\" class=\"post-title\">\r\n\t\t\t\t\t<h2 itemprop=\"headline\">\r\n\t\t\t\t\t\t\t\t\t\t\t\tWorkshop:\u00a0 &#8220;Chinese language + agricultural culture&#8221;\t\t\t\t\t<\/h2>\r\n\t\t\t\t<\/a>\r\n\r\n\t\t\t\t<div class=\"post-meta post-meta-one\">\r\n\t\t\t\t\t\r\n        \r\n            <span class=\"post-meta-author\">\r\n                by                                    <a href=\"https:\/\/fundacionclec.org\/en\/author\/crical\/\" class=\"bypostauthor\" itemprop=\"url\" rel=\"author\">\r\n                        CLEC                    <\/a>\r\n                            <\/span>\r\n\r\n        \r\n        \r\n        \r\n    \t\t\t\t<\/div>\r\n\r\n\t\t\t\t<div class=\"post-content\" itemprop=\"text\">\r\n\t\t\t\t\t<p>In order to encourage the enthusiasm and interest of Chinese language and culture students in Latin America and the Caribbean during the pandemic, and to strengthen Latin American friends&#8217; knowledge and understanding of Chinese language, Chinese agricultural culture and agricultural science and technology, the CLEC&#8230;<\/p>\n\t\t\t\t<\/div>\r\n\r\n\t\t\t\t<div class=\"post-meta post-meta-two\">\r\n\t\t\t\t\t\r\n        <div class=\"sh-columns post-meta-comments\">\r\n            <span class=\"post-meta-categories\">\r\n                <i class=\"icon-tag\"><\/i>\r\n                <a href=\"https:\/\/fundacionclec.org\/en\/category\/cap-en\/\" rel=\"category tag\">cap-en<\/a>, <a href=\"https:\/\/fundacionclec.org\/en\/category\/news\/\" rel=\"category tag\">News<\/a>            <\/span>\r\n\r\n                            <div><\/div>\r\n                    <\/div>\r\n\r\n    \t\t\t\t<\/div>\r\n\t\t\t<\/div>\r\n\r\n\t\t<\/div>\r\n\t<\/article>\r\n\r\n\r\n\r\n\t<article id=\"post-32338\" class=\"post-item post-32338 post type-post status-publish format-standard has-post-thumbnail hentry category-cap-en category-news\" itemscope=\"itemscope\" itemtype=\"http:\/\/schema.org\/Article\">\r\n\t\t<div class=\"post-container\">\r\n\t\t\t\r\n\t\t\t<div class=\"post-meta-thumb\">\r\n\t\t\t\t\t\t\t\t\r\n\t\t\t\t\r\n\t\t\t\t\t<div class=\"ratio-container\" style=\"padding-top: 125%;\">\r\n\t\t\t\t\t\t<div class=\"ratio-content\">\r\n\t\t\t\t\t\t\t<img class=\"sh-image-url lazy\" data-src=\"https:\/\/fundacionclec.org\/wp-content\/uploads\/2023\/01\/clec.jpg\" alt=\"\" \/>\r\n\t\t\t\t\t\t<\/div>\r\n\t\t\t\t\t<\/div>\r\n\r\n\t\t\t\t\r\n\t\t\t\t\r\n        <div class=\"sh-overlay-style1\">\r\n            <div class=\"sh-table-full\">\r\n                                    <a href=\"https:\/\/fundacionclec.org\/en\/online-training-for-chinese-teachers-in-latin-america-and-the-caribbean\/\" class=\"sh-overlay-item sh-table-cell\" title=\"Open the article - Online training for Chinese teachers in Latin America and the Caribbean\">\r\n                        <div class=\"sh-overlay-item-container\">\r\n                            <i class=\"icon-link\"><\/i>\r\n                        <\/div>\r\n                    <\/a>\r\n                \r\n                                    <a href=\"https:\/\/fundacionclec.org\/wp-content\/uploads\/2023\/01\/clec.jpg\" class=\"sh-overlay-item sh-table-cell\" data-rel=\"lightcase\">\r\n                        <div class=\"sh-overlay-item-container\">\r\n                            <i class=\"icon-magnifier-add\"><\/i>\r\n                        <\/div>\r\n                    <\/a>\r\n                            <\/div>\r\n        <\/div>\r\n\r\n    \t\t\t<\/div>\r\n\r\n\t\t\t<div class=\"post-content-container\">\r\n\t\t\t\t<a href=\"https:\/\/fundacionclec.org\/en\/online-training-for-chinese-teachers-in-latin-america-and-the-caribbean\/\" class=\"post-title\">\r\n\t\t\t\t\t<h2 itemprop=\"headline\">\r\n\t\t\t\t\t\t\t\t\t\t\t\tOnline training for Chinese teachers in Latin America and the Caribbean\t\t\t\t\t<\/h2>\r\n\t\t\t\t<\/a>\r\n\r\n\t\t\t\t<div class=\"post-meta post-meta-one\">\r\n\t\t\t\t\t\r\n        \r\n            <span class=\"post-meta-author\">\r\n                by                                    <a href=\"https:\/\/fundacionclec.org\/en\/author\/crical\/\" class=\"bypostauthor\" itemprop=\"url\" rel=\"author\">\r\n                        CLEC                    <\/a>\r\n                            <\/span>\r\n\r\n        \r\n        \r\n        \r\n    \t\t\t\t<\/div>\r\n\r\n\t\t\t\t<div class=\"post-content\" itemprop=\"text\">\r\n\t\t\t\t\t<p>Dear directors of Chinese teaching institutions and teachers of the Chinese language in Latin America and the Caribbean: In order to train Chinese teachers in the region to correctly apply knowledge, scientific evaluation methods in grammar teaching, and reasonably and effectively design and organize grammar&#8230;<\/p>\n\t\t\t\t<\/div>\r\n\r\n\t\t\t\t<div class=\"post-meta post-meta-two\">\r\n\t\t\t\t\t\r\n        <div class=\"sh-columns post-meta-comments\">\r\n            <span class=\"post-meta-categories\">\r\n                <i class=\"icon-tag\"><\/i>\r\n                <a href=\"https:\/\/fundacionclec.org\/en\/category\/cap-en\/\" rel=\"category tag\">cap-en<\/a>, <a href=\"https:\/\/fundacionclec.org\/en\/category\/news\/\" rel=\"category tag\">News<\/a>            <\/span>\r\n\r\n                            <div><\/div>\r\n                    <\/div>\r\n\r\n    \t\t\t\t<\/div>\r\n\t\t\t<\/div>\r\n\r\n\t\t<\/div>\r\n\t<\/article>\r\n\r\n\r\n\r\n\t<article id=\"post-31793\" class=\"post-item post-31793 post type-post status-publish format-standard has-post-thumbnail hentry category-cap-en category-news\" itemscope=\"itemscope\" itemtype=\"http:\/\/schema.org\/Article\">\r\n\t\t<div class=\"post-container\">\r\n\t\t\t\r\n\t\t\t<div class=\"post-meta-thumb\">\r\n\t\t\t\t\t\t\t\t\r\n\t\t\t\t\r\n\t\t\t\t\t<div class=\"ratio-container\" style=\"padding-top: 56.25%;\">\r\n\t\t\t\t\t\t<div class=\"ratio-content\">\r\n\t\t\t\t\t\t\t<img class=\"sh-image-url lazy\" data-src=\"https:\/\/fundacionclec.org\/wp-content\/uploads\/2020\/05\/clec-cover-1024x576.png\" alt=\"\" \/>\r\n\t\t\t\t\t\t<\/div>\r\n\t\t\t\t\t<\/div>\r\n\r\n\t\t\t\t\r\n\t\t\t\t\r\n        <div class=\"sh-overlay-style1\">\r\n            <div class=\"sh-table-full\">\r\n                                    <a href=\"https:\/\/fundacionclec.org\/en\/2021-campamento-de-verano-online-hanyuqiao-de-la-universidad-de-lengua-y-cultura-de-beijing\/\" class=\"sh-overlay-item sh-table-cell\" title=\"Open the article - 2021 Beijing Language and Culture University Online Summer Camp &#8220;Hanyuqiao&#8221;\">\r\n                        <div class=\"sh-overlay-item-container\">\r\n                            <i class=\"icon-link\"><\/i>\r\n                        <\/div>\r\n                    <\/a>\r\n                \r\n                                    <a href=\"https:\/\/fundacionclec.org\/wp-content\/uploads\/2020\/05\/clec-cover-1024x576.png\" class=\"sh-overlay-item sh-table-cell\" data-rel=\"lightcase\">\r\n                        <div class=\"sh-overlay-item-container\">\r\n                            <i class=\"icon-magnifier-add\"><\/i>\r\n                        <\/div>\r\n                    <\/a>\r\n                            <\/div>\r\n        <\/div>\r\n\r\n    \t\t\t<\/div>\r\n\r\n\t\t\t<div class=\"post-content-container\">\r\n\t\t\t\t<a href=\"https:\/\/fundacionclec.org\/en\/2021-campamento-de-verano-online-hanyuqiao-de-la-universidad-de-lengua-y-cultura-de-beijing\/\" class=\"post-title\">\r\n\t\t\t\t\t<h2 itemprop=\"headline\">\r\n\t\t\t\t\t\t\t\t\t\t\t\t2021 Beijing Language and Culture University Online Summer Camp &#8220;Hanyuqiao&#8221;\t\t\t\t\t<\/h2>\r\n\t\t\t\t<\/a>\r\n\r\n\t\t\t\t<div class=\"post-meta post-meta-one\">\r\n\t\t\t\t\t\r\n        \r\n            <span class=\"post-meta-author\">\r\n                by                                    <a href=\"https:\/\/fundacionclec.org\/en\/author\/crical\/\" class=\"bypostauthor\" itemprop=\"url\" rel=\"author\">\r\n                        CLEC                    <\/a>\r\n                            <\/span>\r\n\r\n        \r\n        \r\n        \r\n    \t\t\t\t<\/div>\r\n\r\n\t\t\t\t<div class=\"post-content\" itemprop=\"text\">\r\n\t\t\t\t\t\t\t\t\t<\/div>\r\n\r\n\t\t\t\t<div class=\"post-meta post-meta-two\">\r\n\t\t\t\t\t\r\n        <div class=\"sh-columns post-meta-comments\">\r\n            <span class=\"post-meta-categories\">\r\n                <i class=\"icon-tag\"><\/i>\r\n                <a href=\"https:\/\/fundacionclec.org\/en\/category\/cap-en\/\" rel=\"category tag\">cap-en<\/a>, <a href=\"https:\/\/fundacionclec.org\/en\/category\/news\/\" rel=\"category tag\">News<\/a>            <\/span>\r\n\r\n                            <div><\/div>\r\n                    <\/div>\r\n\r\n    \t\t\t\t<\/div>\r\n\t\t\t<\/div>\r\n\r\n\t\t<\/div>\r\n\t<\/article>\r\n\r\n\r\n\r\n\t<article id=\"post-31552\" class=\"post-item post-31552 post type-post status-publish format-standard has-post-thumbnail hentry category-news category-noticias-en\" itemscope=\"itemscope\" itemtype=\"http:\/\/schema.org\/Article\">\r\n\t\t<div class=\"post-container\">\r\n\t\t\t\r\n\t\t\t<div class=\"post-meta-thumb\">\r\n\t\t\t\t\t\t\t\t\r\n\t\t\t\t\r\n\t\t\t\t\t<div class=\"ratio-container\" style=\"padding-top: 125.03052503053%;\">\r\n\t\t\t\t\t\t<div class=\"ratio-content\">\r\n\t\t\t\t\t\t\t<img class=\"sh-image-url lazy\" data-src=\"https:\/\/fundacionclec.org\/wp-content\/uploads\/2021\/10\/ganadores-3-819x1024.jpg\" alt=\"\" \/>\r\n\t\t\t\t\t\t<\/div>\r\n\t\t\t\t\t<\/div>\r\n\r\n\t\t\t\t\r\n\t\t\t\t\r\n        <div class=\"sh-overlay-style1\">\r\n            <div class=\"sh-table-full\">\r\n                                    <a href=\"https:\/\/fundacionclec.org\/en\/%e9%a6%96%e5%b1%8a%e6%8b%89%e4%b8%81%e7%be%8e%e6%b4%b2%e5%92%8c%e5%8a%a0%e5%8b%92%e6%af%94%e5%9c%b0%e5%8c%ba%e4%b8%ad%e6%96%87%e6%95%99%e5%ad%a6%e8%b5%84%e6%ba%90%e5%a4%a7%e8%b5%9b-%e8%8e%b7%e5%a5%96\/\" class=\"sh-overlay-item sh-table-cell\" title=\"Open the article - \u9996\u5c4a\u62c9\u4e01\u7f8e\u6d32\u548c\u52a0\u52d2\u6bd4\u5730\u533a\u4e2d\u6587\u6559\u5b66\u8d44\u6e90\u5927\u8d5b- \u83b7\u5956\u540d\u5355\">\r\n                        <div class=\"sh-overlay-item-container\">\r\n                            <i class=\"icon-link\"><\/i>\r\n                        <\/div>\r\n                    <\/a>\r\n                \r\n                                    <a href=\"https:\/\/fundacionclec.org\/wp-content\/uploads\/2021\/10\/ganadores-3-819x1024.jpg\" class=\"sh-overlay-item sh-table-cell\" data-rel=\"lightcase\">\r\n                        <div class=\"sh-overlay-item-container\">\r\n                            <i class=\"icon-magnifier-add\"><\/i>\r\n                        <\/div>\r\n                    <\/a>\r\n                            <\/div>\r\n        <\/div>\r\n\r\n    \t\t\t<\/div>\r\n\r\n\t\t\t<div class=\"post-content-container\">\r\n\t\t\t\t<a href=\"https:\/\/fundacionclec.org\/en\/%e9%a6%96%e5%b1%8a%e6%8b%89%e4%b8%81%e7%be%8e%e6%b4%b2%e5%92%8c%e5%8a%a0%e5%8b%92%e6%af%94%e5%9c%b0%e5%8c%ba%e4%b8%ad%e6%96%87%e6%95%99%e5%ad%a6%e8%b5%84%e6%ba%90%e5%a4%a7%e8%b5%9b-%e8%8e%b7%e5%a5%96\/\" class=\"post-title\">\r\n\t\t\t\t\t<h2 itemprop=\"headline\">\r\n\t\t\t\t\t\t\t\t\t\t\t\t\u9996\u5c4a\u62c9\u4e01\u7f8e\u6d32\u548c\u52a0\u52d2\u6bd4\u5730\u533a\u4e2d\u6587\u6559\u5b66\u8d44\u6e90\u5927\u8d5b- \u83b7\u5956\u540d\u5355\t\t\t\t\t<\/h2>\r\n\t\t\t\t<\/a>\r\n\r\n\t\t\t\t<div class=\"post-meta post-meta-one\">\r\n\t\t\t\t\t\r\n        \r\n            <span class=\"post-meta-author\">\r\n                by                                    <a href=\"https:\/\/fundacionclec.org\/en\/author\/crical\/\" class=\"bypostauthor\" itemprop=\"url\" rel=\"author\">\r\n                        CLEC                    <\/a>\r\n                            <\/span>\r\n\r\n        \r\n        \r\n        \r\n    \t\t\t\t<\/div>\r\n\r\n\t\t\t\t<div class=\"post-content\" itemprop=\"text\">\r\n\t\t\t\t\t<p>Primer Concurso de Materiales did\u00e1cticos para la Ense\u00f1anza del Idioma Chino en Am\u00e9rica Latina y el Caribe &#8211; Lista de Premios El primer lugar 400 dolaresEl segundolugar 300 dolaresEl tercer lugar 200 dolaresEl premio de obras destacadas tarjeta de regalo de Jingdong<\/p>\n\t\t\t\t<\/div>\r\n\r\n\t\t\t\t<div class=\"post-meta post-meta-two\">\r\n\t\t\t\t\t\r\n        <div class=\"sh-columns post-meta-comments\">\r\n            <span class=\"post-meta-categories\">\r\n                <i class=\"icon-tag\"><\/i>\r\n                <a href=\"https:\/\/fundacionclec.org\/en\/category\/news\/\" rel=\"category tag\">News<\/a>, <a href=\"https:\/\/fundacionclec.org\/en\/category\/noticias-en\/\" rel=\"category tag\">Noticias<\/a>            <\/span>\r\n\r\n                            <div><\/div>\r\n                    <\/div>\r\n\r\n    \t\t\t\t<\/div>\r\n\t\t\t<\/div>\r\n\r\n\t\t<\/div>\r\n\t<\/article>\r\n\r\n\r\n\r\n\t<article id=\"post-31291\" class=\"post-item post-31291 post type-post status-publish format-standard has-post-thumbnail hentry category-cap-en category-news\" itemscope=\"itemscope\" itemtype=\"http:\/\/schema.org\/Article\">\r\n\t\t<div class=\"post-container\">\r\n\t\t\t\r\n\t\t\t<div class=\"post-meta-thumb\">\r\n\t\t\t\t\t\t\t\t\r\n\t\t\t\t\r\n\t\t\t\t\t<div class=\"ratio-container\" style=\"padding-top: 100%;\">\r\n\t\t\t\t\t\t<div class=\"ratio-content\">\r\n\t\t\t\t\t\t\t<img class=\"sh-image-url lazy\" data-src=\"https:\/\/fundacionclec.org\/wp-content\/uploads\/2021\/09\/Concurso_Talento-1024x1024.jpg\" alt=\"\" \/>\r\n\t\t\t\t\t\t<\/div>\r\n\t\t\t\t\t<\/div>\r\n\r\n\t\t\t\t\r\n\t\t\t\t\r\n        <div class=\"sh-overlay-style1\">\r\n            <div class=\"sh-table-full\">\r\n                                    <a href=\"https:\/\/fundacionclec.org\/en\/call-chinese-talent-contest-in-latin-america-and-the-caribbean-2021\/\" class=\"sh-overlay-item sh-table-cell\" title=\"Open the article - Call Chinese Talent Contest in Latin America and the Caribbean 2021\">\r\n                        <div class=\"sh-overlay-item-container\">\r\n                            <i class=\"icon-link\"><\/i>\r\n                        <\/div>\r\n                    <\/a>\r\n                \r\n                                    <a href=\"https:\/\/fundacionclec.org\/wp-content\/uploads\/2021\/09\/Concurso_Talento-1024x1024.jpg\" class=\"sh-overlay-item sh-table-cell\" data-rel=\"lightcase\">\r\n                        <div class=\"sh-overlay-item-container\">\r\n                            <i class=\"icon-magnifier-add\"><\/i>\r\n                        <\/div>\r\n                    <\/a>\r\n                            <\/div>\r\n        <\/div>\r\n\r\n    \t\t\t<\/div>\r\n\r\n\t\t\t<div class=\"post-content-container\">\r\n\t\t\t\t<a href=\"https:\/\/fundacionclec.org\/en\/call-chinese-talent-contest-in-latin-america-and-the-caribbean-2021\/\" class=\"post-title\">\r\n\t\t\t\t\t<h2 itemprop=\"headline\">\r\n\t\t\t\t\t\t\t\t\t\t\t\tCall Chinese Talent Contest in Latin America and the Caribbean 2021\t\t\t\t\t<\/h2>\r\n\t\t\t\t<\/a>\r\n\r\n\t\t\t\t<div class=\"post-meta post-meta-one\">\r\n\t\t\t\t\t\r\n        \r\n            <span class=\"post-meta-author\">\r\n                by                                    <a href=\"https:\/\/fundacionclec.org\/en\/author\/crical\/\" class=\"bypostauthor\" itemprop=\"url\" rel=\"author\">\r\n                        CLEC                    <\/a>\r\n                            <\/span>\r\n\r\n        \r\n        \r\n        \r\n    \t\t\t\t<\/div>\r\n\r\n\t\t\t\t<div class=\"post-content\" itemprop=\"text\">\r\n\t\t\t\t\t<p>The CLEC Foundation \u2013 Regional Office for Latin America and the Caribbean (hereinafter, the Regional Center) joins the ASA Panama Foundation to co-sponsor the &#8220;Chinese Talent Contest in Latin America and the Caribbean 2021&#8221;. The objective of this call is to promote the interest and&#8230;<\/p>\n\t\t\t\t<\/div>\r\n\r\n\t\t\t\t<div class=\"post-meta post-meta-two\">\r\n\t\t\t\t\t\r\n        <div class=\"sh-columns post-meta-comments\">\r\n            <span class=\"post-meta-categories\">\r\n                <i class=\"icon-tag\"><\/i>\r\n                <a href=\"https:\/\/fundacionclec.org\/en\/category\/cap-en\/\" rel=\"category tag\">cap-en<\/a>, <a href=\"https:\/\/fundacionclec.org\/en\/category\/news\/\" rel=\"category tag\">News<\/a>            <\/span>\r\n\r\n                            <div><\/div>\r\n                    <\/div>\r\n\r\n    \t\t\t\t<\/div>\r\n\t\t\t<\/div>\r\n\r\n\t\t<\/div>\r\n\t<\/article>\r\n\r\n\r\n\r\n\t<article id=\"post-31190\" class=\"post-item post-31190 post type-post status-publish format-standard has-post-thumbnail hentry category-cap-en category-news\" itemscope=\"itemscope\" itemtype=\"http:\/\/schema.org\/Article\">\r\n\t\t<div class=\"post-container\">\r\n\t\t\t\r\n\t\t\t<div class=\"post-meta-thumb\">\r\n\t\t\t\t\t\t\t\t\r\n\t\t\t\t\r\n\t\t\t\t\t<div class=\"ratio-container\" style=\"padding-top: 56.25%;\">\r\n\t\t\t\t\t\t<div class=\"ratio-content\">\r\n\t\t\t\t\t\t\t<img class=\"sh-image-url lazy\" data-src=\"https:\/\/fundacionclec.org\/wp-content\/uploads\/2020\/05\/clec-cover-1024x576.png\" alt=\"\" \/>\r\n\t\t\t\t\t\t<\/div>\r\n\t\t\t\t\t<\/div>\r\n\r\n\t\t\t\t\r\n\t\t\t\t\r\n        <div class=\"sh-overlay-style1\">\r\n            <div class=\"sh-table-full\">\r\n                                    <a href=\"https:\/\/fundacionclec.org\/en\/clec-foundation-regional-office-for-latin-america-and-the-caribbean-notice-on-online-training-on-the-use-of-hsk-standard-course-teaching-materials\/\" class=\"sh-overlay-item sh-table-cell\" title=\"Open the article - CLEC Foundation \u2013 Regional Office for Latin America and the Caribbean  <br\/>Notice on online training on the use of \u201cHSK standard course\u201d teaching materials\">\r\n                        <div class=\"sh-overlay-item-container\">\r\n                            <i class=\"icon-link\"><\/i>\r\n                        <\/div>\r\n                    <\/a>\r\n                \r\n                                    <a href=\"https:\/\/fundacionclec.org\/wp-content\/uploads\/2020\/05\/clec-cover-1024x576.png\" class=\"sh-overlay-item sh-table-cell\" data-rel=\"lightcase\">\r\n                        <div class=\"sh-overlay-item-container\">\r\n                            <i class=\"icon-magnifier-add\"><\/i>\r\n                        <\/div>\r\n                    <\/a>\r\n                            <\/div>\r\n        <\/div>\r\n\r\n    \t\t\t<\/div>\r\n\r\n\t\t\t<div class=\"post-content-container\">\r\n\t\t\t\t<a href=\"https:\/\/fundacionclec.org\/en\/clec-foundation-regional-office-for-latin-america-and-the-caribbean-notice-on-online-training-on-the-use-of-hsk-standard-course-teaching-materials\/\" class=\"post-title\">\r\n\t\t\t\t\t<h2 itemprop=\"headline\">\r\n\t\t\t\t\t\t\t\t\t\t\t\tCLEC Foundation \u2013 Regional Office for Latin America and the Caribbean  <br\/>Notice on online training on the use of \u201cHSK standard course\u201d teaching materials\t\t\t\t\t<\/h2>\r\n\t\t\t\t<\/a>\r\n\r\n\t\t\t\t<div class=\"post-meta post-meta-one\">\r\n\t\t\t\t\t\r\n        \r\n            <span class=\"post-meta-author\">\r\n                by                                    <a href=\"https:\/\/fundacionclec.org\/en\/author\/crical\/\" class=\"bypostauthor\" itemprop=\"url\" rel=\"author\">\r\n                        CLEC                    <\/a>\r\n                            <\/span>\r\n\r\n        \r\n        \r\n        \r\n    \t\t\t\t<\/div>\r\n\r\n\t\t\t\t<div class=\"post-content\" itemprop=\"text\">\r\n\t\t\t\t\t<p>In order to promote high-quality Chinese teaching resources in the region, improve the use efficiency of Chinese teaching materials, exchange experience in the use of Chinese teaching materials, and enhance the ability of Chinese teachers in the region to use Chinese teaching materials, CLEC Foundation&#8230;<\/p>\n\t\t\t\t<\/div>\r\n\r\n\t\t\t\t<div class=\"post-meta post-meta-two\">\r\n\t\t\t\t\t\r\n        <div class=\"sh-columns post-meta-comments\">\r\n            <span class=\"post-meta-categories\">\r\n                <i class=\"icon-tag\"><\/i>\r\n                <a href=\"https:\/\/fundacionclec.org\/en\/category\/cap-en\/\" rel=\"category tag\">cap-en<\/a>, <a href=\"https:\/\/fundacionclec.org\/en\/category\/news\/\" rel=\"category tag\">News<\/a>            <\/span>\r\n\r\n                            <div><\/div>\r\n                    <\/div>\r\n\r\n    \t\t\t\t<\/div>\r\n\t\t\t<\/div>\r\n\r\n\t\t<\/div>\r\n\t<\/article>\r\n\r\n\r\n\r\n\t<article id=\"post-31175\" class=\"post-item post-31175 post type-post status-publish format-standard has-post-thumbnail hentry category-cap-en category-news\" itemscope=\"itemscope\" itemtype=\"http:\/\/schema.org\/Article\">\r\n\t\t<div class=\"post-container\">\r\n\t\t\t\r\n\t\t\t<div class=\"post-meta-thumb\">\r\n\t\t\t\t\t\t\t\t\r\n\t\t\t\t\r\n\t\t\t\t\t<div class=\"ratio-container\" style=\"padding-top: 100%;\">\r\n\t\t\t\t\t\t<div class=\"ratio-content\">\r\n\t\t\t\t\t\t\t<img class=\"sh-image-url lazy\" data-src=\"https:\/\/fundacionclec.org\/wp-content\/uploads\/2021\/08\/CLEC_Campamento_Online_04a-1024x1024.jpg\" alt=\"\" \/>\r\n\t\t\t\t\t\t<\/div>\r\n\t\t\t\t\t<\/div>\r\n\r\n\t\t\t\t\r\n\t\t\t\t\r\n        <div class=\"sh-overlay-style1\">\r\n            <div class=\"sh-table-full\">\r\n                                    <a href=\"https:\/\/fundacionclec.org\/en\/tour-of-chinese-culture-china-latin-american-and-the-caribbean-youth-online-exchange-camp\/\" class=\"sh-overlay-item sh-table-cell\" title=\"Open the article - \u201cTour of Chinese culture\u201d China-Latin American and the Caribbean Youth Online Exchange Camp\">\r\n                        <div class=\"sh-overlay-item-container\">\r\n                            <i class=\"icon-link\"><\/i>\r\n                        <\/div>\r\n                    <\/a>\r\n                \r\n                                    <a href=\"https:\/\/fundacionclec.org\/wp-content\/uploads\/2021\/08\/CLEC_Campamento_Online_04a-1024x1024.jpg\" class=\"sh-overlay-item sh-table-cell\" data-rel=\"lightcase\">\r\n                        <div class=\"sh-overlay-item-container\">\r\n                            <i class=\"icon-magnifier-add\"><\/i>\r\n                        <\/div>\r\n                    <\/a>\r\n                            <\/div>\r\n        <\/div>\r\n\r\n    \t\t\t<\/div>\r\n\r\n\t\t\t<div class=\"post-content-container\">\r\n\t\t\t\t<a href=\"https:\/\/fundacionclec.org\/en\/tour-of-chinese-culture-china-latin-american-and-the-caribbean-youth-online-exchange-camp\/\" class=\"post-title\">\r\n\t\t\t\t\t<h2 itemprop=\"headline\">\r\n\t\t\t\t\t\t\t\t\t\t\t\t\u201cTour of Chinese culture\u201d China-Latin American and the Caribbean Youth Online Exchange Camp\t\t\t\t\t<\/h2>\r\n\t\t\t\t<\/a>\r\n\r\n\t\t\t\t<div class=\"post-meta post-meta-one\">\r\n\t\t\t\t\t\r\n        \r\n            <span class=\"post-meta-author\">\r\n                by                                    <a href=\"https:\/\/fundacionclec.org\/en\/author\/crical\/\" class=\"bypostauthor\" itemprop=\"url\" rel=\"author\">\r\n                        CLEC                    <\/a>\r\n                            <\/span>\r\n\r\n        \r\n        \r\n        \r\n    \t\t\t\t<\/div>\r\n\r\n\t\t\t\t<div class=\"post-content\" itemprop=\"text\">\r\n\t\t\t\t\t<p>In order to enhance students&#8217; enthusiasm and interest in Chinese learning in Chinese teaching institutions in Latin America and the Caribbean, and strengthen students&#8217; &nbsp;understanding of Chinese society, culture, life, and other aspects, the CLEC Foundation &#8211; Regional office for Latin America and the Caribbean&#8230;<\/p>\n\t\t\t\t<\/div>\r\n\r\n\t\t\t\t<div class=\"post-meta post-meta-two\">\r\n\t\t\t\t\t\r\n        <div class=\"sh-columns post-meta-comments\">\r\n            <span class=\"post-meta-categories\">\r\n                <i class=\"icon-tag\"><\/i>\r\n                <a href=\"https:\/\/fundacionclec.org\/en\/category\/cap-en\/\" rel=\"category tag\">cap-en<\/a>, <a href=\"https:\/\/fundacionclec.org\/en\/category\/news\/\" rel=\"category tag\">News<\/a>            <\/span>\r\n\r\n                            <div><\/div>\r\n                    <\/div>\r\n\r\n    \t\t\t\t<\/div>\r\n\t\t\t<\/div>\r\n\r\n\t\t<\/div>\r\n\t<\/article>\r\n\r\n\r\n\r\n\t<article id=\"post-30828\" class=\"post-item post-30828 post type-post status-publish format-standard has-post-thumbnail hentry category-cap-en category-news\" itemscope=\"itemscope\" itemtype=\"http:\/\/schema.org\/Article\">\r\n\t\t<div class=\"post-container\">\r\n\t\t\t\r\n\t\t\t<div class=\"post-meta-thumb\">\r\n\t\t\t\t\t\t\t\t\r\n\t\t\t\t\r\n\t\t\t\t\t<div class=\"ratio-container\" style=\"padding-top: 125.03052503053%;\">\r\n\t\t\t\t\t\t<div class=\"ratio-content\">\r\n\t\t\t\t\t\t\t<img class=\"sh-image-url lazy\" data-src=\"https:\/\/fundacionclec.org\/wp-content\/uploads\/2021\/05\/CLEC_Conversatorio-web-819x1024.jpg\" alt=\"\" \/>\r\n\t\t\t\t\t\t<\/div>\r\n\t\t\t\t\t<\/div>\r\n\r\n\t\t\t\t\r\n\t\t\t\t\r\n        <div class=\"sh-overlay-style1\">\r\n            <div class=\"sh-table-full\">\r\n                                    <a href=\"https:\/\/fundacionclec.org\/en\/announcement\/\" class=\"sh-overlay-item sh-table-cell\" title=\"Open the article - Announcement\">\r\n                        <div class=\"sh-overlay-item-container\">\r\n                            <i class=\"icon-link\"><\/i>\r\n                        <\/div>\r\n                    <\/a>\r\n                \r\n                                    <a href=\"https:\/\/fundacionclec.org\/wp-content\/uploads\/2021\/05\/CLEC_Conversatorio-web-819x1024.jpg\" class=\"sh-overlay-item sh-table-cell\" data-rel=\"lightcase\">\r\n                        <div class=\"sh-overlay-item-container\">\r\n                            <i class=\"icon-magnifier-add\"><\/i>\r\n                        <\/div>\r\n                    <\/a>\r\n                            <\/div>\r\n        <\/div>\r\n\r\n    \t\t\t<\/div>\r\n\r\n\t\t\t<div class=\"post-content-container\">\r\n\t\t\t\t<a href=\"https:\/\/fundacionclec.org\/en\/announcement\/\" class=\"post-title\">\r\n\t\t\t\t\t<h2 itemprop=\"headline\">\r\n\t\t\t\t\t\t\t\t\t\t\t\tAnnouncement\t\t\t\t\t<\/h2>\r\n\t\t\t\t<\/a>\r\n\r\n\t\t\t\t<div class=\"post-meta post-meta-one\">\r\n\t\t\t\t\t\r\n        \r\n            <span class=\"post-meta-author\">\r\n                by                                    <a href=\"https:\/\/fundacionclec.org\/en\/author\/crical\/\" class=\"bypostauthor\" itemprop=\"url\" rel=\"author\">\r\n                        CLEC                    <\/a>\r\n                            <\/span>\r\n\r\n        \r\n        \r\n        \r\n    \t\t\t\t<\/div>\r\n\r\n\t\t\t\t<div class=\"post-content\" itemprop=\"text\">\r\n\t\t\t\t\t<p>Panel discussion: Experiences in online teaching of the Chinese language The CLEC Foundation Regional Office for Latin America and the Caribbean invites Chinese language teachers from Latin America and the Caribbean to participate as speakers and participants in the panel discussion: Experiences in online teaching&#8230;<\/p>\n\t\t\t\t<\/div>\r\n\r\n\t\t\t\t<div class=\"post-meta post-meta-two\">\r\n\t\t\t\t\t\r\n        <div class=\"sh-columns post-meta-comments\">\r\n            <span class=\"post-meta-categories\">\r\n                <i class=\"icon-tag\"><\/i>\r\n                <a href=\"https:\/\/fundacionclec.org\/en\/category\/cap-en\/\" rel=\"category tag\">cap-en<\/a>, <a href=\"https:\/\/fundacionclec.org\/en\/category\/news\/\" rel=\"category tag\">News<\/a>            <\/span>\r\n\r\n                            <div><\/div>\r\n                    <\/div>\r\n\r\n    \t\t\t\t<\/div>\r\n\t\t\t<\/div>\r\n\r\n\t\t<\/div>\r\n\t<\/article>\r\n\r\n\r\n\r\n\t<article id=\"post-29630\" class=\"post-item post-29630 post type-post status-publish format-standard has-post-thumbnail hentry category-news category-noticias\" itemscope=\"itemscope\" itemtype=\"http:\/\/schema.org\/Article\">\r\n\t\t<div class=\"post-container\">\r\n\t\t\t\r\n\t\t\t<div class=\"post-meta-thumb\">\r\n\t\t\t\t\t\t\t\t\r\n\t\t\t\t\r\n\t\t\t\t\t<div class=\"ratio-container\" style=\"padding-top: 58.10546875%;\">\r\n\t\t\t\t\t\t<div class=\"ratio-content\">\r\n\t\t\t\t\t\t\t<img class=\"sh-image-url lazy\" data-src=\"https:\/\/fundacionclec.org\/wp-content\/uploads\/2020\/11\/cover-11-nov-1024x595.jpeg\" alt=\"\" \/>\r\n\t\t\t\t\t\t<\/div>\r\n\t\t\t\t\t<\/div>\r\n\r\n\t\t\t\t\r\n\t\t\t\t\r\n        <div class=\"sh-overlay-style1\">\r\n            <div class=\"sh-table-full\">\r\n                                    <a href=\"https:\/\/fundacionclec.org\/en\/la-ensenanza-de-la-fonetica-china-online\/\" class=\"sh-overlay-item sh-table-cell\" title=\"Open the article - Teaching Chinese Phonetics Online\">\r\n                        <div class=\"sh-overlay-item-container\">\r\n                            <i class=\"icon-link\"><\/i>\r\n                        <\/div>\r\n                    <\/a>\r\n                \r\n                                    <a href=\"https:\/\/fundacionclec.org\/wp-content\/uploads\/2020\/11\/cover-11-nov-1024x595.jpeg\" class=\"sh-overlay-item sh-table-cell\" data-rel=\"lightcase\">\r\n                        <div class=\"sh-overlay-item-container\">\r\n                            <i class=\"icon-magnifier-add\"><\/i>\r\n                        <\/div>\r\n                    <\/a>\r\n                            <\/div>\r\n        <\/div>\r\n\r\n    \t\t\t<\/div>\r\n\r\n\t\t\t<div class=\"post-content-container\">\r\n\t\t\t\t<a href=\"https:\/\/fundacionclec.org\/en\/la-ensenanza-de-la-fonetica-china-online\/\" class=\"post-title\">\r\n\t\t\t\t\t<h2 itemprop=\"headline\">\r\n\t\t\t\t\t\t\t\t\t\t\t\tTeaching Chinese Phonetics Online\t\t\t\t\t<\/h2>\r\n\t\t\t\t<\/a>\r\n\r\n\t\t\t\t<div class=\"post-meta post-meta-one\">\r\n\t\t\t\t\t\r\n        \r\n            <span class=\"post-meta-author\">\r\n                by                                    <a href=\"https:\/\/fundacionclec.org\/en\/author\/crical\/\" class=\"bypostauthor\" itemprop=\"url\" rel=\"author\">\r\n                        CLEC                    <\/a>\r\n                            <\/span>\r\n\r\n        \r\n        \r\n        \r\n    \t\t\t\t<\/div>\r\n\r\n\t\t\t\t<div class=\"post-content\" itemprop=\"text\">\r\n\t\t\t\t\thttps:\/\/www.youtube.com\/watch?v=grsQCXqedKg&amp;feature=emb_title\t\t\t\t<\/div>\r\n\r\n\t\t\t\t<div class=\"post-meta post-meta-two\">\r\n\t\t\t\t\t\r\n        <div class=\"sh-columns post-meta-comments\">\r\n            <span class=\"post-meta-categories\">\r\n                <i class=\"icon-tag\"><\/i>\r\n                <a href=\"https:\/\/fundacionclec.org\/en\/category\/news\/\" rel=\"category tag\">News<\/a>, <a href=\"https:\/\/fundacionclec.org\/category\/noticias\/\" rel=\"category tag\">Noticias<\/a>            <\/span>\r\n\r\n                            <div><\/div>\r\n                    <\/div>\r\n\r\n    \t\t\t\t<\/div>\r\n\t\t\t<\/div>\r\n\r\n\t\t<\/div>\r\n\t<\/article>\r\n\r\n\r\n\r\n\t<article id=\"post-28575\" class=\"post-item post-28575 post type-post status-publish format-standard has-post-thumbnail hentry category-news category-noticias-en\" itemscope=\"itemscope\" itemtype=\"http:\/\/schema.org\/Article\">\r\n\t\t<div class=\"post-container\">\r\n\t\t\t\r\n\t\t\t<div class=\"post-meta-thumb\">\r\n\t\t\t\t\t\t\t\t\r\n\t\t\t\t\r\n\t\t\t\t\t<div class=\"ratio-container\" style=\"padding-top: 48.14453125%;\">\r\n\t\t\t\t\t\t<div class=\"ratio-content\">\r\n\t\t\t\t\t\t\t<img class=\"sh-image-url lazy\" data-src=\"https:\/\/fundacionclec.org\/wp-content\/uploads\/2020\/08\/en-1024x493.png\" alt=\"\" \/>\r\n\t\t\t\t\t\t<\/div>\r\n\t\t\t\t\t<\/div>\r\n\r\n\t\t\t\t\r\n\t\t\t\t\r\n        <div class=\"sh-overlay-style1\">\r\n            <div class=\"sh-table-full\">\r\n                                    <a href=\"https:\/\/fundacionclec.org\/en\/convocatoria-primer-concurso-de-talentos\/\" class=\"sh-overlay-item sh-table-cell\" title=\"Open the article - Call for First talent Contest\">\r\n                        <div class=\"sh-overlay-item-container\">\r\n                            <i class=\"icon-link\"><\/i>\r\n                        <\/div>\r\n                    <\/a>\r\n                \r\n                                    <a href=\"https:\/\/fundacionclec.org\/wp-content\/uploads\/2020\/08\/en-1024x493.png\" class=\"sh-overlay-item sh-table-cell\" data-rel=\"lightcase\">\r\n                        <div class=\"sh-overlay-item-container\">\r\n                            <i class=\"icon-magnifier-add\"><\/i>\r\n                        <\/div>\r\n                    <\/a>\r\n                            <\/div>\r\n        <\/div>\r\n\r\n    \t\t\t<\/div>\r\n\r\n\t\t\t<div class=\"post-content-container\">\r\n\t\t\t\t<a href=\"https:\/\/fundacionclec.org\/en\/convocatoria-primer-concurso-de-talentos\/\" class=\"post-title\">\r\n\t\t\t\t\t<h2 itemprop=\"headline\">\r\n\t\t\t\t\t\t\t\t\t\t\t\tCall for First talent Contest\t\t\t\t\t<\/h2>\r\n\t\t\t\t<\/a>\r\n\r\n\t\t\t\t<div class=\"post-meta post-meta-one\">\r\n\t\t\t\t\t\r\n        \r\n            <span class=\"post-meta-author\">\r\n                by                                    <a href=\"https:\/\/fundacionclec.org\/en\/author\/crical\/\" class=\"bypostauthor\" itemprop=\"url\" rel=\"author\">\r\n                        CLEC                    <\/a>\r\n                            <\/span>\r\n\r\n        \r\n        \r\n        \r\n    \t\t\t\t<\/div>\r\n\r\n\t\t\t\t<div class=\"post-content\" itemprop=\"text\">\r\n\t\t\t\t\t<p>&#8220;Confucius Institute Day&#8221; The Regional Center for Confucius Institutes for Latin America organizes the first Talent contest &#8220;Confucius Institute Day&#8221; aimed at Chinese language students in the different Confucius Institutes and Halls in Latin America and the Caribbean. The objective of the competition is to&#8230;<\/p>\n\t\t\t\t<\/div>\r\n\r\n\t\t\t\t<div class=\"post-meta post-meta-two\">\r\n\t\t\t\t\t\r\n        <div class=\"sh-columns post-meta-comments\">\r\n            <span class=\"post-meta-categories\">\r\n                <i class=\"icon-tag\"><\/i>\r\n                <a href=\"https:\/\/fundacionclec.org\/en\/category\/news\/\" rel=\"category tag\">News<\/a>, <a href=\"https:\/\/fundacionclec.org\/en\/category\/noticias-en\/\" rel=\"category tag\">Noticias<\/a>            <\/span>\r\n\r\n                            <div><\/div>\r\n                    <\/div>\r\n\r\n    \t\t\t\t<\/div>\r\n\t\t\t<\/div>\r\n\r\n\t\t<\/div>\r\n\t<\/article>\r\n\r\n\r\n\t<\/div>\r\n\r\n\t\t\t\t<\/div>\r\n            <style type=\"text\/css\">\r\n                #recent-posts-K6ievbWuhP article.post-item .post-meta-categories,#recent-posts-K6ievbWuhP article.post-item .post-meta-categories > * {}#recent-posts-K6ievbWuhP article.post-item .post-readmore > div:first-child {}             <\/style>\r\n        [\/vc_column][\/vc_row]<\/p>\n<\/div>","protected":false},"excerpt":{"rendered":"<p>&#8220;Confucius Institute Day&#8221; The Regional Center for Confucius Institutes for Latin America organizes the first Talent contest &#8220;Confucius Institute Day&#8221; aimed at Chinese language students in the different Confucius Institutes and Halls in Latin America and the Caribbean. The objective of the competition is to&#8230;<\/p>\n","protected":false},"author":1,"featured_media":0,"parent":0,"menu_order":0,"comment_status":"closed","ping_status":"closed","template":"","meta":{"inline_featured_image":false,"_exactmetrics_skip_tracking":false,"_exactmetrics_sitenote_active":false,"_exactmetrics_sitenote_note":"","_exactmetrics_sitenote_category":0,"footnotes":""},"class_list":["post-35331","page","type-page","status-publish","hentry"],"amp_enabled":true,"_links":{"self":[{"href":"https:\/\/fundacionclec.org\/en\/wp-json\/wp\/v2\/pages\/35331","targetHints":{"allow":["GET"]}}],"collection":[{"href":"https:\/\/fundacionclec.org\/en\/wp-json\/wp\/v2\/pages"}],"about":[{"href":"https:\/\/fundacionclec.org\/en\/wp-json\/wp\/v2\/types\/page"}],"author":[{"embeddable":true,"href":"https:\/\/fundacionclec.org\/en\/wp-json\/wp\/v2\/users\/1"}],"replies":[{"embeddable":true,"href":"https:\/\/fundacionclec.org\/en\/wp-json\/wp\/v2\/comments?post=35331"}],"version-history":[{"count":6,"href":"https:\/\/fundacionclec.org\/en\/wp-json\/wp\/v2\/pages\/35331\/revisions"}],"predecessor-version":[{"id":35605,"href":"https:\/\/fundacionclec.org\/en\/wp-json\/wp\/v2\/pages\/35331\/revisions\/35605"}],"wp:attachment":[{"href":"https:\/\/fundacionclec.org\/en\/wp-json\/wp\/v2\/media?parent=35331"}],"curies":[{"name":"wp","href":"https:\/\/api.w.org\/{rel}","templated":true}]}}